{"id":66,"date":"2018-11-17T04:23:35","date_gmt":"2018-11-17T03:23:35","guid":{"rendered":"http:\/\/cieh-chre.org\/porajmosinserbia\/?p=66"},"modified":"2021-07-19T02:15:17","modified_gmt":"2021-07-19T00:15:17","slug":"orlovo-naselje","status":"publish","type":"page","link":"http:\/\/cieh-chre.org\/porajmosinserbia\/orlovo-naselje\/","title":{"rendered":"Orlovsko naselje"},"content":{"rendered":"<div id=\"pl-66\"  class=\"panel-layout\" ><div id=\"pg-66-0\"  class=\"panel-grid panel-no-style\" ><div id=\"pgc-66-0-0\"  class=\"panel-grid-cell\" ><div id=\"panel-66-0-0-0\" class=\"so-panel widget widget_sow-editor panel-first-child\" data-index=\"0\" ><div class=\"so-widget-sow-editor so-widget-sow-editor-base\"><h3 class=\"widget-title\"> The Deki\u0107 family<\/h3>\n<div class=\"siteorigin-widget-tinymce textwidget\">\n\t<hr \/>\n<p><span style=\"color: #003366;\"><strong>In 1986, two brothers, Milorad and Pavle Deki\u0107, have given their testimony on the persecution of their family, attempted escape, their arrest\u00a0<\/strong><\/span><strong>and<\/strong><span style=\"color: #003366;\"> <strong>detention in the camp at Sajm\u0161te, which is kept in the Historical Archive of Belgrade. Their testimony is one of the most complete descriptions of the conditions in the camp and the struggle for survival of Roma detainees. In their testimony, they have mentioned persons well known to history, among others the volunteer nurse Hilda Daj\u010d, as well as the events of the large-scale police operation rounding-up the Roma hostages. <\/strong><\/span><\/p>\n<p><span style=\"color: #003366;\">Milorad Deki\u0107 was living with his family in Mirijevo. At the time, it was a village several kilometers from Belgrade, and today, it is one of its suburban neighborhoods.\u00a0When the anti-Jewish and Roma laws were introduced, Milorad was fourteen. <\/span><\/p>\n<p><span style=\"color: #003366;\">In October 1941, gendarmes have blocked Mirijevo intending to take the Roma to the camps. With a group of about 50, Milorad had managed to evade capture. They have wandered for several days, trying to hide. From Mirijevo, the group had moved on to Le\u0161tane, but the local authorities did not receive them well. They kept on running toward the village Dra\u017eanj near Grocka, finding shelter with fellow Roma friends. But, a few days later, the head of the municipality had ordered them back to Belgrade. The village guards have surrounded the houses with the refugees. Even Milorad's father WWI Solun front medals on his chest were to no avail. Not even a wartime friend was able to persuade the head of the municipality into making an exception.<\/span><\/p>\n<p><span style=\"color: #003366;\">The guards have marched the Roma on, to Begaljica and Grocka, where they were boarded on a vessel together with other captured Roma. When the transport had reached Belgrade, it docked at the pontoon bridge (just opposite Sajmi\u0161te camp). The grown-up men were taken to Banjica (or Topovske \u0161upe) camp, while women, children and the elderly were interned to the camp at Sajmi\u0161te. Many relatives had similar experiences. Many have died in the camp or had succumbed to the consequences of hunger and torture. Still, most Roma and the Deki\u0107 brothers had survived the war after being released from Sajmi\u0161te. \u00a0\u00a0<\/span><\/p>\n<blockquote>\n<p><span style=\"color: #003366;\">\"After five or six days, they blocked Mirijevo. The police, the gendarmerie came, they blocked the area and captured those who remained, men between 14 and 60 years, whoever was able to move, while the women and small children under 12-13 years remained at home. They picked up the men and took them away. When the women asked them where they were taking them, they replied that they were taking them for logging. There were no further answers, nor could anyone explain why they were driven away, we still don\u2019t know it today. When this storm passed, none of them came back, there was misery and crying in every home, in every family.\u201d<\/span><\/p>\n<p><span style=\"color: #003366;\">They put us in an empty hangar that resembled a shed, you could see the sky as you looked up, everything was smashed up. There were four or five bunk levels, I can\u2019t remember, I just remember that we were on the third level. Wooden planks in a circle and nothing more. Next to us were the Jews in a large pavilion, but it was all open. There was neither a furnace nor a stove. The hangar was filled only with Roma... I think around 700 to 800 of them, with children and women. There were only those from around Belgrade, from \u017darkovo, Mirijevo, Resnik and Vi\u0161njica, as far as I remember (...) Some came 10 to 20 days before, we spent almost a month on the run (...). They brought food to our pavilion and distributed it. If you happened to be out and could not make it back, they would beat you on the head with a stick, they would hit you, smash your head, you would be bleeding and there were no doctors, nothing ... During the day, we searched the garbage for potato peel (...) After this there we had typhus, lice, 10 to 15 people died every night...\"<\/span><\/p>\n<\/blockquote>\n<p><span style=\"color: #003366;\">Milorad got a job in the municipal transport company of Belgrade in 1947. Later, he also worked for \"Radio industry\". He moved to Austria in 1965. At the time of the testimony, he was retired.<\/span><\/p>\n<hr \/>\n<\/div>\n<\/div><\/div><div id=\"panel-66-0-0-1\" class=\"so-panel widget widget_master-slider-main-widget master-slider-main-widget\" data-index=\"1\" ><h3 class=\"widget-title\">Orlovsko naselje<\/h3>\n\t\t<!-- MasterSlider -->\n\t\t<div id=\"P_MS69f28c7e3b53d\" class=\"master-slider-parent ms-parent-id-2\" style=\"\" >\n\n\t\t\t\n\t\t\t<!-- MasterSlider Main -->\n\t\t\t<div id=\"MS69f28c7e3b53d\" class=\"master-slider ms-skin-light-6 round-skin\" >\n\t\t\t\t \t\t\t\t \n\t\t\t<div  class=\"ms-slide\" data-delay=\"3\" data-fill-mode=\"stretch\"   >\n\t\t\t\t\t<img src=\"http:\/\/cieh-chre.org\/porajmosinserbia\/wp-content\/plugins\/masterslider\/public\/assets\/css\/blank.gif\" alt=\"{{title}}\" title=\"{{title}}\" data-src=\"{{image}}\" \/>\n\n\n\t\t\t\t<\/div>\n\n\t\t\t<\/div>\n\t\t\t<!-- END MasterSlider Main -->\n\n\t\t\t \n\t\t<\/div>\n\t\t<!-- END MasterSlider -->\n\n\t\t<script>\n\t\t( window.MSReady = window.MSReady || [] ).push( function( $ ) {\n\n\t\t\t\"use strict\";\n\t\t\tvar masterslider_b53d = new MasterSlider();\n\n\t\t\t\/\/ slider controls\n\t\t\tmasterslider_b53d.control('arrows'     ,{ autohide:true, overVideo:true  });\n\t\t\tmasterslider_b53d.control('bullets'    ,{ autohide:true, overVideo:false, dir:'h', align:'bottom', space:6 , margin:10  });\n\t\t\t\/\/ slider setup\n\t\t\tmasterslider_b53d.setup(\"MS69f28c7e3b53d\", {\n\t\t\t\twidth           : 1000,\n\t\t\t\theight          : 500,\n\t\t\t\tminHeight       : 0,\n\t\t\t\tspace           : 0,\n\t\t\t\tstart           : 1,\n\t\t\t\tgrabCursor      : true,\n\t\t\t\tswipe           : true,\n\t\t\t\tmouse           : true,\n\t\t\t\tkeyboard        : false,\n\t\t\t\tlayout          : \"fillwidth\",\n\t\t\t\twheel           : true,\n\t\t\t\tautoplay        : false,\n                instantStartLayers:false,\n\t\t\t\tmobileBGVideo:false,\n\t\t\t\tloop            : false,\n\t\t\t\tshuffle         : false,\n\t\t\t\tpreload         : 2,\n\t\t\t\theightLimit     : true,\n\t\t\t\tautoHeight      : true,\n\t\t\t\tsmoothHeight    : true,\n\t\t\t\tendPause        : false,\n\t\t\t\toverPause       : true,\n\t\t\t\tfillMode        : \"fill\",\n\t\t\t\tcenterControls  : true,\n\t\t\t\tstartOnAppear   : false,\n\t\t\t\tlayersMode      : \"center\",\n\t\t\t\tautofillTarget  : \"\",\n\t\t\t\thideLayers      : false,\n\t\t\t\tfullscreenMargin: 0,\n\t\t\t\tspeed           : 20,\n\t\t\t\tdir             : \"h\",\n\t\t\t\tresponsive      : true,\n\t\t\t\ttabletWidth     : 768,\n\t\t\t\ttabletHeight    : null,\n\t\t\t\tphoneWidth      : 480,\n\t\t\t\tphoneHeight    : null,\n\t\t\t\tsizingReference : window,\n\t\t\t\tparallaxMode    : 'swipe',\n\t\t\t\tview            : \"fadeBasic\"\n\t\t\t});\n\n\t\t\tnew MSFlickrV2( masterslider_b53d, { key:'19cfd3af8f57960bb103fa21294e1c40', id:'72157698350187250', count:10, thumbSize:'s',imgSize:'b', type:'photoset' });\n\t\t\twindow.masterslider_instances = window.masterslider_instances || [];\n\t\t\twindow.masterslider_instances.push( masterslider_b53d );\n\t\t});\n\t\t<\/script>\n\n<\/div><div id=\"panel-66-0-0-2\" class=\"so-panel widget widget_sow-editor\" data-index=\"2\" ><div class=\"so-widget-sow-editor so-widget-sow-editor-base\">\n<div class=\"siteorigin-widget-tinymce textwidget\">\n\t<hr \/>\n<p><span style=\"color: #003366;\">Established in 1815, <\/span>Orlovsko naselje<span style=\"color: #003366;\"> (Eagles' settlement) is one of the first planned settlements of Roma, the breeders and traders of horses, who were given the plots of land for houses and stables, as well as the fields for grazing and agriculture. Aside from horses, the Roma were traditionally wine-growers, and also had grown orchards. Blacksmiths, coachmen, Teamsters have all followed the horse trade. Women from the poorer families frequently worked as housemaids and cooks for the wealthier Belgrade families, and they were weavers as well. The traditional way of life was abruptly cut ended with WWII, de-legitimization, looting of their land and other property which had followed the brief, but brutal period of genocide. After the war, the Roma community had embarked on the renewal of life in <\/span>Orlovsko naselje<span style=\"color: #003366;\"> slowly and with great difficulties. Their land was not restituted, so the breeding of horses and agriculture were no longer possible. The Roma had to work as sharecroppers on their neighbors' fields, and later still, had to adapt to the conditions of life in the city which had grown to the edge of their settlement. Today, after the privatization of the property and the land, <\/span>Orlovsko naselje<span style=\"color: #003366;\"> and its 1000 inhabitants are surrounded by the newly-built buildings, and are frequently considered \"an illegal, informal settlement\".<\/span><\/p>\n<hr \/>\n<\/div>\n<\/div><\/div><div id=\"panel-66-0-0-3\" class=\"so-panel widget widget_sow-editor\" data-index=\"3\" ><div class=\"so-widget-sow-editor so-widget-sow-editor-base\"><h3 class=\"widget-title\">Tanasije Mirijevski - Deki\u0107<\/h3>\n<div class=\"siteorigin-widget-tinymce textwidget\">\n\t<hr \/>\n<p><span style=\"color: #003366;\">In conversation with us, Tanasije Mirijevski, nephew of Milorad Deki\u0107, author and chronicler of <\/span>Orlovsko<span style=\"color: #003366;\">\u00a0<\/span>naselje<span style=\"color: #003366;\"> and Mirijevo, is speaking on the persecution his family and Roma of <\/span>Orlovsko naselje<span style=\"color: #003366;\">\u00a0had endured, on the sacrifices and struggle for survival, and also of the friendships with the Belgrade's Jews through the living memory of his family borne across\u00a0generations.\u00a0<\/span><\/p>\n<style type=\"text\/css\">\r\n\t#foogallery-gallery-548 .fg-image {\r\n        width: 530px;\r\n    }\r\n<\/style>\r\n\t\t\t\t<div class=\"foogallery foogallery-container foogallery-default foogallery-lightbox-foobox fg-gutter-20 fg-center fg-default fg-light fg-border-thin fg-shadow-outline fg-loading-partial fg-loaded-fade-in fg-caption-hover fg-hover-fade fg-hover-zoom2 fg-ready\" id=\"foogallery-gallery-548\" data-foogallery=\"{&quot;item&quot;:{&quot;showCaptionTitle&quot;:true,&quot;showCaptionDescription&quot;:true},&quot;lazy&quot;:true}\" >\r\n\t<div class=\"fg-item fg-type-image fg-idle\"><figure class=\"fg-item-inner\"><a href=\"http:\/\/cieh-chre.org\/porajmosinserbia\/wp-content\/uploads\/sites\/7\/2018\/12\/Tanasije-Mirjevski2.jpg\" data-caption-title=\"Tanasije Mirijevski, sestri\u0107 Milorada Deki\u0107a, Orlovsko naselje, Mirijevo, Beograd.\" data-attachment-id=\"547\" class=\"fg-thumb\"><span class=\"fg-image-wrap\"><img title=\"Tanasije Mirijevski, sestri\u0107 Milorada Deki\u0107a, Orlovsko naselje, Mirijevo, Beograd.\" width=\"530\" height=\"280\" class=\"skip-lazy fg-image\" data-src-fg=\"http:\/\/cieh-chre.org\/porajmosinserbia\/wp-content\/uploads\/sites\/7\/cache\/2018\/12\/Tanasije-Mirjevski2\/2727512896.jpg\" data-srcset-fg=\"http:\/\/cieh-chre.org\/porajmosinserbia\/wp-content\/uploads\/sites\/7\/cache\/2018\/12\/Tanasije-Mirjevski2\/2692203251.jpg 2x\" src=\"data:image\/svg+xml,%3Csvg%20xmlns%3D%22http%3A%2F%2Fwww.w3.org%2F2000%2Fsvg%22%20width%3D%22530%22%20height%3D%22280%22%20viewBox%3D%220%200%20530%20280%22%3E%3C%2Fsvg%3E\"><\/span><span class=\"fg-image-overlay\"><\/span><\/a><figcaption class=\"fg-caption\"><div class=\"fg-caption-inner\"><div class=\"fg-caption-title\">Tanasije Mirijevski, sestri\u0107 Milorada Deki\u0107a, Orlovsko naselje, Mirijevo, Beograd.<\/div><\/div><\/figcaption><\/figure><div class=\"fg-loader\"><\/div><\/div><div class=\"fg-item fg-type-image fg-idle\"><figure class=\"fg-item-inner\"><a href=\"http:\/\/cieh-chre.org\/porajmosinserbia\/wp-content\/uploads\/sites\/7\/2018\/12\/MG_5135bw.jpg\" data-caption-title=\"Tanasije Mirijevski, sestri\u0107 Milorada Deki\u0107a, Orlovsko naselje, Mirijevo, Beograd.\" data-attachment-id=\"546\" class=\"fg-thumb\"><span class=\"fg-image-wrap\"><img title=\"Tanasije Mirijevski, sestri\u0107 Milorada Deki\u0107a, Orlovsko naselje, Mirijevo, Beograd.\" width=\"530\" height=\"280\" class=\"skip-lazy fg-image\" data-src-fg=\"http:\/\/cieh-chre.org\/porajmosinserbia\/wp-content\/uploads\/sites\/7\/cache\/2018\/12\/MG_5135bw\/3062988863.jpg\" data-srcset-fg=\"http:\/\/cieh-chre.org\/porajmosinserbia\/wp-content\/uploads\/sites\/7\/cache\/2018\/12\/MG_5135bw\/950009906.jpg 2x\" src=\"data:image\/svg+xml,%3Csvg%20xmlns%3D%22http%3A%2F%2Fwww.w3.org%2F2000%2Fsvg%22%20width%3D%22530%22%20height%3D%22280%22%20viewBox%3D%220%200%20530%20280%22%3E%3C%2Fsvg%3E\"><\/span><span class=\"fg-image-overlay\"><\/span><\/a><figcaption class=\"fg-caption\"><div class=\"fg-caption-inner\"><div class=\"fg-caption-title\">Tanasije Mirijevski, sestri\u0107 Milorada Deki\u0107a, Orlovsko naselje, Mirijevo, Beograd.<\/div><\/div><\/figcaption><\/figure><div class=\"fg-loader\"><\/div><\/div><\/div>\r\n\n<p>\u00a0<\/p>\n<\/div>\n<\/div><\/div><div id=\"panel-66-0-0-4\" class=\"so-panel widget widget_sow-editor\" data-index=\"4\" ><div class=\"so-widget-sow-editor so-widget-sow-editor-base\">\n<div class=\"siteorigin-widget-tinymce textwidget\">\n\t<p><iframe width=\"1470\" height=\"155\" scrolling=\"no\" frameborder=\"no\" src=\"https:\/\/w.soundcloud.com\/player\/?visual=true&url=https%3A%2F%2Fapi.soundcloud.com%2Ftracks%2F538688025&show_artwork=true&maxwidth=1470&maxheight=155\"><\/iframe><\/p>\n<\/div>\n<\/div><\/div><div id=\"panel-66-0-0-5\" class=\"so-panel widget widget_sow-editor\" data-index=\"5\" ><div class=\"so-widget-sow-editor so-widget-sow-editor-base\"><h3 class=\"widget-title\">Map of the Deki\u0107 family escape attempt<\/h3>\n<div class=\"siteorigin-widget-tinymce textwidget\">\n\t<hr \/>\n        <div \n            id=\"leaflet-map-1\" \n            class=\"leaflet-map\" \n            style=\"height:450px; width:100%;\"><\/div>\n        <script>\n        window.WPLeafletMapPlugin = window.WPLeafletMapPlugin || [];\n        window.WPLeafletMapPlugin.push(function () {\n            var baseUrl = 'https:\/\/{s}.tile.openstreetmap.org\/{z}\/{x}\/{y}.png',\n                base = (!baseUrl && window.MQ) ? \n                    MQ.mapLayer() : L.tileLayer(baseUrl, { \n                        subdomains: 'abc'\n                    }),\n                options = L.Util.extend({}, {\n                    maxZoom: 20,\n                    minZoom: 0,\n                    layers: [base],\n                    zoomControl: 1,\n                    scrollWheelZoom: 1,\n                    doubleClickZoom: 1,\n                    attributionControl: false\n                }, {}),\n                map = L.map('leaflet-map-1', options)\n                    .setView([44.7995,20.5361],10);\n            if (1) {\n                map.fit_markers = true;\n            }\n                            var attControl = L.control.attribution({prefix:false}).addTo(map);\n                                    attControl.addAttribution('<a href=\"http:\/\/leafletjs.com\" title=\"A JS library for interactive maps\">Leaflet<\/a>');\n                                    attControl.addAttribution('\\r\\n\u00a9 <a href=\"http:\/\/www.openstreetmap.org\/copyright\">OpenStreetMap<\/a> contributors');\n                            window.WPLeafletMapPlugin.maps.push(map);\n        }); \/\/ end add\n        <\/script>\n        <script>\n        window.WPLeafletMapPlugin = window.WPLeafletMapPlugin || [];\n        window.WPLeafletMapPlugin.push(function () {\n            var marker_options = (function () {\n                    var _options = {};\n                    var iconArrays = [\n                        'iconSize', \n                        'iconAnchor', \n                        'shadowSize', \n                        'shadowAnchor',\n                        'popupAnchor'\n                    ];\n                    var default_icon = L.Icon.Default.prototype.options;\n                    if (_options.iconUrl) {\n                        \/\/ arrays are strings, unfortunately...\n                        for (var i = 0, len = iconArrays.length; i < len; i++) {\n                            var option_name = iconArrays[i],\n                                option = _options[ option_name ];\n                            \/\/ convert \"1,2\" to [1, 2];\n                            if (option) {\n                                _options[ option_name ] = option.join('').split(',');\n                            }\n                        }\n                        \/\/ default popupAnchor\n                        if (!_options.popupAnchor) {\n                            \/\/ set (roughly) to size of icon\n                            _options.popupAnchor = (function (i_size) {\n                                \/\/ copy array\n                                i_size = i_size.slice();\n                                \n                                \/\/ inverse coordinates\n                                i_size[0] = 0;\n                                i_size[1] *= -1;\n                                \/\/ bottom position on popup is 7px\n                                i_size[1] -= 3;\n                                return i_size;\n                            })(_options.iconSize || default_icon.iconSize);\n                        }\n\n                        _options.icon = new L.Icon( _options );\n                    }\n                    return _options;\n                })(),\n                draggable = marker_options.draggable,\n                marker = L.marker(\n                    [44.7992,20.5359], \n                    marker_options\n                ),\n                map = window.WPLeafletMapPlugin.getCurrentMap(),\n                is_image = map.is_image_map,\n                markergroup = window.WPLeafletMapPlugin.getCurrentMarkerGroup();\n                        if (draggable) {\n                marker.on('dragend', function () {\n                    var latlng = this.getLatLng(),\n                        lat = latlng.lat,\n                        lng = latlng.lng;\n                    if (is_image) {\n                        console.log('leaflet-marker y=' + lat + ' x=' + lng);\n                    } else {\n                        console.log('leaflet-marker lat=' + lat + ' lng=' + lng);\n                    }\n                });\n            }\n\n            marker.addTo( markergroup );\n            marker.bindPopup(window.WPLeafletMapPlugin.unescape('&lt;br \/&gt;Orlovsko naselje, Deki\u0107 family is evading the incoming police raid.'));            window.WPLeafletMapPlugin.markers.push( marker );\n        }); \/\/ end add function\n        <\/script>\n        \n        <script>\n        window.WPLeafletMapPlugin = window.WPLeafletMapPlugin || [];\n        window.WPLeafletMapPlugin.push(function () {\n            var marker_options = (function () {\n                    var _options = {};\n                    var iconArrays = [\n                        'iconSize', \n                        'iconAnchor', \n                        'shadowSize', \n                        'shadowAnchor',\n                        'popupAnchor'\n                    ];\n                    var default_icon = L.Icon.Default.prototype.options;\n                    if (_options.iconUrl) {\n                        \/\/ arrays are strings, unfortunately...\n                        for (var i = 0, len = iconArrays.length; i < len; i++) {\n                            var option_name = iconArrays[i],\n                                option = _options[ option_name ];\n                            \/\/ convert \"1,2\" to [1, 2];\n                            if (option) {\n                                _options[ option_name ] = option.join('').split(',');\n                            }\n                        }\n                        \/\/ default popupAnchor\n                        if (!_options.popupAnchor) {\n                            \/\/ set (roughly) to size of icon\n                            _options.popupAnchor = (function (i_size) {\n                                \/\/ copy array\n                                i_size = i_size.slice();\n                                \n                                \/\/ inverse coordinates\n                                i_size[0] = 0;\n                                i_size[1] *= -1;\n                                \/\/ bottom position on popup is 7px\n                                i_size[1] -= 3;\n                                return i_size;\n                            })(_options.iconSize || default_icon.iconSize);\n                        }\n\n                        _options.icon = new L.Icon( _options );\n                    }\n                    return _options;\n                })(),\n                draggable = marker_options.draggable,\n                marker = L.marker(\n                    [44.7934,20.5363], \n                    marker_options\n                ),\n                map = window.WPLeafletMapPlugin.getCurrentMap(),\n                is_image = map.is_image_map,\n                markergroup = window.WPLeafletMapPlugin.getCurrentMarkerGroup();\n                        if (draggable) {\n                marker.on('dragend', function () {\n                    var latlng = this.getLatLng(),\n                        lat = latlng.lat,\n                        lng = latlng.lng;\n                    if (is_image) {\n                        console.log('leaflet-marker y=' + lat + ' x=' + lng);\n                    } else {\n                        console.log('leaflet-marker lat=' + lat + ' lng=' + lng);\n                    }\n                });\n            }\n\n            marker.addTo( markergroup );\n            marker.bindPopup(window.WPLeafletMapPlugin.unescape('&lt;br \/&gt;Mirijevo,\u00a0the settlement Deki\u0107 family passes through making their escape.'));            window.WPLeafletMapPlugin.markers.push( marker );\n        }); \/\/ end add function\n        <\/script>\n        \n        <script>\n        window.WPLeafletMapPlugin = window.WPLeafletMapPlugin || [];\n        window.WPLeafletMapPlugin.push(function () {\n            var marker_options = (function () {\n                    var _options = {};\n                    var iconArrays = [\n                        'iconSize', \n                        'iconAnchor', \n                        'shadowSize', \n                        'shadowAnchor',\n                        'popupAnchor'\n                    ];\n                    var default_icon = L.Icon.Default.prototype.options;\n                    if (_options.iconUrl) {\n                        \/\/ arrays are strings, unfortunately...\n                        for (var i = 0, len = iconArrays.length; i < len; i++) {\n                            var option_name = iconArrays[i],\n                                option = _options[ option_name ];\n                            \/\/ convert \"1,2\" to [1, 2];\n                            if (option) {\n                                _options[ option_name ] = option.join('').split(',');\n                            }\n                        }\n                        \/\/ default popupAnchor\n                        if (!_options.popupAnchor) {\n                            \/\/ set (roughly) to size of icon\n                            _options.popupAnchor = (function (i_size) {\n                                \/\/ copy array\n                                i_size = i_size.slice();\n                                \n                                \/\/ inverse coordinates\n                                i_size[0] = 0;\n                                i_size[1] *= -1;\n                                \/\/ bottom position on popup is 7px\n                                i_size[1] -= 3;\n                                return i_size;\n                            })(_options.iconSize || default_icon.iconSize);\n                        }\n\n                        _options.icon = new L.Icon( _options );\n                    }\n                    return _options;\n                })(),\n                draggable = marker_options.draggable,\n                marker = L.marker(\n                    [44.7337,20.5789], \n                    marker_options\n                ),\n                map = window.WPLeafletMapPlugin.getCurrentMap(),\n                is_image = map.is_image_map,\n                markergroup = window.WPLeafletMapPlugin.getCurrentMarkerGroup();\n                        if (draggable) {\n                marker.on('dragend', function () {\n                    var latlng = this.getLatLng(),\n                        lat = latlng.lat,\n                        lng = latlng.lng;\n                    if (is_image) {\n                        console.log('leaflet-marker y=' + lat + ' x=' + lng);\n                    } else {\n                        console.log('leaflet-marker lat=' + lat + ' lng=' + lng);\n                    }\n                });\n            }\n\n            marker.addTo( markergroup );\n            marker.bindPopup(window.WPLeafletMapPlugin.unescape('&lt;br \/&gt;Le\u0161tane, settlement passed through by the escaping Deki\u0107 family. '));            window.WPLeafletMapPlugin.markers.push( marker );\n        }); \/\/ end add function\n        <\/script>\n        \n        <script>\n        window.WPLeafletMapPlugin = window.WPLeafletMapPlugin || [];\n        window.WPLeafletMapPlugin.push(function () {\n            var marker_options = (function () {\n                    var _options = {};\n                    var iconArrays = [\n                        'iconSize', \n                        'iconAnchor', \n                        'shadowSize', \n                        'shadowAnchor',\n                        'popupAnchor'\n                    ];\n                    var default_icon = L.Icon.Default.prototype.options;\n                    if (_options.iconUrl) {\n                        \/\/ arrays are strings, unfortunately...\n                        for (var i = 0, len = iconArrays.length; i < len; i++) {\n                            var option_name = iconArrays[i],\n                                option = _options[ option_name ];\n                            \/\/ convert \"1,2\" to [1, 2];\n                            if (option) {\n                                _options[ option_name ] = option.join('').split(',');\n                            }\n                        }\n                        \/\/ default popupAnchor\n                        if (!_options.popupAnchor) {\n                            \/\/ set (roughly) to size of icon\n                            _options.popupAnchor = (function (i_size) {\n                                \/\/ copy array\n                                i_size = i_size.slice();\n                                \n                                \/\/ inverse coordinates\n                                i_size[0] = 0;\n                                i_size[1] *= -1;\n                                \/\/ bottom position on popup is 7px\n                                i_size[1] -= 3;\n                                return i_size;\n                            })(_options.iconSize || default_icon.iconSize);\n                        }\n\n                        _options.icon = new L.Icon( _options );\n                    }\n                    return _options;\n                })(),\n                draggable = marker_options.draggable,\n                marker = L.marker(\n                    [44.5876,20.7008], \n                    marker_options\n                ),\n                map = window.WPLeafletMapPlugin.getCurrentMap(),\n                is_image = map.is_image_map,\n                markergroup = window.WPLeafletMapPlugin.getCurrentMarkerGroup();\n                        if (draggable) {\n                marker.on('dragend', function () {\n                    var latlng = this.getLatLng(),\n                        lat = latlng.lat,\n                        lng = latlng.lng;\n                    if (is_image) {\n                        console.log('leaflet-marker y=' + lat + ' x=' + lng);\n                    } else {\n                        console.log('leaflet-marker lat=' + lat + ' lng=' + lng);\n                    }\n                });\n            }\n\n            marker.addTo( markergroup );\n            marker.bindPopup(window.WPLeafletMapPlugin.unescape('&lt;br \/&gt;Dra\u017eanj, the site of the capture of Deki\u0107 family. '));            window.WPLeafletMapPlugin.markers.push( marker );\n        }); \/\/ end add function\n        <\/script>\n        \n        <script>\n        window.WPLeafletMapPlugin = window.WPLeafletMapPlugin || [];\n        window.WPLeafletMapPlugin.push(function () {\n            var marker_options = (function () {\n                    var _options = {};\n                    var iconArrays = [\n                        'iconSize', \n                        'iconAnchor', \n                        'shadowSize', \n                        'shadowAnchor',\n                        'popupAnchor'\n                    ];\n                    var default_icon = L.Icon.Default.prototype.options;\n                    if (_options.iconUrl) {\n                        \/\/ arrays are strings, unfortunately...\n                        for (var i = 0, len = iconArrays.length; i < len; i++) {\n                            var option_name = iconArrays[i],\n                                option = _options[ option_name ];\n                            \/\/ convert \"1,2\" to [1, 2];\n                            if (option) {\n                                _options[ option_name ] = option.join('').split(',');\n                            }\n                        }\n                        \/\/ default popupAnchor\n                        if (!_options.popupAnchor) {\n                            \/\/ set (roughly) to size of icon\n                            _options.popupAnchor = (function (i_size) {\n                                \/\/ copy array\n                                i_size = i_size.slice();\n                                \n                                \/\/ inverse coordinates\n                                i_size[0] = 0;\n                                i_size[1] *= -1;\n                                \/\/ bottom position on popup is 7px\n                                i_size[1] -= 3;\n                                return i_size;\n                            })(_options.iconSize || default_icon.iconSize);\n                        }\n\n                        _options.icon = new L.Icon( _options );\n                    }\n                    return _options;\n                })(),\n                draggable = marker_options.draggable,\n                marker = L.marker(\n                    [44.6337,20.7039], \n                    marker_options\n                ),\n                map = window.WPLeafletMapPlugin.getCurrentMap(),\n                is_image = map.is_image_map,\n                markergroup = window.WPLeafletMapPlugin.getCurrentMarkerGroup();\n                        if (draggable) {\n                marker.on('dragend', function () {\n                    var latlng = this.getLatLng(),\n                        lat = latlng.lat,\n                        lng = latlng.lng;\n                    if (is_image) {\n                        console.log('leaflet-marker y=' + lat + ' x=' + lng);\n                    } else {\n                        console.log('leaflet-marker lat=' + lat + ' lng=' + lng);\n                    }\n                });\n            }\n\n            marker.addTo( markergroup );\n            marker.bindPopup(window.WPLeafletMapPlugin.unescape('&lt;br \/&gt;Begaljica,\u00a0the village through which the Deki\u0107 family was marched through on their way to Grocka.'));            window.WPLeafletMapPlugin.markers.push( marker );\n        }); \/\/ end add function\n        <\/script>\n        \n        <script>\n        window.WPLeafletMapPlugin = window.WPLeafletMapPlugin || [];\n        window.WPLeafletMapPlugin.push(function () {\n            var marker_options = (function () {\n                    var _options = {};\n                    var iconArrays = [\n                        'iconSize', \n                        'iconAnchor', \n                        'shadowSize', \n                        'shadowAnchor',\n                        'popupAnchor'\n                    ];\n                    var default_icon = L.Icon.Default.prototype.options;\n                    if (_options.iconUrl) {\n                        \/\/ arrays are strings, unfortunately...\n                        for (var i = 0, len = iconArrays.length; i < len; i++) {\n                            var option_name = iconArrays[i],\n                                option = _options[ option_name ];\n                            \/\/ convert \"1,2\" to [1, 2];\n                            if (option) {\n                                _options[ option_name ] = option.join('').split(',');\n                            }\n                        }\n                        \/\/ default popupAnchor\n                        if (!_options.popupAnchor) {\n                            \/\/ set (roughly) to size of icon\n                            _options.popupAnchor = (function (i_size) {\n                                \/\/ copy array\n                                i_size = i_size.slice();\n                                \n                                \/\/ inverse coordinates\n                                i_size[0] = 0;\n                                i_size[1] *= -1;\n                                \/\/ bottom position on popup is 7px\n                                i_size[1] -= 3;\n                                return i_size;\n                            })(_options.iconSize || default_icon.iconSize);\n                        }\n\n                        _options.icon = new L.Icon( _options );\n                    }\n                    return _options;\n                })(),\n                draggable = marker_options.draggable,\n                marker = L.marker(\n                    [44.6728,20.7301], \n                    marker_options\n                ),\n                map = window.WPLeafletMapPlugin.getCurrentMap(),\n                is_image = map.is_image_map,\n                markergroup = window.WPLeafletMapPlugin.getCurrentMarkerGroup();\n                        if (draggable) {\n                marker.on('dragend', function () {\n                    var latlng = this.getLatLng(),\n                        lat = latlng.lat,\n                        lng = latlng.lng;\n                    if (is_image) {\n                        console.log('leaflet-marker y=' + lat + ' x=' + lng);\n                    } else {\n                        console.log('leaflet-marker lat=' + lat + ' lng=' + lng);\n                    }\n                });\n            }\n\n            marker.addTo( markergroup );\n            marker.bindPopup(window.WPLeafletMapPlugin.unescape('&lt;br \/&gt;Grocka, a small town from which Deki\u0107 family and other Roma were ferried by river to Belgrade.'));            window.WPLeafletMapPlugin.markers.push( marker );\n        }); \/\/ end add function\n        <\/script>\n        \n        <script>\n        window.WPLeafletMapPlugin = window.WPLeafletMapPlugin || [];\n        window.WPLeafletMapPlugin.push(function () {\n            var marker_options = (function () {\n                    var _options = {};\n                    var iconArrays = [\n                        'iconSize', \n                        'iconAnchor', \n                        'shadowSize', \n                        'shadowAnchor',\n                        'popupAnchor'\n                    ];\n                    var default_icon = L.Icon.Default.prototype.options;\n                    if (_options.iconUrl) {\n                        \/\/ arrays are strings, unfortunately...\n                        for (var i = 0, len = iconArrays.length; i < len; i++) {\n                            var option_name = iconArrays[i],\n                                option = _options[ option_name ];\n                            \/\/ convert \"1,2\" to [1, 2];\n                            if (option) {\n                                _options[ option_name ] = option.join('').split(',');\n                            }\n                        }\n                        \/\/ default popupAnchor\n                        if (!_options.popupAnchor) {\n                            \/\/ set (roughly) to size of icon\n                            _options.popupAnchor = (function (i_size) {\n                                \/\/ copy array\n                                i_size = i_size.slice();\n                                \n                                \/\/ inverse coordinates\n                                i_size[0] = 0;\n                                i_size[1] *= -1;\n                                \/\/ bottom position on popup is 7px\n                                i_size[1] -= 3;\n                                return i_size;\n                            })(_options.iconSize || default_icon.iconSize);\n                        }\n\n                        _options.icon = new L.Icon( _options );\n                    }\n                    return _options;\n                })(),\n                draggable = marker_options.draggable,\n                marker = L.marker(\n                    [44.8179,20.4604], \n                    marker_options\n                ),\n                map = window.WPLeafletMapPlugin.getCurrentMap(),\n                is_image = map.is_image_map,\n                markergroup = window.WPLeafletMapPlugin.getCurrentMarkerGroup();\n                        if (draggable) {\n                marker.on('dragend', function () {\n                    var latlng = this.getLatLng(),\n                        lat = latlng.lat,\n                        lng = latlng.lng;\n                    if (is_image) {\n                        console.log('leaflet-marker y=' + lat + ' x=' + lng);\n                    } else {\n                        console.log('leaflet-marker lat=' + lat + ' lng=' + lng);\n                    }\n                });\n            }\n\n            marker.addTo( markergroup );\n            marker.bindPopup(window.WPLeafletMapPlugin.unescape('&lt;br \/&gt;Disembarkment of the Deki\u0107 family and other Roma from the Grocka transport, triage and separation of men for (according to the testimony) Banjica, and women and children to Sajmi\u0161te camps.'));            window.WPLeafletMapPlugin.markers.push( marker );\n        }); \/\/ end add function\n        <\/script>\n        \n        <script>\n        window.WPLeafletMapPlugin = window.WPLeafletMapPlugin || [];\n        window.WPLeafletMapPlugin.push(function () {\n            var marker_options = (function () {\n                    var _options = {};\n                    var iconArrays = [\n                        'iconSize', \n                        'iconAnchor', \n                        'shadowSize', \n                        'shadowAnchor',\n                        'popupAnchor'\n                    ];\n                    var default_icon = L.Icon.Default.prototype.options;\n                    if (_options.iconUrl) {\n                        \/\/ arrays are strings, unfortunately...\n                        for (var i = 0, len = iconArrays.length; i < len; i++) {\n                            var option_name = iconArrays[i],\n                                option = _options[ option_name ];\n                            \/\/ convert \"1,2\" to [1, 2];\n                            if (option) {\n                                _options[ option_name ] = option.join('').split(',');\n                            }\n                        }\n                        \/\/ default popupAnchor\n                        if (!_options.popupAnchor) {\n                            \/\/ set (roughly) to size of icon\n                            _options.popupAnchor = (function (i_size) {\n                                \/\/ copy array\n                                i_size = i_size.slice();\n                                \n                                \/\/ inverse coordinates\n                                i_size[0] = 0;\n                                i_size[1] *= -1;\n                                \/\/ bottom position on popup is 7px\n                                i_size[1] -= 3;\n                                return i_size;\n                            })(_options.iconSize || default_icon.iconSize);\n                        }\n\n                        _options.icon = new L.Icon( _options );\n                    }\n                    return _options;\n                })(),\n                draggable = marker_options.draggable,\n                marker = L.marker(\n                    [44.8129,20.4433], \n                    marker_options\n                ),\n                map = window.WPLeafletMapPlugin.getCurrentMap(),\n                is_image = map.is_image_map,\n                markergroup = window.WPLeafletMapPlugin.getCurrentMarkerGroup();\n                        if (draggable) {\n                marker.on('dragend', function () {\n                    var latlng = this.getLatLng(),\n                        lat = latlng.lat,\n                        lng = latlng.lng;\n                    if (is_image) {\n                        console.log('leaflet-marker y=' + lat + ' x=' + lng);\n                    } else {\n                        console.log('leaflet-marker lat=' + lat + ' lng=' + lng);\n                    }\n                });\n            }\n\n            marker.addTo( markergroup );\n            marker.bindPopup(window.WPLeafletMapPlugin.unescape('&lt;br \/&gt;The location of the second pavilion of Sajmi\u0161te camp, the site of Roma, and Deki\u0107 family internment.'));            window.WPLeafletMapPlugin.markers.push( marker );\n        }); \/\/ end add function\n        <\/script>\n        \n<hr \/>\n<\/div>\n<\/div><\/div><div id=\"panel-66-0-0-6\" class=\"so-panel widget widget_sow-editor\" data-index=\"6\" ><div class=\"so-widget-sow-editor so-widget-sow-editor-base\"><h3 class=\"widget-title\">War damage reports<\/h3>\n<div class=\"siteorigin-widget-tinymce textwidget\">\n\t<hr \/>\n<p><span style=\"color: #003366;\">The war damage\u00a0inquiries\u00a0for the \"State Commission for the Establishment of the Crimes of the Occupiers and Their Abbetors\" in the Roma communities were often conducted summarily and through commissioners. One such list is the one presented below, with obligatory monetary amounts for compensation payments, given in 1945 to a commission's delegate in Beli Potok, and on behalf of the\u00a0wartime residents of Mirijevo, in whose vicinity was Orlovo <\/span>naselje<span style=\"color: #003366;\">. These \"collective records\" were used as supporting evidence in the claims of Yugoslavia for war reparations from Germany. Roma testimonies were not used in the Nuremberg <\/span>trials,<span style=\"color: #003366;\"> and did not affect the outcomes of the war-crime tribunals.\u00a0<\/span><\/p>\n<p><span style=\"color: #003366;\">\t\t\t<style>\r\n                #foogallery-gallery-458.fg-masonry .fg-item {\r\n                    width: 270px;\r\n                    margin-right: 10px;\r\n                    margin-bottom: 10px;\r\n                }\r\n\t\t\t<\/style>\r\n\t\t\t<div class=\"foogallery foogallery-container foogallery-masonry foogallery-lightbox-foobox fg-center fg-masonry fg-light fg-border-thin fg-shadow-outline fg-loading-partial fg-loaded-fade-in fg-caption-hover fg-hover-fade fg-hover-zoom2 fg-ready fg-fixed\" id=\"foogallery-gallery-458\" data-foogallery=\"{&quot;item&quot;:{&quot;showCaptionTitle&quot;:true,&quot;showCaptionDescription&quot;:true},&quot;lazy&quot;:true,&quot;template&quot;:{&quot;columnWidth&quot;:270,&quot;gutter&quot;:10}}\" >\r\n\t\t<div class=\"fg-item fg-type-image fg-idle\"><figure class=\"fg-item-inner\"><a href=\"http:\/\/cieh-chre.org\/porajmosinserbia\/wp-content\/uploads\/sites\/7\/2018\/11\/MG_2840s.jpg\" data-caption-title=\"Report of the crime of the occupiers and their abettors received at the commissary of the Vra\u010dar district in Beli Potok on March 6th 1945. In this report are also the members of Deki\u0107 family.\" data-attachment-id=\"462\" class=\"fg-thumb\"><span class=\"fg-image-wrap\"><img title=\"Report of the crime of the occupiers and their abettors received at the commissary of the Vra\u010dar district in Beli Potok on March 6th 1945. In this report are also the members of Deki\u0107 family.\" width=\"270\" height=\"381\" class=\"skip-lazy fg-image\" data-src-fg=\"http:\/\/cieh-chre.org\/porajmosinserbia\/wp-content\/uploads\/sites\/7\/cache\/2018\/11\/MG_2840s\/3020005368.jpg\" data-srcset-fg=\"http:\/\/cieh-chre.org\/porajmosinserbia\/wp-content\/uploads\/sites\/7\/cache\/2018\/11\/MG_2840s\/1035147328.jpg 2x\" src=\"data:image\/svg+xml,%3Csvg%20xmlns%3D%22http%3A%2F%2Fwww.w3.org%2F2000%2Fsvg%22%20width%3D%22270%22%20height%3D%22381%22%20viewBox%3D%220%200%20270%20381%22%3E%3C%2Fsvg%3E\"><\/span><span class=\"fg-image-overlay\"><\/span><\/a><figcaption class=\"fg-caption\"><div class=\"fg-caption-inner\"><div class=\"fg-caption-title\">Report of the crime of the occupiers and their abettors received at the commissary of the Vra\u010dar district in Beli Potok on March 6th 1945. In this report are also the members of Deki\u0107 family.<\/div><\/div><\/figcaption><\/figure><div class=\"fg-loader\"><\/div><\/div><div class=\"fg-item fg-type-image fg-idle\"><figure class=\"fg-item-inner\"><a href=\"http:\/\/cieh-chre.org\/porajmosinserbia\/wp-content\/uploads\/sites\/7\/2018\/11\/MG_2841s.jpg\" data-caption-title=\"Report of the crime of the occupiers and their abettors received at the commissary of the Vra\u010dar district in Beli Potok on March 6th 1945. In this report are also the members of Deki\u0107 family.\" data-attachment-id=\"463\" class=\"fg-thumb\"><span class=\"fg-image-wrap\"><img title=\"Report of the crime of the occupiers and their abettors received at the commissary of the Vra\u010dar district in Beli Potok on March 6th 1945. In this report are also the members of Deki\u0107 family.\" width=\"270\" height=\"382\" class=\"skip-lazy fg-image\" data-src-fg=\"http:\/\/cieh-chre.org\/porajmosinserbia\/wp-content\/uploads\/sites\/7\/cache\/2018\/11\/MG_2841s\/3172322629.jpg\" data-srcset-fg=\"http:\/\/cieh-chre.org\/porajmosinserbia\/wp-content\/uploads\/sites\/7\/cache\/2018\/11\/MG_2841s\/883378941.jpg 2x\" src=\"data:image\/svg+xml,%3Csvg%20xmlns%3D%22http%3A%2F%2Fwww.w3.org%2F2000%2Fsvg%22%20width%3D%22270%22%20height%3D%22382%22%20viewBox%3D%220%200%20270%20382%22%3E%3C%2Fsvg%3E\"><\/span><span class=\"fg-image-overlay\"><\/span><\/a><figcaption class=\"fg-caption\"><div class=\"fg-caption-inner\"><div class=\"fg-caption-title\">Report of the crime of the occupiers and their abettors received at the commissary of the Vra\u010dar district in Beli Potok on March 6th 1945. In this report are also the members of Deki\u0107 family.<\/div><\/div><\/figcaption><\/figure><div class=\"fg-loader\"><\/div><\/div><div class=\"fg-item fg-type-image fg-idle\"><figure class=\"fg-item-inner\"><a href=\"http:\/\/cieh-chre.org\/porajmosinserbia\/wp-content\/uploads\/sites\/7\/2018\/11\/MG_2842s.jpg\" data-caption-title=\"Report of the crime of the occupiers and their abettors received at the commissary of the Vra\u010dar district in Beli Potok on March 6th 1945. In this report are also the members of Deki\u0107 family.\" data-attachment-id=\"464\" class=\"fg-thumb\"><span class=\"fg-image-wrap\"><img title=\"Report of the crime of the occupiers and their abettors received at the commissary of the Vra\u010dar district in Beli Potok on March 6th 1945. In this report are also the members of Deki\u0107 family.\" width=\"270\" height=\"377\" class=\"skip-lazy fg-image\" data-src-fg=\"http:\/\/cieh-chre.org\/porajmosinserbia\/wp-content\/uploads\/sites\/7\/cache\/2018\/11\/MG_2842s\/3751027066.jpg\" data-srcset-fg=\"http:\/\/cieh-chre.org\/porajmosinserbia\/wp-content\/uploads\/sites\/7\/cache\/2018\/11\/MG_2842s\/1445373634.jpg 2x\" src=\"data:image\/svg+xml,%3Csvg%20xmlns%3D%22http%3A%2F%2Fwww.w3.org%2F2000%2Fsvg%22%20width%3D%22270%22%20height%3D%22377%22%20viewBox%3D%220%200%20270%20377%22%3E%3C%2Fsvg%3E\"><\/span><span class=\"fg-image-overlay\"><\/span><\/a><figcaption class=\"fg-caption\"><div class=\"fg-caption-inner\"><div class=\"fg-caption-title\">Report of the crime of the occupiers and their abettors received at the commissary of the Vra\u010dar district in Beli Potok on March 6th 1945. In this report are also the members of Deki\u0107 family.<\/div><\/div><\/figcaption><\/figure><div class=\"fg-loader\"><\/div><\/div><div class=\"fg-item fg-type-image fg-idle\"><figure class=\"fg-item-inner\"><a href=\"http:\/\/cieh-chre.org\/porajmosinserbia\/wp-content\/uploads\/sites\/7\/2018\/11\/MG_2843s.jpg\" data-caption-title=\"Report of the crime of the occupiers and their abettors received at the commissary of the Vra\u010dar district in Beli Potok on March 6th 1945. In this report are also the members of Deki\u0107 family.\" data-attachment-id=\"465\" class=\"fg-thumb\"><span class=\"fg-image-wrap\"><img title=\"Report of the crime of the occupiers and their abettors received at the commissary of the Vra\u010dar district in Beli Potok on March 6th 1945. In this report are also the members of Deki\u0107 family.\" width=\"270\" height=\"379\" class=\"skip-lazy fg-image\" data-src-fg=\"http:\/\/cieh-chre.org\/porajmosinserbia\/wp-content\/uploads\/sites\/7\/cache\/2018\/11\/MG_2843s\/3598742471.jpg\" data-srcset-fg=\"http:\/\/cieh-chre.org\/porajmosinserbia\/wp-content\/uploads\/sites\/7\/cache\/2018\/11\/MG_2843s\/1597174911.jpg 2x\" src=\"data:image\/svg+xml,%3Csvg%20xmlns%3D%22http%3A%2F%2Fwww.w3.org%2F2000%2Fsvg%22%20width%3D%22270%22%20height%3D%22379%22%20viewBox%3D%220%200%20270%20379%22%3E%3C%2Fsvg%3E\"><\/span><span class=\"fg-image-overlay\"><\/span><\/a><figcaption class=\"fg-caption\"><div class=\"fg-caption-inner\"><div class=\"fg-caption-title\">Report of the crime of the occupiers and their abettors received at the commissary of the Vra\u010dar district in Beli Potok on March 6th 1945. In this report are also the members of Deki\u0107 family.<\/div><\/div><\/figcaption><\/figure><div class=\"fg-loader\"><\/div><\/div><\/div>\u00a0<\/span><\/p>\n<p><span style=\"color: #993300;\">Archive of Yugoslavia, AJ, 110-273-942; AJ, 110-273-943<\/span><\/p>\n<hr \/>\n<\/div>\n<\/div><\/div><div id=\"panel-66-0-0-7\" class=\"so-panel widget widget_sow-editor panel-last-child\" data-index=\"7\" ><div class=\"so-widget-sow-editor so-widget-sow-editor-base\"><h3 class=\"widget-title\">Testimony of Deki\u0107 brothers, transcript<\/h3>\n<div class=\"siteorigin-widget-tinymce textwidget\">\n\t<hr \/>\n<p><span style=\"color: #003366;\">Testimony of Milorad and Pavle Deki\u0107, given to the historian Milena Radoj\u010di\u0107 in 1986, in the framework of her research on the camp at Sajmi\u0161te. The testimony was shown for the first time as part of the CHRE exhibition \"October 1941\", in the Historical Archives of Belgrade, in 2016.<\/span><\/p>\n<p><span style=\"color: #003366;\">PDF file, 10mb, download at the bottom of the frame. The testimony\u00a0is kept in the Historical Archive of Belgrade (IAB) on<\/span><span style=\"color: #003366;\">\u00a0tape, and as transcript published here. Sig: IAB 4827\/MG-933.\u00a0<\/span><\/p>\n<a href=\"http:\/\/cieh-chre.org\/porajmosusrbiji\/wp-content\/uploads\/sites\/6\/2018\/11\/DEKI\u0106.pdf\" class=\"pdfemb-viewer\" style=\"\" data-width=\"max\" data-height=\"max\" data-mobile-width=\"500\"  data-scrollbar=\"vertical\" data-download=\"on\" data-tracking=\"on\" data-newwindow=\"on\" data-pagetextbox=\"off\" data-scrolltotop=\"off\" data-startzoom=\"100\" data-startfpzoom=\"100\" data-toolbar=\"bottom\" data-toolbar-fixed=\"on\">DEKI\u0106<br\/><\/a>\n<hr \/>\n<\/div>\n<\/div><\/div><\/div><\/div><div id=\"pg-66-1\"  class=\"panel-grid panel-no-style\" ><div id=\"pgc-66-1-0\"  class=\"panel-grid-cell\" ><div id=\"panel-66-1-0-0\" class=\"so-panel widget widget_sow-editor panel-first-child panel-last-child\" data-index=\"8\" ><div class=\"so-widget-sow-editor so-widget-sow-editor-base\">\n<div class=\"siteorigin-widget-tinymce textwidget\">\n\t<p><span style=\"color: #003366;\">Project partners:<\/span><\/p>\n<hr \/>\n\t\t\t<style>\r\n                #foogallery-gallery-725.fg-justified .fg-item {\r\n                    margin-right: 1px;\r\n                    margin-bottom: 1px;\r\n                }\r\n\r\n                #foogallery-gallery-725.fg-justified .fg-image {\r\n                    height: 70px;\r\n                }\r\n\t\t\t<\/style>\r\n\t\t\t<div class=\"foogallery foogallery-container foogallery-justified foogallery-lightbox-none fg-justified fg-light fg-loaded-fade-in fg-hover-fade fg-ready\" id=\"foogallery-gallery-725\" data-foogallery=\"{&quot;item&quot;:{&quot;showCaptionTitle&quot;:true,&quot;showCaptionDescription&quot;:true},&quot;lazy&quot;:true,&quot;template&quot;:{&quot;rowHeight&quot;:70,&quot;maxRowHeight&quot;:140,&quot;margins&quot;:1,&quot;align&quot;:&quot;center&quot;,&quot;lastRow&quot;:&quot;smart&quot;}}\" >\r\n\t<div class=\"fg-item fg-type-image fg-idle\"><figure class=\"fg-item-inner\"><a href=\"http:\/\/www.cieh-chre.org\" target=\"_blank\" data-attachment-id=\"717\" class=\"fg-thumb\"><span class=\"fg-image-wrap\"><img height=\"140\" width=\"339.11111111111\" class=\"skip-lazy fg-image\" data-src-fg=\"http:\/\/cieh-chre.org\/porajmosinserbia\/wp-content\/uploads\/sites\/7\/2018\/12\/CHRE-logo-e-e1544266420249.png\" src=\"data:image\/svg+xml,%3Csvg%20xmlns%3D%22http%3A%2F%2Fwww.w3.org%2F2000%2Fsvg%22%20width%3D%22339.11111111111%22%20height%3D%22140%22%20viewBox%3D%220%200%20339.11111111111%20140%22%3E%3C%2Fsvg%3E\"><\/span><span class=\"fg-image-overlay\"><\/span><\/a><figcaption class=\"fg-caption\"><div class=\"fg-caption-inner\"><\/div><\/figcaption><\/figure><div class=\"fg-loader\"><\/div><\/div><div class=\"fg-item fg-type-image fg-idle\"><figure class=\"fg-item-inner\"><a href=\"http:\/\/www.romanipen.org.rs\/\" target=\"_blank\" data-attachment-id=\"936\" class=\"fg-thumb\"><span class=\"fg-image-wrap\"><img height=\"140\" width=\"450\" class=\"skip-lazy fg-image\" data-src-fg=\"http:\/\/cieh-chre.org\/porajmosinserbia\/wp-content\/uploads\/sites\/7\/2018\/12\/rromanipen-logo-copy-H70.png\" src=\"data:image\/svg+xml,%3Csvg%20xmlns%3D%22http%3A%2F%2Fwww.w3.org%2F2000%2Fsvg%22%20width%3D%22450%22%20height%3D%22140%22%20viewBox%3D%220%200%20450%20140%22%3E%3C%2Fsvg%3E\"><\/span><span class=\"fg-image-overlay\"><\/span><\/a><figcaption class=\"fg-caption\"><div class=\"fg-caption-inner\"><\/div><\/figcaption><\/figure><div class=\"fg-loader\"><\/div><\/div><div class=\"fg-item fg-type-image fg-idle\"><figure class=\"fg-item-inner\"><a href=\"https:\/\/www.geogis.org\/\" data-attachment-id=\"1279\" class=\"fg-thumb\"><span class=\"fg-image-wrap\"><img height=\"140\" width=\"140\" class=\"skip-lazy fg-image\" data-src-fg=\"http:\/\/cieh-chre.org\/porajmosinserbia\/wp-content\/uploads\/sites\/7\/2021\/07\/logo-light-bg.jpg\" src=\"data:image\/svg+xml,%3Csvg%20xmlns%3D%22http%3A%2F%2Fwww.w3.org%2F2000%2Fsvg%22%20width%3D%22140%22%20height%3D%22140%22%20viewBox%3D%220%200%20140%20140%22%3E%3C%2Fsvg%3E\"><\/span><span class=\"fg-image-overlay\"><\/span><\/a><figcaption class=\"fg-caption\"><div class=\"fg-caption-inner\"><\/div><\/figcaption><\/figure><div class=\"fg-loader\"><\/div><\/div><div class=\"fg-item fg-type-image fg-idle\"><figure class=\"fg-item-inner\"><a href=\"https:\/\/www.teamcad.rs\/index.php\/srb\/\" data-attachment-id=\"1280\" class=\"fg-thumb\"><span class=\"fg-image-wrap\"><img height=\"140\" width=\"359.33333333333\" class=\"skip-lazy fg-image\" data-src-fg=\"http:\/\/cieh-chre.org\/porajmosinserbia\/wp-content\/uploads\/sites\/7\/2021\/07\/LOGO_TeamCAD_logo.png\" src=\"data:image\/svg+xml,%3Csvg%20xmlns%3D%22http%3A%2F%2Fwww.w3.org%2F2000%2Fsvg%22%20width%3D%22359.33333333333%22%20height%3D%22140%22%20viewBox%3D%220%200%20359.33333333333%20140%22%3E%3C%2Fsvg%3E\"><\/span><span class=\"fg-image-overlay\"><\/span><\/a><figcaption class=\"fg-caption\"><div class=\"fg-caption-inner\"><\/div><\/figcaption><\/figure><div class=\"fg-loader\"><\/div><\/div><\/div>\r\n\n<\/div>\n<\/div><\/div><\/div><div id=\"pgc-66-1-1\"  class=\"panel-grid-cell\" ><div id=\"panel-66-1-1-0\" class=\"so-panel widget widget_sow-editor panel-first-child panel-last-child\" data-index=\"9\" ><div class=\"so-widget-sow-editor so-widget-sow-editor-base\">\n<div class=\"siteorigin-widget-tinymce textwidget\">\n\t<p><span style=\"color: #003366;\">Project supported by:<\/span><\/p>\n<hr \/>\n\t\t\t<style>\r\n                #foogallery-gallery-722.fg-justified .fg-item {\r\n                    margin-right: 1px;\r\n                    margin-bottom: 1px;\r\n                }\r\n\r\n                #foogallery-gallery-722.fg-justified .fg-image {\r\n                    height: 70px;\r\n                }\r\n\t\t\t<\/style>\r\n\t\t\t<div class=\"foogallery foogallery-container foogallery-justified foogallery-lightbox-none fg-justified fg-light fg-loaded-fade-in fg-hover-fade fg-ready\" id=\"foogallery-gallery-722\" data-foogallery=\"{&quot;item&quot;:{&quot;showCaptionTitle&quot;:true,&quot;showCaptionDescription&quot;:true},&quot;lazy&quot;:true,&quot;template&quot;:{&quot;rowHeight&quot;:70,&quot;maxRowHeight&quot;:140,&quot;margins&quot;:1,&quot;align&quot;:&quot;center&quot;,&quot;lastRow&quot;:&quot;smart&quot;}}\" >\r\n\t<div class=\"fg-item fg-type-image fg-idle\"><figure class=\"fg-item-inner\"><a href=\"https:\/\/holocaustremembrance.com\/\" target=\"_blank\" data-attachment-id=\"721\" class=\"fg-thumb\"><span class=\"fg-image-wrap\"><img height=\"140\" width=\"144\" class=\"skip-lazy fg-image\" data-src-fg=\"http:\/\/cieh-chre.org\/porajmosinserbia\/wp-content\/uploads\/sites\/7\/cache\/2018\/12\/IHRA-LOGO-e1544235284936\/1588421938.png\" src=\"data:image\/svg+xml,%3Csvg%20xmlns%3D%22http%3A%2F%2Fwww.w3.org%2F2000%2Fsvg%22%20width%3D%22144%22%20height%3D%22140%22%20viewBox%3D%220%200%20144%20140%22%3E%3C%2Fsvg%3E\"><\/span><span class=\"fg-image-overlay\"><\/span><\/a><figcaption class=\"fg-caption\"><div class=\"fg-caption-inner\"><\/div><\/figcaption><\/figure><div class=\"fg-loader\"><\/div><\/div><div class=\"fg-item fg-type-image fg-idle\"><figure class=\"fg-item-inner\"><a href=\"http:\/\/www.kultura.gov.rs\/\" target=\"_blank\" data-attachment-id=\"755\" class=\"fg-thumb\"><span class=\"fg-image-wrap\"><img height=\"140\" width=\"249.2\" class=\"skip-lazy fg-image\" data-src-fg=\"http:\/\/cieh-chre.org\/porajmosinserbia\/wp-content\/uploads\/sites\/7\/2018\/12\/ministarstvo_kulture-i-informisanja.png\" src=\"data:image\/svg+xml,%3Csvg%20xmlns%3D%22http%3A%2F%2Fwww.w3.org%2F2000%2Fsvg%22%20width%3D%22249.2%22%20height%3D%22140%22%20viewBox%3D%220%200%20249.2%20140%22%3E%3C%2Fsvg%3E\"><\/span><span class=\"fg-image-overlay\"><\/span><\/a><figcaption class=\"fg-caption\"><div class=\"fg-caption-inner\"><\/div><\/figcaption><\/figure><div class=\"fg-loader\"><\/div><\/div><div class=\"fg-item fg-type-image fg-idle\"><figure class=\"fg-item-inner\"><a href=\"https:\/\/www.forumzfd.de\/en\/western-balkans\" target=\"_blank\" data-attachment-id=\"933\" class=\"fg-thumb\"><span class=\"fg-image-wrap\"><img height=\"140\" width=\"106\" class=\"skip-lazy fg-image\" data-src-fg=\"http:\/\/cieh-chre.org\/porajmosinserbia\/wp-content\/uploads\/sites\/7\/2018\/12\/forumZFD-blue-H70.png\" src=\"data:image\/svg+xml,%3Csvg%20xmlns%3D%22http%3A%2F%2Fwww.w3.org%2F2000%2Fsvg%22%20width%3D%22106%22%20height%3D%22140%22%20viewBox%3D%220%200%20106%20140%22%3E%3C%2Fsvg%3E\"><\/span><span class=\"fg-image-overlay\"><\/span><\/a><figcaption class=\"fg-caption\"><div class=\"fg-caption-inner\"><\/div><\/figcaption><\/figure><div class=\"fg-loader\"><\/div><\/div><\/div>\r\n\n<\/div>\n<\/div><\/div><\/div><\/div><div id=\"pg-66-2\"  class=\"panel-grid panel-no-style\" ><div id=\"pgc-66-2-0\"  class=\"panel-grid-cell\" ><div id=\"panel-66-2-0-0\" class=\"so-panel widget widget_sow-editor panel-first-child\" data-index=\"10\" ><div class=\"so-widget-sow-editor so-widget-sow-editor-base\">\n<div class=\"siteorigin-widget-tinymce textwidget\">\n\t<hr \/>\n<p style=\"text-align: center;\"><span style=\"color: #003366;\">Contact: Center for Holocaust Research and Education - CHRE, <\/span><span style=\"color: #003366;\">tel: <span style=\"color: #993300;\">+38163247856<\/span>, e-mail: <span style=\"color: #993300;\"><a style=\"color: #993300;\" href=\"mailto:\/\/cieh1chre@gmail.com\" target=\"_blank\" rel=\"noopener noreferrer\">cieh1chre@gmail.com<\/a><\/span> web: <span style=\"color: #993300;\"><a style=\"color: #993300;\" href=\"www.cieh-chre.org\" target=\"_blank\" rel=\"noopener noreferrer\">www.cieh-chre.org<\/a><\/span><\/span><\/p>\n<hr \/>\n<\/div>\n<\/div><\/div><div id=\"panel-66-2-0-1\" class=\"so-panel widget widget_sow-editor panel-last-child\" data-index=\"11\" ><div class=\"so-widget-sow-editor so-widget-sow-editor-base\">\n<div class=\"siteorigin-widget-tinymce textwidget\">\n\t<p style=\"text-align: center;\"><span style=\"font-size: 8pt; color: #003366;\">*\u00a0All parts of this website and project are the intellectual property of their authors, partner organizations and companies whose software and licenses\u00a0and are used on the website, and as such enjoy the legal protection, so no third party can use them without the explicit permission of the authors. (This relates in particular to the concepts, methods and structural elements of the website, map, exhibitions, texts, and visual materials, but is not limited to, and does not exclude other derivatives and authors rights associated with them.) The use of the publication is governed by the Creative Commons license stated on the publication which is free to download.<\/span><\/p>\n<hr \/>\n<\/div>\n<\/div><\/div><\/div><\/div><\/div>","protected":false},"excerpt":{"rendered":"<p>In 1986, two brothers, Milorad and Pavle Deki\u0107, have given their testimony on the persecution of their family, attempted escape, their arrest\u00a0and detention in the camp at Sajm\u0161te, which is [&hellip;]<\/p>\n","protected":false},"author":2,"featured_media":0,"parent":0,"menu_order":0,"comment_status":"closed","ping_status":"closed","template":"page-fullwidth.php","meta":[],"acf":[],"wps_subtitle":"","_links":{"self":[{"href":"http:\/\/cieh-chre.org\/porajmosinserbia\/wp-json\/wp\/v2\/pages\/66"}],"collection":[{"href":"http:\/\/cieh-chre.org\/porajmosinserbia\/wp-json\/wp\/v2\/pages"}],"about":[{"href":"http:\/\/cieh-chre.org\/porajmosinserbia\/wp-json\/wp\/v2\/types\/page"}],"author":[{"embeddable":true,"href":"http:\/\/cieh-chre.org\/porajmosinserbia\/wp-json\/wp\/v2\/users\/2"}],"replies":[{"embeddable":true,"href":"http:\/\/cieh-chre.org\/porajmosinserbia\/wp-json\/wp\/v2\/comments?post=66"}],"version-history":[{"count":189,"href":"http:\/\/cieh-chre.org\/porajmosinserbia\/wp-json\/wp\/v2\/pages\/66\/revisions"}],"predecessor-version":[{"id":1304,"href":"http:\/\/cieh-chre.org\/porajmosinserbia\/wp-json\/wp\/v2\/pages\/66\/revisions\/1304"}],"wp:attachment":[{"href":"http:\/\/cieh-chre.org\/porajmosinserbia\/wp-json\/wp\/v2\/media?parent=66"}],"curies":[{"name":"wp","href":"https:\/\/api.w.org\/{rel}","templated":true}]}}