{"id":988,"date":"2018-12-16T19:18:05","date_gmt":"2018-12-16T18:18:05","guid":{"rendered":"http:\/\/cieh-chre.org\/porajmosinserbia\/?page_id=988"},"modified":"2021-07-19T02:21:48","modified_gmt":"2021-07-19T00:21:48","slug":"jabuka","status":"publish","type":"page","link":"http:\/\/cieh-chre.org\/porajmosinserbia\/jabuka\/","title":{"rendered":"Jabuka"},"content":{"rendered":"<div id=\"pl-988\"  class=\"panel-layout\" ><div id=\"pg-988-0\"  class=\"panel-grid panel-no-style\" ><div id=\"pgc-988-0-0\"  class=\"panel-grid-cell\" ><div id=\"panel-988-0-0-0\" class=\"so-panel widget widget_sow-editor panel-first-child\" data-index=\"0\" ><div class=\"so-widget-sow-editor so-widget-sow-editor-base\"><h3 class=\"widget-title\">Forms of remembrance - Jabuka<\/h3>\n<div class=\"siteorigin-widget-tinymce textwidget\">\n\t<hr \/>\n<p>The memorial<span style=\"color: #003366;\"> complex at the Jabuka killing site is the central place of public memory and commemoration <\/span>of mass<span style=\"color: #003366;\"> crimes of the occupier on the <\/span>civilian<span style=\"color: #003366;\"> population in Banat. The site of the mass shootings of Jews and Roma was built in 1981, the work of the architect Neboj\u0161a Delja. The ceremonies are held twice a year - on the <\/span>official<span style=\"color: #003366;\"> memorial days for Jewish and Roma victims. The Roma memorial day, on December 16th, was in 2018 organized by a government board \"Odbor Vlade Republike Srbije za <\/span>negovanje tradicija<span style=\"color: #003366;\"> oslobodila\u010dkih <\/span>ratova<span style=\"color: #003366;\"> Srbije\" (Board of the Government of Republic of Serbia for the nurturing of the traditions of liberation wars of Serbia) - <\/span>unofficial<span style=\"color: #003366;\"> translation. and the Municipal Assembly of Pan\u010devo, with <\/span>participation<span style=\"color: #003366;\"> of the representatives of the Army of <\/span>the Republic<span style=\"color: #003366;\"> of Serbia, military attaches of several European countries and \"National Council of Roma National Minority\". <\/span>The protocol<span style=\"color: #003366;\"> has invited those present to give their respect to the victims by a minute of silence, after which the anthems \"Bo\u017ee <\/span>pravde<span style=\"color: #003366;\">\" and \"\u0110elem \u0110elem\" were performed. These were followed by an address of the representatives of the government, the municipality and Roma National Council. Also, a short drama programme was performed.<\/span> \u00a0\u00a0\u00a0<\/p>\n<hr \/>\n<h6><span style=\"color: #003366;\">More on Jabuka killing site and its history at:<\/span> <span style=\"color: #993300;\"><a style=\"color: #993300;\" href=\"http:\/\/cieh-chre.org\/jabuka\/\" target=\"_blank\" rel=\"noopener noreferrer\">http:\/\/cieh-chre.org\/jabuka\/<\/a><\/span><\/h6>\n<hr \/>\n<\/div>\n<\/div><\/div><div id=\"panel-988-0-0-1\" class=\"so-panel widget widget_master-slider-main-widget master-slider-main-widget\" data-index=\"1\" >\n\t\t<!-- MasterSlider -->\n\t\t<div id=\"P_MS69f28c7ce2c3f\" class=\"master-slider-parent ms-parent-id-8\" style=\"\" >\n\n\t\t\t\n\t\t\t<!-- MasterSlider Main -->\n\t\t\t<div id=\"MS69f28c7ce2c3f\" class=\"master-slider ms-skin-light-6 round-skin\" >\n\t\t\t\t \t\t\t\t \n\t\t\t<div  class=\"ms-slide\" data-delay=\"3\" data-fill-mode=\"stretch\"   >\n\t\t\t\t\t<img src=\"http:\/\/cieh-chre.org\/porajmosinserbia\/wp-content\/plugins\/masterslider\/public\/assets\/css\/blank.gif\" alt=\"{{title}}\" title=\"{{title}}\" data-src=\"{{image}}\" \/>\n\n\n\t\t\t\t<\/div>\n\n\t\t\t<\/div>\n\t\t\t<!-- END MasterSlider Main -->\n\n\t\t\t \n\t\t<\/div>\n\t\t<!-- END MasterSlider -->\n\n\t\t<script>\n\t\t( window.MSReady = window.MSReady || [] ).push( function( $ ) {\n\n\t\t\t\"use strict\";\n\t\t\tvar masterslider_2c3f = new MasterSlider();\n\n\t\t\t\/\/ slider controls\n\t\t\tmasterslider_2c3f.control('arrows'     ,{ autohide:true, overVideo:true  });\n\t\t\tmasterslider_2c3f.control('bullets'    ,{ autohide:true, overVideo:true, dir:'h', align:'bottom', space:6 , margin:10  });\n\t\t\t\/\/ slider setup\n\t\t\tmasterslider_2c3f.setup(\"MS69f28c7ce2c3f\", {\n\t\t\t\twidth           : 1000,\n\t\t\t\theight          : 500,\n\t\t\t\tminHeight       : 0,\n\t\t\t\tspace           : 0,\n\t\t\t\tstart           : 1,\n\t\t\t\tgrabCursor      : true,\n\t\t\t\tswipe           : true,\n\t\t\t\tmouse           : true,\n\t\t\t\tkeyboard        : false,\n\t\t\t\tlayout          : \"fillwidth\",\n\t\t\t\twheel           : true,\n\t\t\t\tautoplay        : false,\n                instantStartLayers:false,\n\t\t\t\tmobileBGVideo:false,\n\t\t\t\tloop            : false,\n\t\t\t\tshuffle         : false,\n\t\t\t\tpreload         : 0,\n\t\t\t\theightLimit     : true,\n\t\t\t\tautoHeight      : true,\n\t\t\t\tsmoothHeight    : true,\n\t\t\t\tendPause        : false,\n\t\t\t\toverPause       : true,\n\t\t\t\tfillMode        : \"fill\",\n\t\t\t\tcenterControls  : true,\n\t\t\t\tstartOnAppear   : false,\n\t\t\t\tlayersMode      : \"center\",\n\t\t\t\tautofillTarget  : \"\",\n\t\t\t\thideLayers      : false,\n\t\t\t\tfullscreenMargin: 0,\n\t\t\t\tspeed           : 20,\n\t\t\t\tdir             : \"h\",\n\t\t\t\tresponsive      : true,\n\t\t\t\ttabletWidth     : 768,\n\t\t\t\ttabletHeight    : null,\n\t\t\t\tphoneWidth      : 480,\n\t\t\t\tphoneHeight    : null,\n\t\t\t\tsizingReference : window,\n\t\t\t\tparallaxMode    : 'swipe',\n\t\t\t\tview            : \"fadeBasic\"\n\t\t\t});\n\n\t\t\tnew MSFlickrV2( masterslider_2c3f, { key:'19cfd3af8f57960bb103fa21294e1c40', id:'72157674581004407', count:165, thumbSize:'s',imgSize:'b', type:'photoset' });\n\t\t\twindow.masterslider_instances = window.masterslider_instances || [];\n\t\t\twindow.masterslider_instances.push( masterslider_2c3f );\n\t\t});\n\t\t<\/script>\n\n<\/div><div id=\"panel-988-0-0-2\" class=\"so-panel widget widget_sow-editor\" data-index=\"2\" ><div class=\"so-widget-sow-editor so-widget-sow-editor-base\">\n<div class=\"siteorigin-widget-tinymce textwidget\">\n\t<hr \/>\n<p><span style=\"color: #003366;\">The politics of public memory in Serbia is directly linked to the work and attitudes of specialized offices and committees prescribing the protocol at public ceremonies. The protocol of the memorial manifestations has not changed significantly since the socialist era, even as narrative content was adapted to political needs. Traditionally, the dominant tone is militaristic-national, with an overbearing accent on a state-historical interpretation of the narrative of suffering and remembering as dominantly Serbian, and only after that, also related to the minorities. This also holds true for the sites like Jabuka, which is mainly tied to the period of October 1941, when in Belgrade and its vicinity, the victims were almost exclusively - the Jews and the Roma. The militarization of remembrance is reinforced by protocol inviting the military attaches, instead of civilian diplomatic representatives. In a system of sovereign projection of majority national narrative, the historical actors, the historical event, the victims' communities, even as they are part of the commemoration, do not have a significant role in forming the way of marking the public memory of their own history. Part of the minority voice is still being heard in the speech of the local, municipal representatives who are better acquainted with the people and events. We believe that public dialogue and joint commissions for commemorative events could contribute to <\/span>form<span style=\"color: #003366;\"> new ways to publicly commemorate a tragic history that is common to all. \u00a0\u00a0\u00a0<\/span>\u00a0<\/p>\n<hr \/>\n<\/div>\n<\/div><\/div><div id=\"panel-988-0-0-3\" class=\"so-panel widget widget_sow-editor\" data-index=\"3\" ><div class=\"so-widget-sow-editor so-widget-sow-editor-base\"><h3 class=\"widget-title\">Komemoracija u Jabuci - TV Pan\u010devo<\/h3>\n<div class=\"siteorigin-widget-tinymce textwidget\">\n\t<hr \/>\n<p><iframe loading=\"lazy\" src=\"https:\/\/www.youtube.com\/embed\/bLuuZeRSlNs\" width=\"1252\" height=\"640\" frameborder=\"0\" allowfullscreen=\"allowfullscreen\"><\/iframe><\/p>\n<hr \/>\n<\/div>\n<\/div><\/div><div id=\"panel-988-0-0-4\" class=\"so-panel widget widget_sow-editor panel-last-child\" data-index=\"4\" ><div class=\"so-widget-sow-editor so-widget-sow-editor-base\"><h3 class=\"widget-title\">News coverage on the commemoration, TV Pan\u010devo<\/h3>\n<div class=\"siteorigin-widget-tinymce textwidget\">\n\t<hr \/>\n<p><span style=\"color: #003366;\"><strong>Wreaths on the killing site for Roma, Serbs, Jews<\/strong><\/span><\/p>\n<p><span style=\"color: #003366;\">December 16, 2018.<\/span><\/p>\n<p><span style=\"color: #003366;\">On the occasion of the International Day of Remembrance of Roma, World War II, the memorial of \"Strati\u0161te\" on the road to Jabuka wreaths were placed by the Mayor of Pan\u010devo Sa\u0161a Pavlov, the President of the National Roma Council of Serbia, Dalibor Naki\u0107 and the State Secretary at the Ministry of Labor and Employment Zoran Anti\u0107.<\/span><\/p>\n<p><span style=\"color: #003366;\">On Dec. 19, 1942, Heinrich Himmler issued an order for the systematic destruction of Roma and sending them to the concentration camps for their extermination. In 1943, the mass deportation of Roma to Au\u0161vic had begun, and, during the Second World War 20,000 Roma were murdered. At the memorial site \"Strati\u0161te\", the largest number of civilians in the Second World War was killed, and the people who were horribly victimized and persecuted were the Roma. At the ceremony held at the Memorial, Sa\u0161a Pavlov, the Mayor of Pan\u010devo, pointed out that the greatest genocide in the World War II was carried out on this site.<\/span><\/p>\n<blockquote>\n<p><span style=\"color: #003366;\">Our duty is to keep the memory from forgetting and not to allow such suffering to re-emerge, because the ideology of fascism has left a deep mark on mankind. We have a task to fight against injustice and disrespect, by teaching our children in the spirit of upholding the true values. We can not allow or tolerate any form of racial discrimination, violence and intolerance. Pan\u010devo is a city of multiculturalism, in which 26 national communities live in peace, harmony, and tolerance. <\/span><\/p>\n<\/blockquote>\n<p><span style=\"color: #003366;\">This is one of the worst Roma casualties, besides them, a great number of Jews and Serbs have been killed.<\/span><\/p>\n<blockquote>\n<p><span style=\"color: #003366;\">\"We must be aware of this terrible crime and constantly warn the humanity that such horrors would never again be to any nation or human being. History is a lifelong teacher who has been bitterly taught us how important respect is, regardless of racial, religious nationality and any other difference - said Dalibor Naki\u0107, president of the National Council of Roma Minority.<\/span><\/p>\n<\/blockquote>\n<p><span style=\"color: #003366;\">The Second World War has produced the two largest monstrous diseases of the human race - fascism, and Nazism. The killing sites are places where Roma was killed, and who managed to survive the concentration camp Au\u0161vic by some miracle.<\/span><\/p>\n<blockquote>\n<p><span style=\"color: #003366;\">Those who did not end their lives in the camps were brought to this place where they were murdered. By the end of 1941, only 5,500 Jews, 1,500 Roma from Belgrade and Banat were killed in the Topovske \u0161ume. It is estimated that 12,000 people were killed on this site, so Jasenovac Jabuka was one of the largest killing sites in the former Yugoslavia. They were persecuted because they were different by one man's decision - said Zoran Anti\u0107, State Secretary at the Ministry of Labor and Employment.<\/span><\/p>\n<\/blockquote>\n<p><span style=\"color: #003366;\">It is estimated that in the Second World War 500,000 Roma have lost their lives. On the occasion of the Day of Remembrance in the Second World War, a special art program was held and wreaths and flowers were placed on the memorial \"Strati\u0161te\".<\/span><\/p>\n<\/div>\n<\/div><\/div><\/div><\/div><div id=\"pg-988-1\"  class=\"panel-grid panel-no-style\" ><div id=\"pgc-988-1-0\"  class=\"panel-grid-cell\" ><div id=\"panel-988-1-0-0\" class=\"so-panel widget widget_sow-editor panel-first-child panel-last-child\" data-index=\"5\" ><div class=\"so-widget-sow-editor so-widget-sow-editor-base\">\n<div class=\"siteorigin-widget-tinymce textwidget\">\n\t<p><span style=\"color: #003366;\">Project partners:<\/span><\/p>\n<hr \/>\n\t\t\t<style>\r\n                #foogallery-gallery-725.fg-justified .fg-item {\r\n                    margin-right: 1px;\r\n                    margin-bottom: 1px;\r\n                }\r\n\r\n                #foogallery-gallery-725.fg-justified .fg-image {\r\n                    height: 70px;\r\n                }\r\n\t\t\t<\/style>\r\n\t\t\t<div class=\"foogallery foogallery-container foogallery-justified foogallery-lightbox-none fg-justified fg-light fg-loaded-fade-in fg-hover-fade fg-ready\" id=\"foogallery-gallery-725\" data-foogallery=\"{&quot;item&quot;:{&quot;showCaptionTitle&quot;:true,&quot;showCaptionDescription&quot;:true},&quot;lazy&quot;:true,&quot;template&quot;:{&quot;rowHeight&quot;:70,&quot;maxRowHeight&quot;:140,&quot;margins&quot;:1,&quot;align&quot;:&quot;center&quot;,&quot;lastRow&quot;:&quot;smart&quot;}}\" >\r\n\t<div class=\"fg-item fg-type-image fg-idle\"><figure class=\"fg-item-inner\"><a href=\"http:\/\/www.cieh-chre.org\" target=\"_blank\" data-attachment-id=\"717\" class=\"fg-thumb\"><span class=\"fg-image-wrap\"><img height=\"140\" width=\"339.11111111111\" class=\"skip-lazy fg-image\" data-src-fg=\"http:\/\/cieh-chre.org\/porajmosinserbia\/wp-content\/uploads\/sites\/7\/2018\/12\/CHRE-logo-e-e1544266420249.png\" src=\"data:image\/svg+xml,%3Csvg%20xmlns%3D%22http%3A%2F%2Fwww.w3.org%2F2000%2Fsvg%22%20width%3D%22339.11111111111%22%20height%3D%22140%22%20viewBox%3D%220%200%20339.11111111111%20140%22%3E%3C%2Fsvg%3E\"><\/span><span class=\"fg-image-overlay\"><\/span><\/a><figcaption class=\"fg-caption\"><div class=\"fg-caption-inner\"><\/div><\/figcaption><\/figure><div class=\"fg-loader\"><\/div><\/div><div class=\"fg-item fg-type-image fg-idle\"><figure class=\"fg-item-inner\"><a href=\"http:\/\/www.romanipen.org.rs\/\" target=\"_blank\" data-attachment-id=\"936\" class=\"fg-thumb\"><span class=\"fg-image-wrap\"><img height=\"140\" width=\"450\" class=\"skip-lazy fg-image\" data-src-fg=\"http:\/\/cieh-chre.org\/porajmosinserbia\/wp-content\/uploads\/sites\/7\/2018\/12\/rromanipen-logo-copy-H70.png\" src=\"data:image\/svg+xml,%3Csvg%20xmlns%3D%22http%3A%2F%2Fwww.w3.org%2F2000%2Fsvg%22%20width%3D%22450%22%20height%3D%22140%22%20viewBox%3D%220%200%20450%20140%22%3E%3C%2Fsvg%3E\"><\/span><span class=\"fg-image-overlay\"><\/span><\/a><figcaption class=\"fg-caption\"><div class=\"fg-caption-inner\"><\/div><\/figcaption><\/figure><div class=\"fg-loader\"><\/div><\/div><div class=\"fg-item fg-type-image fg-idle\"><figure class=\"fg-item-inner\"><a href=\"https:\/\/www.geogis.org\/\" data-attachment-id=\"1279\" class=\"fg-thumb\"><span class=\"fg-image-wrap\"><img height=\"140\" width=\"140\" class=\"skip-lazy fg-image\" data-src-fg=\"http:\/\/cieh-chre.org\/porajmosinserbia\/wp-content\/uploads\/sites\/7\/2021\/07\/logo-light-bg.jpg\" src=\"data:image\/svg+xml,%3Csvg%20xmlns%3D%22http%3A%2F%2Fwww.w3.org%2F2000%2Fsvg%22%20width%3D%22140%22%20height%3D%22140%22%20viewBox%3D%220%200%20140%20140%22%3E%3C%2Fsvg%3E\"><\/span><span class=\"fg-image-overlay\"><\/span><\/a><figcaption class=\"fg-caption\"><div class=\"fg-caption-inner\"><\/div><\/figcaption><\/figure><div class=\"fg-loader\"><\/div><\/div><div class=\"fg-item fg-type-image fg-idle\"><figure class=\"fg-item-inner\"><a href=\"https:\/\/www.teamcad.rs\/index.php\/srb\/\" data-attachment-id=\"1280\" class=\"fg-thumb\"><span class=\"fg-image-wrap\"><img height=\"140\" width=\"359.33333333333\" class=\"skip-lazy fg-image\" data-src-fg=\"http:\/\/cieh-chre.org\/porajmosinserbia\/wp-content\/uploads\/sites\/7\/2021\/07\/LOGO_TeamCAD_logo.png\" src=\"data:image\/svg+xml,%3Csvg%20xmlns%3D%22http%3A%2F%2Fwww.w3.org%2F2000%2Fsvg%22%20width%3D%22359.33333333333%22%20height%3D%22140%22%20viewBox%3D%220%200%20359.33333333333%20140%22%3E%3C%2Fsvg%3E\"><\/span><span class=\"fg-image-overlay\"><\/span><\/a><figcaption class=\"fg-caption\"><div class=\"fg-caption-inner\"><\/div><\/figcaption><\/figure><div class=\"fg-loader\"><\/div><\/div><\/div>\r\n\n<\/div>\n<\/div><\/div><\/div><div id=\"pgc-988-1-1\"  class=\"panel-grid-cell\" ><div id=\"panel-988-1-1-0\" class=\"so-panel widget widget_sow-editor panel-first-child panel-last-child\" data-index=\"6\" ><div class=\"so-widget-sow-editor so-widget-sow-editor-base\">\n<div class=\"siteorigin-widget-tinymce textwidget\">\n\t<p><span style=\"color: #003366;\">Project supportd by:<\/span><\/p>\n<hr \/>\n\t\t\t<style>\r\n                #foogallery-gallery-722.fg-justified .fg-item {\r\n                    margin-right: 1px;\r\n                    margin-bottom: 1px;\r\n                }\r\n\r\n                #foogallery-gallery-722.fg-justified .fg-image {\r\n                    height: 70px;\r\n                }\r\n\t\t\t<\/style>\r\n\t\t\t<div class=\"foogallery foogallery-container foogallery-justified foogallery-lightbox-none fg-justified fg-light fg-loaded-fade-in fg-hover-fade fg-ready\" id=\"foogallery-gallery-722\" data-foogallery=\"{&quot;item&quot;:{&quot;showCaptionTitle&quot;:true,&quot;showCaptionDescription&quot;:true},&quot;lazy&quot;:true,&quot;template&quot;:{&quot;rowHeight&quot;:70,&quot;maxRowHeight&quot;:140,&quot;margins&quot;:1,&quot;align&quot;:&quot;center&quot;,&quot;lastRow&quot;:&quot;smart&quot;}}\" >\r\n\t<div class=\"fg-item fg-type-image fg-idle\"><figure class=\"fg-item-inner\"><a href=\"https:\/\/holocaustremembrance.com\/\" target=\"_blank\" data-attachment-id=\"721\" class=\"fg-thumb\"><span class=\"fg-image-wrap\"><img height=\"140\" width=\"144\" class=\"skip-lazy fg-image\" data-src-fg=\"http:\/\/cieh-chre.org\/porajmosinserbia\/wp-content\/uploads\/sites\/7\/cache\/2018\/12\/IHRA-LOGO-e1544235284936\/1588421938.png\" src=\"data:image\/svg+xml,%3Csvg%20xmlns%3D%22http%3A%2F%2Fwww.w3.org%2F2000%2Fsvg%22%20width%3D%22144%22%20height%3D%22140%22%20viewBox%3D%220%200%20144%20140%22%3E%3C%2Fsvg%3E\"><\/span><span class=\"fg-image-overlay\"><\/span><\/a><figcaption class=\"fg-caption\"><div class=\"fg-caption-inner\"><\/div><\/figcaption><\/figure><div class=\"fg-loader\"><\/div><\/div><div class=\"fg-item fg-type-image fg-idle\"><figure class=\"fg-item-inner\"><a href=\"http:\/\/www.kultura.gov.rs\/\" target=\"_blank\" data-attachment-id=\"755\" class=\"fg-thumb\"><span class=\"fg-image-wrap\"><img height=\"140\" width=\"249.2\" class=\"skip-lazy fg-image\" data-src-fg=\"http:\/\/cieh-chre.org\/porajmosinserbia\/wp-content\/uploads\/sites\/7\/2018\/12\/ministarstvo_kulture-i-informisanja.png\" src=\"data:image\/svg+xml,%3Csvg%20xmlns%3D%22http%3A%2F%2Fwww.w3.org%2F2000%2Fsvg%22%20width%3D%22249.2%22%20height%3D%22140%22%20viewBox%3D%220%200%20249.2%20140%22%3E%3C%2Fsvg%3E\"><\/span><span class=\"fg-image-overlay\"><\/span><\/a><figcaption class=\"fg-caption\"><div class=\"fg-caption-inner\"><\/div><\/figcaption><\/figure><div class=\"fg-loader\"><\/div><\/div><div class=\"fg-item fg-type-image fg-idle\"><figure class=\"fg-item-inner\"><a href=\"https:\/\/www.forumzfd.de\/en\/western-balkans\" target=\"_blank\" data-attachment-id=\"933\" class=\"fg-thumb\"><span class=\"fg-image-wrap\"><img height=\"140\" width=\"106\" class=\"skip-lazy fg-image\" data-src-fg=\"http:\/\/cieh-chre.org\/porajmosinserbia\/wp-content\/uploads\/sites\/7\/2018\/12\/forumZFD-blue-H70.png\" src=\"data:image\/svg+xml,%3Csvg%20xmlns%3D%22http%3A%2F%2Fwww.w3.org%2F2000%2Fsvg%22%20width%3D%22106%22%20height%3D%22140%22%20viewBox%3D%220%200%20106%20140%22%3E%3C%2Fsvg%3E\"><\/span><span class=\"fg-image-overlay\"><\/span><\/a><figcaption class=\"fg-caption\"><div class=\"fg-caption-inner\"><\/div><\/figcaption><\/figure><div class=\"fg-loader\"><\/div><\/div><\/div>\r\n\n<\/div>\n<\/div><\/div><\/div><\/div><div id=\"pg-988-2\"  class=\"panel-grid panel-no-style\" ><div id=\"pgc-988-2-0\"  class=\"panel-grid-cell\" ><div id=\"panel-988-2-0-0\" class=\"so-panel widget widget_sow-editor panel-first-child\" data-index=\"7\" ><div class=\"so-widget-sow-editor so-widget-sow-editor-base\">\n<div class=\"siteorigin-widget-tinymce textwidget\">\n\t<hr \/>\n<p style=\"text-align: center;\"><span style=\"color: #003366;\">Contact: Center\u00a0for Holocaust Research and Education - CHRE, <\/span><span style=\"color: #003366;\">tel: <span style=\"color: #993300;\">+38163247856<\/span>, e-mail: <span style=\"color: #993300;\"><a style=\"color: #993300;\" href=\"mailto:\/\/cieh1chre@gmail.com\" target=\"_blank\" rel=\"noopener noreferrer\">cieh1chre@gmail.com<\/a><\/span> web: <span style=\"color: #993300;\"><a style=\"color: #993300;\" href=\"www.cieh-chre.org\" target=\"_blank\" rel=\"noopener noreferrer\">www.cieh-chre.org<\/a><\/span><\/span><\/p>\n<hr \/>\n<\/div>\n<\/div><\/div><div id=\"panel-988-2-0-1\" class=\"so-panel widget widget_sow-editor panel-last-child\" data-index=\"8\" ><div class=\"so-widget-sow-editor so-widget-sow-editor-base\">\n<div class=\"siteorigin-widget-tinymce textwidget\">\n\t<p style=\"text-align: center;\"><span style=\"font-size: 8pt; color: #003366;\">*\u00a0All parts of this website and project are the intellectual property of their authors, partner organizations and companies whose software and licenses\u00a0and are used on the website, and as such enjoy the legal protection, so no third party can use them without the explicit permission of the authors. (This relates in particular to the concepts, methods and structural elements of the website, map, exhibitions, texts, and visual materials, but is not limited to, and does not exclude other derivatives and authors rights associated with them.) The use of the publication is governed by the Creative Commons license stated on the publication which is free to download.<\/span><\/p>\n<hr \/>\n<\/div>\n<\/div><\/div><\/div><\/div><\/div>","protected":false},"excerpt":{"rendered":"<p>The memorial complex at the Jabuka killing site is the central place of public memory and commemoration of mass crimes of the occupier on the civilian population in Banat. The [&hellip;]<\/p>\n","protected":false},"author":2,"featured_media":0,"parent":0,"menu_order":0,"comment_status":"closed","ping_status":"closed","template":"page-fullwidth.php","meta":[],"acf":[],"wps_subtitle":"","_links":{"self":[{"href":"http:\/\/cieh-chre.org\/porajmosinserbia\/wp-json\/wp\/v2\/pages\/988"}],"collection":[{"href":"http:\/\/cieh-chre.org\/porajmosinserbia\/wp-json\/wp\/v2\/pages"}],"about":[{"href":"http:\/\/cieh-chre.org\/porajmosinserbia\/wp-json\/wp\/v2\/types\/page"}],"author":[{"embeddable":true,"href":"http:\/\/cieh-chre.org\/porajmosinserbia\/wp-json\/wp\/v2\/users\/2"}],"replies":[{"embeddable":true,"href":"http:\/\/cieh-chre.org\/porajmosinserbia\/wp-json\/wp\/v2\/comments?post=988"}],"version-history":[{"count":51,"href":"http:\/\/cieh-chre.org\/porajmosinserbia\/wp-json\/wp\/v2\/pages\/988\/revisions"}],"predecessor-version":[{"id":1312,"href":"http:\/\/cieh-chre.org\/porajmosinserbia\/wp-json\/wp\/v2\/pages\/988\/revisions\/1312"}],"wp:attachment":[{"href":"http:\/\/cieh-chre.org\/porajmosinserbia\/wp-json\/wp\/v2\/media?parent=988"}],"curies":[{"name":"wp","href":"https:\/\/api.w.org\/{rel}","templated":true}]}}