{"id":2,"date":"2018-04-02T02:25:12","date_gmt":"2018-04-02T01:25:12","guid":{"rendered":"http:\/\/cieh-chre.org\/forcedlabourinserbia\/?page_id=2"},"modified":"2018-09-05T09:14:36","modified_gmt":"2018-09-05T07:14:36","slug":"sample-page","status":"publish","type":"page","link":"https:\/\/cieh-chre.org\/forcedlabourinserbia\/","title":{"rendered":"O projektu"},"content":{"rendered":"<div id=\"pl-2\"  class=\"panel-layout\" ><div id=\"pg-2-0\"  class=\"panel-grid panel-no-style\" ><div id=\"pgc-2-0-0\"  class=\"panel-grid-cell\" ><div id=\"panel-2-0-0-0\" class=\"so-panel widget widget_master-slider-main-widget master-slider-main-widget panel-first-child\" data-index=\"0\" >\n\t\t<!-- MasterSlider -->\n\t\t<div id=\"P_MS69f3a4951df4f\" class=\"master-slider-parent ms-parent-id-7\" style=\"\" >\n\n\t\t\t\n\t\t\t<!-- MasterSlider Main -->\n\t\t\t<div id=\"MS69f3a4951df4f\" class=\"master-slider ms-skin-light-6 round-skin\" >\n\t\t\t\t \t\t\t\t \n\t\t\t<div  class=\"ms-slide\" data-delay=\"3\" data-fill-mode=\"fill\"   >\n\t\t\t\t\t<img src=\"https:\/\/cieh-chre.org\/forcedlabourinserbia\/wp-content\/plugins\/masterslider\/public\/assets\/css\/blank.gif\" alt=\"{{title}}\" title=\"{{title}}\" data-src=\"{{image}}\" \/>\n\n\n\t\t\t\t<\/div>\n\n\t\t\t<\/div>\n\t\t\t<!-- END MasterSlider Main -->\n\n\t\t\t \n\t\t<\/div>\n\t\t<!-- END MasterSlider -->\n\n\t\t<script>\n\t\t( window.MSReady = window.MSReady || [] ).push( function( $ ) {\n\n\t\t\t\"use strict\";\n\t\t\tvar masterslider_df4f = new MasterSlider();\n\n\t\t\t\/\/ slider controls\n\t\t\tmasterslider_df4f.control('arrows'     ,{ autohide:true, overVideo:true  });\n\t\t\t\/\/ slider setup\n\t\t\tmasterslider_df4f.setup(\"MS69f3a4951df4f\", {\n\t\t\t\twidth           : 1000,\n\t\t\t\theight          : 500,\n\t\t\t\tminHeight       : 0,\n\t\t\t\tspace           : 1,\n\t\t\t\tstart           : 9801,\n\t\t\t\tgrabCursor      : true,\n\t\t\t\tswipe           : true,\n\t\t\t\tmouse           : true,\n\t\t\t\tkeyboard        : false,\n\t\t\t\tlayout          : \"fillwidth\",\n\t\t\t\twheel           : false,\n\t\t\t\tautoplay        : false,\n                instantStartLayers:false,\n\t\t\t\tmobileBGVideo:false,\n\t\t\t\tloop            : true,\n\t\t\t\tshuffle         : false,\n\t\t\t\tpreload         : 4557,\n\t\t\t\theightLimit     : true,\n\t\t\t\tautoHeight      : false,\n\t\t\t\tsmoothHeight    : true,\n\t\t\t\tendPause        : false,\n\t\t\t\toverPause       : true,\n\t\t\t\tfillMode        : \"fill\",\n\t\t\t\tcenterControls  : true,\n\t\t\t\tstartOnAppear   : false,\n\t\t\t\tlayersMode      : \"center\",\n\t\t\t\tautofillTarget  : \"\",\n\t\t\t\thideLayers      : false,\n\t\t\t\tfullscreenMargin: 0,\n\t\t\t\tspeed           : 17,\n\t\t\t\tdir             : \"h\",\n\t\t\t\tresponsive      : true,\n\t\t\t\ttabletWidth     : 768,\n\t\t\t\ttabletHeight    : null,\n\t\t\t\tphoneWidth      : 480,\n\t\t\t\tphoneHeight    : null,\n\t\t\t\tsizingReference : window,\n\t\t\t\tparallaxMode    : 'swipe',\n\t\t\t\tdeepLink        : 'ms-1',\n\t\t\t\tdeepLinkType    : 'path',\n\t\t\t\tview            : \"fadeBasic\"\n\t\t\t});\n\n\t\t\tnew MSFlickrV2( masterslider_df4f, { key:'de2fab0e6d9076a905dd9158abb41612', id:'72157692381679062', count:1321824332935, thumbSize:'s',imgSize:'c', type:'photoset' });\n\t\t\twindow.masterslider_instances = window.masterslider_instances || [];\n\t\t\twindow.masterslider_instances.push( masterslider_df4f );\n\t\t});\n\t\t<\/script>\n\n<\/div><div id=\"panel-2-0-0-1\" class=\"so-panel widget widget_sow-editor\" data-index=\"1\" ><div class=\"so-widget-sow-editor so-widget-sow-editor-base\">\n<div class=\"siteorigin-widget-tinymce textwidget\">\n\t<hr \/>\n<p style=\"padding-left: 30px; text-align: justify;\">Cilj projekta <em><strong>\u201eProizvo\u0111a\u010di, korisnici i posledice prinudnog rada \u2012 Srbija 1941\u20121944\u201c<\/strong><\/em> je rasvetljavanje nekih va\u017enih aspekata u periodu od 1941. do 1944. godine, kada je Srbija pod nema\u010dkom okupacijom bila istovremeno i proizvo\u0111a\u010d i korisnik prinudnog rada. Istra\u017eiva\u010dki tim veruje da je analiza ovog pitanja va\u017ena i potrebna, posebno u zemljama gde je pad komunisti\u010dkih re\u017eima bio pra\u0107en politi\u010dkim, ekonomskim i dru\u0161tvenim promenama koje su dovele do drasti\u010dne revizije istorije u strogo nacionalisti\u010dkom duhu, kao i rehabilitacije doma\u0107ih li\u010dnosti i pokreta direktno odgovornih za afirmaciju nacionalsocijalizma u Srbiji.<\/p>\n<div style=\"padding-left: 30px; text-align: justify;\">\n<p style=\"padding-left: 30px;\">Istra\u017eiva\u010dki tim je sproveo nezavisno istra\u017eivanje arhivske gra\u0111e u Srbiji i Nema\u010dkoj o klju\u010dnim istorijskim akterima, lokacijama i narativima; uporedo je pregledana postojec\u0301a gra\u0111a, zbog generalnog zanemarivanja teme i oskudne literature o prinudnom radu. Rezultat je objavljena <em><strong>nau\u010dna publikacija o prinudnom radu tokom Drugog svetskog rata u Srbiji<\/strong><\/em> sa sedam autorskih radova, dostupna na srpskom i nema\u010dkom jeziku u \u0161tampanoj formi, i na engleskom jeziku u digitalnoj formi.<\/p>\n<\/div>\n<div style=\"padding-left: 30px; text-align: justify;\">\n<p style=\"padding-left: 30px;\">Projektni tim je organizovao tako\u0111e <em><strong>dva javna simpozijuma<\/strong><\/em>, jedan u Beogradu i drugi u Nirnbergu, na kojima su istori\u010dari iz Srbije, Nema\u010dke, Austrije i \u0160vedske imali mogu\u0107nost da razmene iskustva, uporede stanje u istoriografijama i uspostave nove saradnje.<\/p>\n<\/div>\n<div style=\"padding-left: 30px; text-align: justify;\">\n<p style=\"padding-left: 30px;\">U toku projekta organizovane su i <em><strong>\u010detiri studijske posete lokacijama prinudnog rada<\/strong><\/em> u Srbiji (Bor, Sajmi\u0161te \u2012 Beograd), Hrvatskoj (Jasenovac) i Nema\u010dkoj (Flosenburg), a namera je bila pribli\u017eavanje teme \u0161iroj javnosti, kao i analiza stanja se\u0107anja i memorijalizacije \u017ertava prinudnog rada u Srbiji i inostranstvu.<\/p>\n<\/div>\n<div style=\"padding-left: 30px; text-align: justify;\">\n<p style=\"padding-left: 30px;\">Krajinji rezultat projekta je <em><strong>prvi veb-sajt sa fokusom na prinudni rad u Srbiji za vreme Drugog svetskog rata<\/strong><\/em> sa objavljenom publikacijom u engleskom izdanju, edukativnim materijalima za nastavnike srednjih \u0161kola na srpskom, i dokumentacijom proiza\u0161lom iz svih aktivnosti na projektu, prvenstveno izlaganjima u\u010desnika sa dva odr\u017eana nau\u010dna skupa i \u010detiri studijske posete.<\/p>\n<\/div>\n<div style=\"padding-left: 30px;\">\n<p style=\"padding-left: 30px; text-align: justify;\"><em>Projekat je realizovao Centar za istra\u017eivanje i edukaciju o Holokaustu iz Beograda u partnerstvu sa Humbolt univerzitetom u Berlinu, a podr\u017ean je od strane Fondacije za se\u0107anje, odgovornost i budu\u0107nost u Nema\u010dkoj (Stiftung Erinnerung, Verantwortung und Zukunft\u201c \u2012 EVZ).<\/em><\/p>\n<\/div>\n<\/div>\n<\/div><\/div><div id=\"panel-2-0-0-2\" class=\"so-panel widget widget_sow-editor panel-last-child\" data-index=\"2\" ><div class=\"so-widget-sow-editor so-widget-sow-editor-base\">\n<div class=\"siteorigin-widget-tinymce textwidget\">\n\t<hr \/>\n<p style=\"padding-left: 30px; text-align: justify;\"><em><strong>Projektni tim<\/strong><\/em><\/p>\n<p style=\"padding-left: 30px; text-align: justify;\"><em><strong>Istori\u010darka i koordinatorka projekta u Nema\u010dkoj - Sanela Schmid, Humbolt univerzitet<\/strong><\/em><br \/> Sanela Schmid je 2012. godine doktorirala na Univerzitetu u Bernu doktorskom disertacijom po nazivom \u201eNema\u010dka i italijanska okupacija u Nezavisnoj dr\u017eavi Hrvatskoj 1941\u20121943\/45\u201c. Od 2012. do 2016. godine radila je na tomu 14 \u201eOkupirana jugoisto\u010dna Evropa i Italija\u201c zbirke dokumenata \u201eProgon i ubistvo evropskih Jevreja od strane nacisti\u010dke Nema\u010dke, 1933\u20121945\u201c. Trenutno organizuje nau\u010dnu mre\u017eu na temu \u201ePlja\u010dka jevrejske imovine u Jugoslaviji od 1940. do 1945. godine\u201c, sa sedi\u0161tem na Humbolt univerzitetu u Berlinu (Katedra za nema\u010dku istoriju u 20. veku). Autorka je brojnih nau\u010dnih publikacija iz oblasti Drugog svetskog rata i Holokausta.<\/p>\n<p style=\"text-align: justify; padding-left: 30px;\"><em><strong>Istori\u010dar, Srbija - Milovan Pisarri, CIEH<\/strong><\/em><br \/> Doktorirao je istoriju 2011. godine na Univerzitetu u Veneciji. U svom istra\u017eiva\u010dkom radu bavi se Holokaustom, i genocidom nad Romima u Drugom svetskom ratu u Srbiji. Objavio vi\u0161e nau\u010dnih radova i \u010dlanaka. Bio je jedan od suosniva\u010da \u201eCentra za istra\u017eivanje i edukaciju o Holokaustu\u201c. Osniva\u010d \"Centra za primenjenu istoriju\". Kao stru\u010dnjak je anga\u017eovan u Nacionalnoj radnoj grupi na projektu izrade edukativnih materijala o Holokaustu i antisemitizmu u Srbiji, koji \u0107e realizovati Ku\u0107a Ane Frank iz Amsterdama u saradnji s Ministarstvom prosvete Republike Srbije i Organizacijom za evropsku bezbednost i saradnju (OEBS).<\/p>\n<p style=\"text-align: justify; padding-left: 30px;\"><em><strong>Web-administrator, dizajn, fotografija - Nikola Radi\u0107 Lucati, CIEH<\/strong><\/em><br \/> Likovni umetnik, postdiplomac akademija u Beogradu i Jerusalimu, od 2000. predavao medijsku umetnost na Bezalel akademiji umetnosti u Jerusalimu, i fotografiju na koled\u017eu Camera Obscura u Tel Avivu. Redovno izla\u017ee, a mnoge od svojih izlo\u017ebi je posvetio ideji prava manjina na interpretaciju i reprezentaciju sopstvene istorije. Javno aktivan, pi\u0161e i predaje o pitanjima medijske reprezentacije manjina, izlaga\u010d i u\u010desnik brojnih konferencija, predavanja, radionica i seminara o Holokaustu, istorijskom revizionizmu, kulturi se\u0107anja, genocidu nad Romima i o srodnim temama. Suosniva\u010d je Centra za istra\u017eivanje i edukaciju o Holokaustu.<\/p>\n<p style=\"padding-left: 30px; text-align: justify;\"><em><strong>Koordinatorka projekta u Srbiji - Ru\u017eica Devi\u0107, CIEH<\/strong><\/em><br \/> Diplomirala je filozofiju na Filozofskom fakultetu Univerziteta u Beogradu. Preko 10 godina je anga\u017eovana kao aktivistkinja i koordinatorka u oblasti ljudskih prava, suo\u010davanja sa pro\u0161losti, na radu sa manjinama i marginalizovanim grupama. U Inicijativi mladih za ljudska prava je radila od 2007. godine na programima regionalne saradnje izme\u0111u Kosova, Srbije i BiH. Bila je anga\u017eovana 2015\/2016. kao istra\u017eiva\u010dica i koordinatorka na projektu stvaranja digitalne arhive jevrejske zajednice Srbije pre Drugog svetskog rata od strane Saveza jevrejskih op\u0161tina Srbije. U 2017. je provela \u010detiri meseca na fellowship programu ameri\u010dke vlade, Biroa za edukaciju, u Muzeju Holokausta u Los An\u0111elesu. Kao \u010dlanica CIEH-a je aktivna od 2016. godine kao koordinatorka na razli\u010ditim projektima.<\/p>\n<p style=\"padding-left: 30px; text-align: justify;\"><em><strong>Asistent - Jasmina Lazovi\u0107, CIEH<\/strong><\/em><br \/> Vodi organizaciju Freemuse u Srbiji. Bila je zaposlena u Inicijativi mladih za ljudska prava od oktobra 2009. godine, prvo u outreach programu Inicijative, a zatim i na poziciji koordinatorke Programa za tranzicionu pravdu. Diplomirala je na Fakultetu politi\u010dkih nauka (novinarsko-komunikolo\u0161ki smer), gde je trenutno na master programu. U maju 2008. izabrana je na konkursu da, sa jo\u0161 devetoro mladih iz Srbije, u\u010destvuje u programu sta\u017eiranja u Me\u0111unarodnom krivi\u010dnom tribunalu za biv\u0161u Jugoslaviju u Hagu i u Odeljenju za ratne zlo\u010dine Vi\u0161eg suda u Beogradu. Jasmina je koordinirala brojne projekte razmene mladih sa ciljem obrazovanja o neposrednoj pro\u0161losti u regionu, kao i onih koji su za cilj imali integraciju manjina u srbijansko dru\u0161tvo. Od 2017. godine je aktivna \u010dlanica CIEH-a kroz rad na razli\u010ditim projektima.<\/p>\n<p style=\"padding-left: 30px; text-align: justify;\">\u00a0<em><strong>Urednici nau\u010dne publikacije:\u00a0<\/strong><\/em><em><strong>Sanela Schmid i Milovan Pisarri\u00a0<\/strong><\/em><\/p>\n<hr \/>\n<p style=\"padding-left: 30px; text-align: justify;\">\u00a0<\/p>\n<\/div>\n<\/div><\/div><\/div><\/div><\/div>","protected":false},"excerpt":{"rendered":"<p>Cilj projekta \u201eProizvo\u0111a\u010di, korisnici i posledice prinudnog rada \u2012 Srbija 1941\u20121944\u201c je rasvetljavanje nekih va\u017enih aspekata u periodu od 1941. do 1944. godine, kada je Srbija pod nema\u010dkom okupacijom bila [&hellip;]<\/p>\n","protected":false},"author":4,"featured_media":0,"parent":0,"menu_order":0,"comment_status":"closed","ping_status":"closed","template":"","meta":[],"acf":[],"wps_subtitle":"","_links":{"self":[{"href":"https:\/\/cieh-chre.org\/forcedlabourinserbia\/wp-json\/wp\/v2\/pages\/2"}],"collection":[{"href":"https:\/\/cieh-chre.org\/forcedlabourinserbia\/wp-json\/wp\/v2\/pages"}],"about":[{"href":"https:\/\/cieh-chre.org\/forcedlabourinserbia\/wp-json\/wp\/v2\/types\/page"}],"author":[{"embeddable":true,"href":"https:\/\/cieh-chre.org\/forcedlabourinserbia\/wp-json\/wp\/v2\/users\/4"}],"replies":[{"embeddable":true,"href":"https:\/\/cieh-chre.org\/forcedlabourinserbia\/wp-json\/wp\/v2\/comments?post=2"}],"version-history":[{"count":47,"href":"https:\/\/cieh-chre.org\/forcedlabourinserbia\/wp-json\/wp\/v2\/pages\/2\/revisions"}],"predecessor-version":[{"id":559,"href":"https:\/\/cieh-chre.org\/forcedlabourinserbia\/wp-json\/wp\/v2\/pages\/2\/revisions\/559"}],"wp:attachment":[{"href":"https:\/\/cieh-chre.org\/forcedlabourinserbia\/wp-json\/wp\/v2\/media?parent=2"}],"curies":[{"name":"wp","href":"https:\/\/api.w.org\/{rel}","templated":true}]}}