{"id":241,"date":"2018-04-13T09:14:27","date_gmt":"2018-04-13T07:14:27","guid":{"rendered":"http:\/\/cieh-chre.org\/forcedlabourinserbia\/?page_id=241"},"modified":"2018-04-15T21:10:13","modified_gmt":"2018-04-15T19:10:13","slug":"241-2","status":"publish","type":"page","link":"https:\/\/cieh-chre.org\/forcedlabourinserbia\/241-2\/","title":{"rendered":"Zoran Janjetovic"},"content":{"rendered":"<div id=\"pl-241\"  class=\"panel-layout\" ><div id=\"pg-241-0\"  class=\"panel-grid panel-no-style\" ><div id=\"pgc-241-0-0\"  class=\"panel-grid-cell\" ><div id=\"panel-241-0-0-0\" class=\"so-panel widget widget_sow-editor panel-first-child panel-last-child\" data-index=\"0\" ><div class=\"so-widget-sow-editor so-widget-sow-editor-base\">\n<div class=\"siteorigin-widget-tinymce textwidget\">\n\t<p class=\"p1\"><span class=\"s1\"><b><img loading=\"lazy\" class=\"alignleft size-full wp-image-242\" src=\"http:\/\/cieh-chre.org\/forcedlabourinserbia\/wp-content\/uploads\/sites\/4\/2018\/04\/JANJETOVIC.jpg\" alt=\"\" width=\"150\" height=\"150\" \/><em><span style=\"color: #993300;\"><a style=\"color: #993300;\" href=\"http:\/\/www.inisbgd.co.rs\/saradnici\/33-dr-zoran-janjetovic.html\" target=\"_blank\" rel=\"noopener noreferrer\">Zoran Janjetovi\u0107<\/a><\/span><\/em><\/b><\/span><\/p>\n<p class=\"p2\"><span class=\"s1\"><b>Institut za noviju istoriju Srbije<\/b><\/span><\/p>\n<p class=\"p3\">Zoran Janjetovi\u0107 je istori\u010dar iz Srbije koji se bavi istra\u017eivanjem Drugog svetskog rata, nacionalnih manjina, jugoslovensko-nema\u010dkih diplomatskih odnosa, kao i popularne kulture u socijalisti\u010dkoj Jugoslaviji. Trenutno radi kao vi\u0161i nau\u010dni saradnik Instituta za noviju istoriju.<\/p>\n<p class=\"p2\"><em><span class=\"s1\"><b>Prinudni rad u okupiranom Banatu 1941\u20121944<\/b><\/span><\/em><\/p>\n<p class=\"p2\"><span class=\"s1\">Tokom svog izlaganja Janjetovi\u0107 je razmatrao razli\u010dite vidove prinudnog rada u Banatu pod nema\u010dkom okupacijom (1941\u20121944), a posebnu pa\u017enju je posvetio tzv. obaveznom radu kao najmasovnijem vidu prinudnog rada u Pokrajini.<\/span><\/p>\n<\/div>\n<\/div><\/div><\/div><\/div><div id=\"pg-241-1\"  class=\"panel-grid panel-no-style\" ><div id=\"pgc-241-1-0\"  class=\"panel-grid-cell\" ><div id=\"panel-241-1-0-0\" class=\"so-panel widget widget_sow-editor panel-first-child panel-last-child\" data-index=\"1\" ><div class=\"so-widget-sow-editor so-widget-sow-editor-base\">\n<div class=\"siteorigin-widget-tinymce textwidget\">\n\t<p><iframe loading=\"lazy\" src=\"https:\/\/www.youtube.com\/embed\/0DU-9Qo3dgU?rel=0&showinfo=0\" width=\"920\" height=\"560\" frameborder=\"0\" allowfullscreen=\"allowfullscreen\"><\/iframe> Izlaganje <em><strong>Zorana Janjetovi\u0107a<\/strong><\/em>\u00a0na\u00a0seminaru\u00a0\u201cProizvo\u0111a\u010di, korisnici i posledice prinudnog rada -\u00a0Srbija 1941-1944\u201d u\u00a0<span style=\"color: #993300;\"><a style=\"color: #993300;\" href=\"https:\/\/museums.nuernberg.de\/documentation-center\/\" target=\"_blank\" rel=\"noopener noreferrer\">Documentation Center Nazi Party Rallying Grounds<\/a><\/span><\/p>\n<\/div>\n<\/div><\/div><\/div><\/div><div id=\"pg-241-2\"  class=\"panel-grid panel-no-style\" ><div id=\"pgc-241-2-0\"  class=\"panel-grid-cell\" ><div id=\"panel-241-2-0-0\" class=\"so-panel widget widget_sow-editor panel-first-child panel-last-child\" data-index=\"2\" ><div class=\"so-widget-sow-editor so-widget-sow-editor-base\">\n<div class=\"siteorigin-widget-tinymce textwidget\">\n\t<p><iframe loading=\"lazy\" src=\"https:\/\/www.youtube.com\/embed\/nK3P0iGG9Js?rel=0&showinfo=0\" width=\"920\" height=\"560\" frameborder=\"0\" allowfullscreen=\"allowfullscreen\"><\/iframe> Izlaganje <em><strong>Zorana Janjetovi\u0107a<\/strong><\/em>\u00a0na\u00a0seminaru \u201cPrinudni rad u Srbiji 1941-1944: Istorijska kontekstualizacija i topografija se\u0107anja\u201d u<span style=\"color: #993300;\">\u00a0<a style=\"color: #993300;\" href=\"https:\/\/jobeograd.org\/\" target=\"_blank\" rel=\"noopener noreferrer\">Jevrejskoj op\u0161tini Beograd<\/a><\/span><\/p>\n<p class=\"p1\">\u00a0<\/p>\n<\/div>\n<\/div><\/div><\/div><\/div><\/div>","protected":false},"excerpt":{"rendered":"<p>Zoran Janjetovi\u0107Institut za noviju istoriju SrbijeZoran Janjetovi\u0107 je istori\u010dar iz Srbije koji se bavi istra\u017eivanjem Drugog svetskog rata, nacionalnih manjina, jugoslovensko-nema\u010dkih diplomatskih odnosa, kao i popularne kulture u socijalisti\u010dkoj Jugoslaviji. [&hellip;]<\/p>\n","protected":false},"author":2,"featured_media":0,"parent":0,"menu_order":0,"comment_status":"closed","ping_status":"closed","template":"","meta":[],"acf":[],"wps_subtitle":"","_links":{"self":[{"href":"https:\/\/cieh-chre.org\/forcedlabourinserbia\/wp-json\/wp\/v2\/pages\/241"}],"collection":[{"href":"https:\/\/cieh-chre.org\/forcedlabourinserbia\/wp-json\/wp\/v2\/pages"}],"about":[{"href":"https:\/\/cieh-chre.org\/forcedlabourinserbia\/wp-json\/wp\/v2\/types\/page"}],"author":[{"embeddable":true,"href":"https:\/\/cieh-chre.org\/forcedlabourinserbia\/wp-json\/wp\/v2\/users\/2"}],"replies":[{"embeddable":true,"href":"https:\/\/cieh-chre.org\/forcedlabourinserbia\/wp-json\/wp\/v2\/comments?post=241"}],"version-history":[{"count":25,"href":"https:\/\/cieh-chre.org\/forcedlabourinserbia\/wp-json\/wp\/v2\/pages\/241\/revisions"}],"predecessor-version":[{"id":363,"href":"https:\/\/cieh-chre.org\/forcedlabourinserbia\/wp-json\/wp\/v2\/pages\/241\/revisions\/363"}],"wp:attachment":[{"href":"https:\/\/cieh-chre.org\/forcedlabourinserbia\/wp-json\/wp\/v2\/media?parent=241"}],"curies":[{"name":"wp","href":"https:\/\/api.w.org\/{rel}","templated":true}]}}