{"id":256,"date":"2018-04-15T11:55:07","date_gmt":"2018-04-15T09:55:07","guid":{"rendered":"http:\/\/cieh-chre.org\/forcedlabourinserbia\/?page_id=256"},"modified":"2018-04-15T20:57:03","modified_gmt":"2018-04-15T18:57:03","slug":"241-2-2-2-2","status":"publish","type":"page","link":"https:\/\/cieh-chre.org\/forcedlabourinserbia\/241-2-2-2-2\/","title":{"rendered":"Ulrich Fritz"},"content":{"rendered":"<div id=\"pl-256\"  class=\"panel-layout\" ><div id=\"pg-256-0\"  class=\"panel-grid panel-no-style\" ><div id=\"pgc-256-0-0\"  class=\"panel-grid-cell\" ><div id=\"panel-256-0-0-0\" class=\"so-panel widget widget_sow-editor panel-first-child panel-last-child\" data-index=\"0\" ><div class=\"so-widget-sow-editor so-widget-sow-editor-base\">\n<div class=\"siteorigin-widget-tinymce textwidget\">\n\t<p class=\"p1\"><span class=\"s1\"><b><img loading=\"lazy\" class=\"alignleft wp-image-262 size-full\" src=\"http:\/\/cieh-chre.org\/forcedlabourinserbia\/wp-content\/uploads\/sites\/4\/2018\/04\/ULRICH-FRITZ-SQS.png\" alt=\"\" width=\"150\" height=\"150\" \/><\/b><\/span><\/p>\n<p><em><span style=\"color: #993300;\"><strong>Ulrich Fritz<\/strong><\/span><\/em><\/p>\n<p><em>Bavarian Memorial Foundation, Minhen<\/em><\/p>\n<p>Urlih Fric se u svojim istra\u017eivanjima bavi koncentracionim logorom Flosenburg i njegovim podlogorima. Radi kao istra\u017eiva\u010d pri <strong><em>Bavarian Memorial Foundation<\/em><\/strong>, na projektu \u201ePodlogori u Bavariji\u201c. Kurator je stalne izlo\u017ebe u memorijalima Flosenburg, Hersbruk i Mildorf.<\/p>\n<p><strong>Hersbruk\u00a0- drugi po veli\u010dini podlogor koncentracionog logora Flosenburg<\/strong><\/p>\n<p>Tokom svog izlaganja na Simpozijumu u Nirnbergu, Urlih Fric je predstavio svoje istra\u017eivanje o Hersbruku, drugom po veli\u010dini podlogoru koncentracionog logora Flosenburg.<\/p>\n<\/div>\n<\/div><\/div><\/div><\/div><div id=\"pg-256-1\"  class=\"panel-grid panel-no-style\" ><div id=\"pgc-256-1-0\"  class=\"panel-grid-cell\" ><div id=\"panel-256-1-0-0\" class=\"so-panel widget widget_sow-editor panel-first-child panel-last-child\" data-index=\"1\" ><div class=\"so-widget-sow-editor so-widget-sow-editor-base\">\n<div class=\"siteorigin-widget-tinymce textwidget\">\n\t<p><iframe loading=\"lazy\" src=\"https:\/\/www.youtube.com\/embed\/2pu8pLwuiQE?rel=0&showinfo=0\" width=\"920\" height=\"560\" frameborder=\"0\" allowfullscreen=\"allowfullscreen\"><\/iframe><br \/>\nIzlaganje <em><strong>Ulriha Fritza<\/strong><\/em> na\u00a0seminaru\u00a0\u201cProizvo\u0111a\u010di, korisnici i posledice prinudnog rada -\u00a0Srbija 1941-1944\u201d u\u00a0<span style=\"color: #993300;\"><a style=\"color: #993300;\" href=\"https:\/\/museums.nuernberg.de\/documentation-center\/\" target=\"_blank\" rel=\"noopener noreferrer\">Documentation Center Nazi Party Rallying Grounds<\/a><\/span><\/p>\n<\/div>\n<\/div><\/div><\/div><\/div><\/div>","protected":false},"excerpt":{"rendered":"<p>Ulrich FritzBavarian Memorial Foundation, MinhenUrlih Fric se u svojim istra\u017eivanjima bavi koncentracionim logorom Flosenburg i njegovim podlogorima. Radi kao istra\u017eiva\u010d pri Bavarian Memorial Foundation, na projektu \u201ePodlogori u Bavariji\u201c. Kurator [&hellip;]<\/p>\n","protected":false},"author":2,"featured_media":0,"parent":0,"menu_order":0,"comment_status":"closed","ping_status":"closed","template":"","meta":[],"acf":[],"wps_subtitle":"","_links":{"self":[{"href":"https:\/\/cieh-chre.org\/forcedlabourinserbia\/wp-json\/wp\/v2\/pages\/256"}],"collection":[{"href":"https:\/\/cieh-chre.org\/forcedlabourinserbia\/wp-json\/wp\/v2\/pages"}],"about":[{"href":"https:\/\/cieh-chre.org\/forcedlabourinserbia\/wp-json\/wp\/v2\/types\/page"}],"author":[{"embeddable":true,"href":"https:\/\/cieh-chre.org\/forcedlabourinserbia\/wp-json\/wp\/v2\/users\/2"}],"replies":[{"embeddable":true,"href":"https:\/\/cieh-chre.org\/forcedlabourinserbia\/wp-json\/wp\/v2\/comments?post=256"}],"version-history":[{"count":21,"href":"https:\/\/cieh-chre.org\/forcedlabourinserbia\/wp-json\/wp\/v2\/pages\/256\/revisions"}],"predecessor-version":[{"id":354,"href":"https:\/\/cieh-chre.org\/forcedlabourinserbia\/wp-json\/wp\/v2\/pages\/256\/revisions\/354"}],"wp:attachment":[{"href":"https:\/\/cieh-chre.org\/forcedlabourinserbia\/wp-json\/wp\/v2\/media?parent=256"}],"curies":[{"name":"wp","href":"https:\/\/api.w.org\/{rel}","templated":true}]}}