{"id":326,"date":"2018-04-15T17:07:19","date_gmt":"2018-04-15T15:07:19","guid":{"rendered":"http:\/\/cieh-chre.org\/forcedlabourinserbia\/?page_id=326"},"modified":"2018-04-17T23:35:26","modified_gmt":"2018-04-17T21:35:26","slug":"241-2-2-3-2","status":"publish","type":"page","link":"https:\/\/cieh-chre.org\/forcedlabourinserbia\/241-2-2-3-2\/","title":{"rendered":"Christa Kochendorfer"},"content":{"rendered":"<div id=\"pl-326\"  class=\"panel-layout\" ><div id=\"pg-326-0\"  class=\"panel-grid panel-no-style\" ><div id=\"pgc-326-0-0\"  class=\"panel-grid-cell\" ><div id=\"panel-326-0-0-0\" class=\"so-panel widget widget_sow-editor panel-first-child panel-last-child\" data-index=\"0\" ><div class=\"so-widget-sow-editor so-widget-sow-editor-base\">\n<div class=\"siteorigin-widget-tinymce textwidget\">\n\t<p class=\"p1\"><span class=\"s1\"><b><img loading=\"lazy\" class=\"alignleft wp-image-327 size-full\" src=\"http:\/\/cieh-chre.org\/forcedlabourinserbia\/wp-content\/uploads\/sites\/4\/2018\/04\/CHRISTA-KOCHENDORFER-SQS.png\" alt=\"\" width=\"150\" height=\"150\" \/><\/b><\/span><\/p>\n<p><span style=\"color: #993300;\"><em><strong>Christa Kochendorfer<\/strong><\/em><\/span><\/p>\n<p><em><span style=\"color: #993300;\"><a style=\"color: #993300;\" href=\"https:\/\/www.voestalpine.com\/zeitgeschichte\/en\/Museum\" target=\"_blank\" rel=\"noopener noreferrer\">Muzej Foe\u0161talpine, Linc<\/a><\/span><\/em><\/p>\n<p>Krista Kohendorfer je koordinatorka u muzeju Foe\u0161talpine u Lincu, u kome je stalna postavka posve\u0107ena prinudnom radu izme\u0111u 1938. i 1945. godine, a naro\u010dito prinudnim radnicima iz drugih zemalja, zatvorenicima koncentracionih logora i ratnim zarobljenicima na prinudnom radu u Austriji.<\/p>\n<p>Museum of Contemporary History 1938\u20121945 dedicated to the national-socialist forced labourers at the Linz location of the \u201eReichswerke Hermann G\u00f6ring AG Berlin\u201c<\/p>\n<p><strong>\u00a0<\/strong>Na Simpozijumu u Beogradu Krista Kohendorfer je predstavila rad muzeja Foe\u0161talpine \u00a0u Lincu, kao i istoriju prinudnog rada pri industrijskom kompleksu \u201eReichswerke Hermann G\u00f6ring AG Berlin<strong>\u201c, <\/strong>koji je tokom Drugog svetskog rata koristio radnike iz drugih zemalja, zatvorenike koncentracionih logora i ratne zarobljenike za prinudni rad.<\/p>\n<\/div>\n<\/div><\/div><\/div><\/div><div id=\"pg-326-1\"  class=\"panel-grid panel-no-style\" ><div id=\"pgc-326-1-0\"  class=\"panel-grid-cell\" ><div id=\"panel-326-1-0-0\" class=\"so-panel widget widget_sow-editor panel-first-child panel-last-child\" data-index=\"1\" ><div class=\"so-widget-sow-editor so-widget-sow-editor-base\">\n<div class=\"siteorigin-widget-tinymce textwidget\">\n\t<p><iframe loading=\"lazy\" src=\"https:\/\/www.youtube.com\/embed\/o9sp412BP08?rel=0&showinfo=0\" width=\"920\" height=\"560\" frameborder=\"0\" allowfullscreen=\"allowfullscreen\"><\/iframe> Izlaganje <em><strong>Ch<\/strong><strong>riste Kohendorfer\u00a0<\/strong><\/em>na\u00a0seminaru \u201cPrinudni rad u Srbiji 1941-1944: Istorijska kontekstualizacija i topografija se\u0107anja\u201d u<span style=\"color: #993300;\">\u00a0<a style=\"color: #993300;\" href=\"https:\/\/jobeograd.org\/\" target=\"_blank\" rel=\"noopener noreferrer\">Jevrejskoj op\u0161tini Beograd<\/a><\/span><\/p>\n<\/div>\n<\/div><\/div><\/div><\/div><\/div>","protected":false},"excerpt":{"rendered":"<p>Christa KochendorferMuzej Foe\u0161talpine, LincKrista Kohendorfer je koordinatorka u muzeju Foe\u0161talpine u Lincu, u kome je stalna postavka posve\u0107ena prinudnom radu izme\u0111u 1938. i 1945. godine, a naro\u010dito prinudnim radnicima iz [&hellip;]<\/p>\n","protected":false},"author":2,"featured_media":0,"parent":0,"menu_order":0,"comment_status":"closed","ping_status":"closed","template":"","meta":[],"acf":[],"wps_subtitle":"","_links":{"self":[{"href":"https:\/\/cieh-chre.org\/forcedlabourinserbia\/wp-json\/wp\/v2\/pages\/326"}],"collection":[{"href":"https:\/\/cieh-chre.org\/forcedlabourinserbia\/wp-json\/wp\/v2\/pages"}],"about":[{"href":"https:\/\/cieh-chre.org\/forcedlabourinserbia\/wp-json\/wp\/v2\/types\/page"}],"author":[{"embeddable":true,"href":"https:\/\/cieh-chre.org\/forcedlabourinserbia\/wp-json\/wp\/v2\/users\/2"}],"replies":[{"embeddable":true,"href":"https:\/\/cieh-chre.org\/forcedlabourinserbia\/wp-json\/wp\/v2\/comments?post=326"}],"version-history":[{"count":10,"href":"https:\/\/cieh-chre.org\/forcedlabourinserbia\/wp-json\/wp\/v2\/pages\/326\/revisions"}],"predecessor-version":[{"id":489,"href":"https:\/\/cieh-chre.org\/forcedlabourinserbia\/wp-json\/wp\/v2\/pages\/326\/revisions\/489"}],"wp:attachment":[{"href":"https:\/\/cieh-chre.org\/forcedlabourinserbia\/wp-json\/wp\/v2\/media?parent=326"}],"curies":[{"name":"wp","href":"https:\/\/api.w.org\/{rel}","templated":true}]}}