{"id":364,"date":"2018-04-15T21:12:47","date_gmt":"2018-04-15T19:12:47","guid":{"rendered":"http:\/\/cieh-chre.org\/forcedlabourinserbia\/?page_id=364"},"modified":"2018-04-15T21:32:22","modified_gmt":"2018-04-15T19:32:22","slug":"241-2-2-3-3","status":"publish","type":"page","link":"https:\/\/cieh-chre.org\/forcedlabourinserbia\/241-2-2-3-3\/","title":{"rendered":"Verena Lucia N\u00e4gel"},"content":{"rendered":"<div id=\"pl-364\"  class=\"panel-layout\" ><div id=\"pg-364-0\"  class=\"panel-grid panel-no-style\" ><div id=\"pgc-364-0-0\"  class=\"panel-grid-cell\" ><div id=\"panel-364-0-0-0\" class=\"so-panel widget widget_sow-editor panel-first-child panel-last-child\" data-index=\"0\" ><div class=\"so-widget-sow-editor so-widget-sow-editor-base\">\n<div class=\"siteorigin-widget-tinymce textwidget\">\n\t<p class=\"p1\"><span class=\"s1\"><b><img loading=\"lazy\" class=\"alignleft wp-image-367 size-full\" src=\"http:\/\/cieh-chre.org\/forcedlabourinserbia\/wp-content\/uploads\/sites\/4\/2018\/04\/Verena-Lucia-Nagel-SQS.png\" alt=\"\" width=\"150\" height=\"150\" \/><\/b><\/span><\/p>\n<p><span style=\"color: #993300;\"><em><a style=\"color: #993300;\" href=\"https:\/\/www.cedis.fu-berlin.de\/cedis\/mitarbeiter\/beschaeftigte\/vnaegel.html\" target=\"_blank\" rel=\"noopener noreferrer\"><strong>Verena Lucia <\/strong><strong>N\u00e4gel<\/strong><\/a><\/em><\/span><\/p>\n<p><em><span style=\"color: #993300;\">Slobodni univerzitet univerzitet, Berlin<\/span><\/em><\/p>\n<p>Verena Lucia Nagel se bavi politi\u010dkim naukama i istra\u017eiva\u010dkim radom pri Centru za digitalne sisteme na Slobodnom univerzitetu u Berlinu. U svom radu se fokusira na integraciju video-svedo\u010denja pre\u017eivelih Holokausta u istra\u017eivanja, edukaciju i \u0161kolski sistem u Nema\u010dkoj. Osim toga, predaje na Slobodnom univerzitetu.<\/p>\n<p><span style=\"color: #993300;\"><em>Projekat \u201ePrinudni rad 1939\u20121945\u201c. Se\u0107anje i istorija<\/em><\/span><\/p>\n<p>Ova autorka je na Simpozijumu u Beogradu predstavila projekat \u201ePrinudni rad 1939\u20121945\u201c, koji se sastoji od video-intervjua arhiviranih na Slobodnom univerzitetu u Berlinu (<em>Freie Universit\u00e4t<\/em>), a koji govore o zatvorenicima koncentracionih logora i ratnim zatvorenicima iz okupiranih zemalja, koji su bi bili prisiljeni na prinudni rad u Nema\u010dkoj. Cela arhiva se sastoji od 590 audio i video-intervjua sa pre\u017eivelima.<\/p>\n<\/div>\n<\/div><\/div><\/div><\/div><div id=\"pg-364-1\"  class=\"panel-grid panel-no-style\" ><div id=\"pgc-364-1-0\"  class=\"panel-grid-cell\" ><div id=\"panel-364-1-0-0\" class=\"so-panel widget widget_sow-editor panel-first-child panel-last-child\" data-index=\"1\" ><div class=\"so-widget-sow-editor so-widget-sow-editor-base\">\n<div class=\"siteorigin-widget-tinymce textwidget\">\n\t<p><iframe loading=\"lazy\" src=\"https:\/\/www.youtube.com\/embed\/sVdau6WI0bQ?rel=0&showinfo=0\" width=\"920\" height=\"560\" frameborder=\"0\" allowfullscreen=\"allowfullscreen\"><\/iframe>\u00a0Izlaganje <em><strong>Verene Lucie N\u00e4gel<\/strong><\/em> na\u00a0seminaru \u201cPrinudni rad u Srbiji 1941-1944: Istorijska kontekstualizacija i topografija se\u0107anja\u201d u<span style=\"color: #993300;\">\u00a0<a style=\"color: #993300;\" href=\"https:\/\/jobeograd.org\/\" target=\"_blank\" rel=\"noopener noreferrer\">Jevrejskoj op\u0161tini Beograd<\/a><\/span><\/p>\n<p class=\"p1\">\u00a0<\/p>\n<\/div>\n<\/div><\/div><\/div><\/div><\/div>","protected":false},"excerpt":{"rendered":"<p>Verena Lucia N\u00e4gelSlobodni univerzitet univerzitet, BerlinVerena Lucia Nagel se bavi politi\u010dkim naukama i istra\u017eiva\u010dkim radom pri Centru za digitalne sisteme na Slobodnom univerzitetu u Berlinu. U svom radu se fokusira [&hellip;]<\/p>\n","protected":false},"author":2,"featured_media":0,"parent":0,"menu_order":0,"comment_status":"closed","ping_status":"closed","template":"","meta":[],"acf":[],"wps_subtitle":"","_links":{"self":[{"href":"https:\/\/cieh-chre.org\/forcedlabourinserbia\/wp-json\/wp\/v2\/pages\/364"}],"collection":[{"href":"https:\/\/cieh-chre.org\/forcedlabourinserbia\/wp-json\/wp\/v2\/pages"}],"about":[{"href":"https:\/\/cieh-chre.org\/forcedlabourinserbia\/wp-json\/wp\/v2\/types\/page"}],"author":[{"embeddable":true,"href":"https:\/\/cieh-chre.org\/forcedlabourinserbia\/wp-json\/wp\/v2\/users\/2"}],"replies":[{"embeddable":true,"href":"https:\/\/cieh-chre.org\/forcedlabourinserbia\/wp-json\/wp\/v2\/comments?post=364"}],"version-history":[{"count":8,"href":"https:\/\/cieh-chre.org\/forcedlabourinserbia\/wp-json\/wp\/v2\/pages\/364\/revisions"}],"predecessor-version":[{"id":373,"href":"https:\/\/cieh-chre.org\/forcedlabourinserbia\/wp-json\/wp\/v2\/pages\/364\/revisions\/373"}],"wp:attachment":[{"href":"https:\/\/cieh-chre.org\/forcedlabourinserbia\/wp-json\/wp\/v2\/media?parent=364"}],"curies":[{"name":"wp","href":"https:\/\/api.w.org\/{rel}","templated":true}]}}