{"id":374,"date":"2018-04-15T22:14:23","date_gmt":"2018-04-15T20:14:23","guid":{"rendered":"http:\/\/cieh-chre.org\/forcedlabourinserbia\/?page_id=374"},"modified":"2018-04-15T22:23:01","modified_gmt":"2018-04-15T20:23:01","slug":"241-2-2-3-3-2","status":"publish","type":"page","link":"https:\/\/cieh-chre.org\/forcedlabourinserbia\/241-2-2-3-3-2\/","title":{"rendered":"Milan Ristovi\u0107"},"content":{"rendered":"<div id=\"pl-374\"  class=\"panel-layout\" ><div id=\"pg-374-0\"  class=\"panel-grid panel-no-style\" ><div id=\"pgc-374-0-0\"  class=\"panel-grid-cell\" ><div id=\"panel-374-0-0-0\" class=\"so-panel widget widget_sow-editor panel-first-child panel-last-child\" data-index=\"0\" ><div class=\"so-widget-sow-editor so-widget-sow-editor-base\">\n<div class=\"siteorigin-widget-tinymce textwidget\">\n\t<p class=\"p1\"><span class=\"s1\"><b><img loading=\"lazy\" class=\"alignleft wp-image-375 size-full\" src=\"http:\/\/cieh-chre.org\/forcedlabourinserbia\/wp-content\/uploads\/sites\/4\/2018\/04\/MILAN-RISTOVIC-SQS.png\" alt=\"\" width=\"150\" height=\"150\" \/><\/b><\/span><\/p>\n<p><span style=\"color: #993300;\"><em><a style=\"color: #993300;\" href=\"http:\/\/www.f.bg.ac.rs\/sr-lat\/istorija\/zaposleni_od\" target=\"_blank\" rel=\"noopener noreferrer\"><strong>Milan Ristovi\u0107<\/strong><\/a><\/em><\/span><\/p>\n<p>Filozofski fakultet, Univerzitet u Beogradu<\/p>\n<p>Milan Ristovi\u0107 je istori\u010dar i redovni profesor na Katedri za op\u0161tu savremenu istoriju Filozofskog fakulteta u Beogradu. Glavna oblast njegovog istra\u017eivanja je istorija Evrope i jugoisto\u010dne Evrope 20. veka sa naglaskom na Nema\u010dku, Veliku Britaniju i Austriju.<\/p>\n<p><strong>Srbija tokom Drugog svetskog rata<\/strong><\/p>\n<\/div>\n<\/div><\/div><\/div><\/div><div id=\"pg-374-1\"  class=\"panel-grid panel-no-style\" ><div id=\"pgc-374-1-0\"  class=\"panel-grid-cell\" ><div id=\"panel-374-1-0-0\" class=\"so-panel widget widget_sow-editor panel-first-child panel-last-child\" data-index=\"1\" ><div class=\"so-widget-sow-editor so-widget-sow-editor-base\">\n<div class=\"siteorigin-widget-tinymce textwidget\">\n\t<p><iframe loading=\"lazy\" src=\"https:\/\/www.youtube.com\/embed\/zVxVCmzGZsE?rel=0&showinfo=0\" width=\"920\" height=\"560\" frameborder=\"0\" allowfullscreen=\"allowfullscreen\"><\/iframe>\u00a0Izlaganje <em><strong>Milana Ristovi\u0107a<\/strong><\/em>\u00a0na\u00a0seminaru \u201cPrinudni rad u Srbiji 1941-1944: Istorijska kontekstualizacija i topografija se\u0107anja\u201d u<span style=\"color: #993300;\">\u00a0<a style=\"color: #993300;\" href=\"https:\/\/jobeograd.org\/\" target=\"_blank\" rel=\"noopener noreferrer\">Jevrejskoj op\u0161tini Beograd<\/a><\/span><\/p>\n<p class=\"p1\">\u00a0<\/p>\n<\/div>\n<\/div><\/div><\/div><\/div><\/div>","protected":false},"excerpt":{"rendered":"<p>Milan Ristovi\u0107Filozofski fakultet, Univerzitet u BeograduMilan Ristovi\u0107 je istori\u010dar i redovni profesor na Katedri za op\u0161tu savremenu istoriju Filozofskog fakulteta u Beogradu. Glavna oblast njegovog istra\u017eivanja je istorija Evrope i [&hellip;]<\/p>\n","protected":false},"author":2,"featured_media":0,"parent":0,"menu_order":0,"comment_status":"closed","ping_status":"closed","template":"","meta":[],"acf":[],"wps_subtitle":"","_links":{"self":[{"href":"https:\/\/cieh-chre.org\/forcedlabourinserbia\/wp-json\/wp\/v2\/pages\/374"}],"collection":[{"href":"https:\/\/cieh-chre.org\/forcedlabourinserbia\/wp-json\/wp\/v2\/pages"}],"about":[{"href":"https:\/\/cieh-chre.org\/forcedlabourinserbia\/wp-json\/wp\/v2\/types\/page"}],"author":[{"embeddable":true,"href":"https:\/\/cieh-chre.org\/forcedlabourinserbia\/wp-json\/wp\/v2\/users\/2"}],"replies":[{"embeddable":true,"href":"https:\/\/cieh-chre.org\/forcedlabourinserbia\/wp-json\/wp\/v2\/comments?post=374"}],"version-history":[{"count":4,"href":"https:\/\/cieh-chre.org\/forcedlabourinserbia\/wp-json\/wp\/v2\/pages\/374\/revisions"}],"predecessor-version":[{"id":379,"href":"https:\/\/cieh-chre.org\/forcedlabourinserbia\/wp-json\/wp\/v2\/pages\/374\/revisions\/379"}],"wp:attachment":[{"href":"https:\/\/cieh-chre.org\/forcedlabourinserbia\/wp-json\/wp\/v2\/media?parent=374"}],"curies":[{"name":"wp","href":"https:\/\/api.w.org\/{rel}","templated":true}]}}