{"id":380,"date":"2018-04-15T22:36:20","date_gmt":"2018-04-15T20:36:20","guid":{"rendered":"http:\/\/cieh-chre.org\/forcedlabourinserbia\/?page_id=380"},"modified":"2018-04-15T22:36:20","modified_gmt":"2018-04-15T20:36:20","slug":"241-2-2-3-3-2-2","status":"publish","type":"page","link":"https:\/\/cieh-chre.org\/forcedlabourinserbia\/241-2-2-3-3-2-2\/","title":{"rendered":"Thomas Porena"},"content":{"rendered":"<div id=\"pl-380\"  class=\"panel-layout\" ><div id=\"pg-380-0\"  class=\"panel-grid panel-no-style\" ><div id=\"pgc-380-0-0\"  class=\"panel-grid-cell\" ><div id=\"panel-380-0-0-0\" class=\"so-panel widget widget_sow-editor panel-first-child panel-last-child\" data-index=\"0\" ><div class=\"so-widget-sow-editor so-widget-sow-editor-base\">\n<div class=\"siteorigin-widget-tinymce textwidget\">\n\t<p class=\"p1\"><span class=\"s1\"><b><img loading=\"lazy\" class=\"alignleft wp-image-381 size-full\" src=\"http:\/\/cieh-chre.org\/forcedlabourinserbia\/wp-content\/uploads\/sites\/4\/2018\/04\/THOMAS-PORENA-SQS.png\" alt=\"\" width=\"150\" height=\"150\" \/><\/b><\/span><\/p>\n<p><span style=\"color: #993300;\"><em><a style=\"color: #993300;\" href=\"https:\/\/www.geschichte.hu-berlin.de\/de\/bereiche-und-lehrstuehle\/gesuedosteu\/personen\/thomas-porena\" target=\"_blank\" rel=\"noopener noreferrer\"><strong>Thomas Porena<\/strong><\/a><\/em><\/span><\/p>\n<p>Humbolt univerzitet, Berlin<\/p>\n<p>Tomas Porena je trenutno na doktorskim studijama na Humbolt univerzitetu u Berlinu i oblast istra\u017eivanja mu je fokusirana na politike deportacija Italije i Nema\u010dke u odnosu na stanovni\u0161tvo biv\u0161e Jugoslavije tokom Drugog svetskog rata, kao i na repatrijacije u Jugoslaviji nakon rata. Osim toga, bavi se i metodologijom edukacije o istoriji deportacija i prinudnog rada u Nema\u010dkoj.<\/p>\n<p><span style=\"color: #993300;\">Povratak prinudnih radnika u Jugoslaviju<\/span><\/p>\n<p>Ovaj rad analizira repatrijaciju biv\u0161ih jugoslovenskih ratnih zarobljenika, interniraca i prinudnih radnika na kraju Drugog svetskog rata, s posebnim osvrtom na repatrijaciju i socijalnu reintegraciju prinudnih radnika na teritoriji Srbije.<\/p>\n<\/div>\n<\/div><\/div><\/div><\/div><div id=\"pg-380-1\"  class=\"panel-grid panel-no-style\" ><div id=\"pgc-380-1-0\"  class=\"panel-grid-cell\" ><div id=\"panel-380-1-0-0\" class=\"so-panel widget widget_sow-editor panel-first-child panel-last-child\" data-index=\"1\" ><div class=\"so-widget-sow-editor so-widget-sow-editor-base\">\n<div class=\"siteorigin-widget-tinymce textwidget\">\n\t<p><iframe loading=\"lazy\" src=\"https:\/\/www.youtube.com\/embed\/JI17ihg92DI?rel=0&showinfo=0\" width=\"920\" height=\"560\" frameborder=\"0\" allowfullscreen=\"allowfullscreen\"><\/iframe>\u00a0Izlaganje <em><strong>Thomasa Porene<\/strong><\/em>\u00a0na\u00a0seminaru \u201cPrinudni rad u Srbiji 1941-1944: Istorijska kontekstualizacija i topografija se\u0107anja\u201d u<span style=\"color: #993300;\">\u00a0<a style=\"color: #993300;\" href=\"https:\/\/jobeograd.org\/\" target=\"_blank\" rel=\"noopener noreferrer\">Jevrejskoj op\u0161tini Beograd<\/a><\/span><\/p>\n<p class=\"p1\">\u00a0<\/p>\n<\/div>\n<\/div><\/div><\/div><\/div><\/div>","protected":false},"excerpt":{"rendered":"<p>Thomas PorenaHumbolt univerzitet, BerlinTomas Porena je trenutno na doktorskim studijama na Humbolt univerzitetu u Berlinu i oblast istra\u017eivanja mu je fokusirana na politike deportacija Italije i Nema\u010dke u odnosu na [&hellip;]<\/p>\n","protected":false},"author":2,"featured_media":0,"parent":0,"menu_order":0,"comment_status":"closed","ping_status":"closed","template":"","meta":[],"acf":[],"wps_subtitle":"","_links":{"self":[{"href":"https:\/\/cieh-chre.org\/forcedlabourinserbia\/wp-json\/wp\/v2\/pages\/380"}],"collection":[{"href":"https:\/\/cieh-chre.org\/forcedlabourinserbia\/wp-json\/wp\/v2\/pages"}],"about":[{"href":"https:\/\/cieh-chre.org\/forcedlabourinserbia\/wp-json\/wp\/v2\/types\/page"}],"author":[{"embeddable":true,"href":"https:\/\/cieh-chre.org\/forcedlabourinserbia\/wp-json\/wp\/v2\/users\/2"}],"replies":[{"embeddable":true,"href":"https:\/\/cieh-chre.org\/forcedlabourinserbia\/wp-json\/wp\/v2\/comments?post=380"}],"version-history":[{"count":2,"href":"https:\/\/cieh-chre.org\/forcedlabourinserbia\/wp-json\/wp\/v2\/pages\/380\/revisions"}],"predecessor-version":[{"id":383,"href":"https:\/\/cieh-chre.org\/forcedlabourinserbia\/wp-json\/wp\/v2\/pages\/380\/revisions\/383"}],"wp:attachment":[{"href":"https:\/\/cieh-chre.org\/forcedlabourinserbia\/wp-json\/wp\/v2\/media?parent=380"}],"curies":[{"name":"wp","href":"https:\/\/api.w.org\/{rel}","templated":true}]}}