{"id":402,"date":"2018-04-16T01:15:13","date_gmt":"2018-04-15T23:15:13","guid":{"rendered":"http:\/\/cieh-chre.org\/forcedlabourinserbia\/?page_id=402"},"modified":"2018-04-16T01:23:42","modified_gmt":"2018-04-15T23:23:42","slug":"241-2-2-2-3","status":"publish","type":"page","link":"https:\/\/cieh-chre.org\/forcedlabourinserbia\/241-2-2-2-3\/","title":{"rendered":"Hanne Lessau"},"content":{"rendered":"<div id=\"pl-402\"  class=\"panel-layout\" ><div id=\"pg-402-0\"  class=\"panel-grid panel-no-style\" ><div id=\"pgc-402-0-0\"  class=\"panel-grid-cell\" ><div id=\"panel-402-0-0-0\" class=\"so-panel widget widget_sow-editor panel-first-child panel-last-child\" data-index=\"0\" ><div class=\"so-widget-sow-editor so-widget-sow-editor-base\">\n<div class=\"siteorigin-widget-tinymce textwidget\">\n\t<p class=\"p1\"><span class=\"s1\"><b><img loading=\"lazy\" class=\"alignleft wp-image-403 size-full\" src=\"http:\/\/cieh-chre.org\/forcedlabourinserbia\/wp-content\/uploads\/sites\/4\/2018\/04\/HANNE-LESSAU-SQS.png\" alt=\"\" width=\"150\" height=\"150\" \/><\/b><\/span><\/p>\n<p><em><strong>Hanne Lessau<\/strong><\/em><\/p>\n<p><span style=\"color: #993300;\"><a style=\"color: #993300;\" href=\"https:\/\/museums.nuernberg.de\/documentation-center\/\" target=\"_blank\" rel=\"noopener noreferrer\"><em>Documentation Center Nazi Party Rally Grounds<\/em>, <\/a><\/span>Nirnberg<\/p>\n<p>Hane Lesau je istori\u010darka u Dokumentacionom centru Nazi Party Rally Grounds u Nirnbergu.<\/p>\n<p>Njena oblast istra\u017eivanja se ti\u010de istorije nacionalsocijalizma, suo\u010davanja sa nacisti\u010dkom pro\u0161lo\u0161\u0107u nakon 1945. godine, kao i digitalnim i muzejskim formama predstavljanja i preno\u0161enja savremene istorije.<\/p>\n<p><strong>\u00a0<\/strong><span style=\"color: #993300;\">The Nazi Party Rally Grounds u Nirnbergu kao sredi\u0161te primene prinudnog rada u severnoj Bavaskoj<\/span><\/p>\n<p>Na Simpozijumu u Nirnbergu, Lesau je predstavila svoje istra\u017eivanje o upotrebi Nazi Party Rally Grounds kao mesta relativno velikog logora za ratne zarobljenike. Izme\u0111u 1939. i 1945. godine, nekoliko stotina hiljada vojnika iz razli\u010ditih zemalja bili su u zato\u010deni\u0161tvu u ovom logoru i podvrgnuti prinudnom radu ili u Nirnbergu ili u nekom od gradova u severnoj Bavarskoj. Logor je tako\u0111e slu\u017eio i kao sredi\u0161te prinudnog rada za civile.<\/p>\n<\/div>\n<\/div><\/div><\/div><\/div><div id=\"pg-402-1\"  class=\"panel-grid panel-no-style\" ><div id=\"pgc-402-1-0\"  class=\"panel-grid-cell\" ><div id=\"panel-402-1-0-0\" class=\"so-panel widget widget_sow-editor panel-first-child panel-last-child\" data-index=\"1\" ><div class=\"so-widget-sow-editor so-widget-sow-editor-base\">\n<div class=\"siteorigin-widget-tinymce textwidget\">\n\t<p><iframe loading=\"lazy\" src=\"https:\/\/www.youtube.com\/embed\/XdkCY5Y7w84?rel=0&showinfo=0\" width=\"920\" height=\"560\" frameborder=\"0\" allowfullscreen=\"allowfullscreen\"><\/iframe>\u00a0Izlaganje\u00a0<em><strong>Hanne Lessau<\/strong><\/em>\u00a0na\u00a0seminaru \u201cProizvo\u0111a\u010di, korisnici i posledice prinudnog rada -\u00a0Srbija 1941-1944\u201d u\u00a0<span style=\"color: #993300;\"><a style=\"color: #993300;\" href=\"https:\/\/museums.nuernberg.de\/documentation-center\/\" target=\"_blank\" rel=\"noopener noreferrer\">Documentation Center Nazi Party Rallying Grounds<\/a><\/span><\/p>\n<p class=\"p1\">\u00a0<\/p>\n<\/div>\n<\/div><\/div><\/div><\/div><\/div>","protected":false},"excerpt":{"rendered":"<p>Hanne LessauDocumentation Center Nazi Party Rally Grounds, NirnbergHane Lesau je istori\u010darka u Dokumentacionom centru Nazi Party Rally Grounds u Nirnbergu.Njena oblast istra\u017eivanja se ti\u010de istorije nacionalsocijalizma, suo\u010davanja sa nacisti\u010dkom pro\u0161lo\u0161\u0107u [&hellip;]<\/p>\n","protected":false},"author":2,"featured_media":0,"parent":0,"menu_order":0,"comment_status":"closed","ping_status":"closed","template":"","meta":[],"acf":[],"wps_subtitle":"","_links":{"self":[{"href":"https:\/\/cieh-chre.org\/forcedlabourinserbia\/wp-json\/wp\/v2\/pages\/402"}],"collection":[{"href":"https:\/\/cieh-chre.org\/forcedlabourinserbia\/wp-json\/wp\/v2\/pages"}],"about":[{"href":"https:\/\/cieh-chre.org\/forcedlabourinserbia\/wp-json\/wp\/v2\/types\/page"}],"author":[{"embeddable":true,"href":"https:\/\/cieh-chre.org\/forcedlabourinserbia\/wp-json\/wp\/v2\/users\/2"}],"replies":[{"embeddable":true,"href":"https:\/\/cieh-chre.org\/forcedlabourinserbia\/wp-json\/wp\/v2\/comments?post=402"}],"version-history":[{"count":12,"href":"https:\/\/cieh-chre.org\/forcedlabourinserbia\/wp-json\/wp\/v2\/pages\/402\/revisions"}],"predecessor-version":[{"id":415,"href":"https:\/\/cieh-chre.org\/forcedlabourinserbia\/wp-json\/wp\/v2\/pages\/402\/revisions\/415"}],"wp:attachment":[{"href":"https:\/\/cieh-chre.org\/forcedlabourinserbia\/wp-json\/wp\/v2\/media?parent=402"}],"curies":[{"name":"wp","href":"https:\/\/api.w.org\/{rel}","templated":true}]}}