{"id":426,"date":"2018-04-16T03:10:16","date_gmt":"2018-04-16T01:10:16","guid":{"rendered":"http:\/\/cieh-chre.org\/forcedlabourinserbia\/?page_id=426"},"modified":"2018-04-16T03:25:34","modified_gmt":"2018-04-16T01:25:34","slug":"241-2-2-5","status":"publish","type":"page","link":"https:\/\/cieh-chre.org\/forcedlabourinserbia\/241-2-2-5\/","title":{"rendered":"Nikola Radi\u0107 Lucati"},"content":{"rendered":"<div id=\"pl-426\"  class=\"panel-layout\" ><div id=\"pg-426-0\"  class=\"panel-grid panel-no-style\" ><div id=\"pgc-426-0-0\"  class=\"panel-grid-cell\" ><div id=\"panel-426-0-0-0\" class=\"so-panel widget widget_sow-editor panel-first-child panel-last-child\" data-index=\"0\" ><div class=\"so-widget-sow-editor so-widget-sow-editor-base\">\n<div class=\"siteorigin-widget-tinymce textwidget\">\n\t<p class=\"p1\"><span class=\"s1\"><b><img loading=\"lazy\" class=\"alignleft wp-image-427 size-thumbnail\" src=\"http:\/\/cieh-chre.org\/forcedlabourinserbia\/wp-content\/uploads\/sites\/4\/2018\/04\/NRL-SQS-150x150.png\" alt=\"\" width=\"150\" height=\"150\" srcset=\"https:\/\/cieh-chre.org\/forcedlabourinserbia\/wp-content\/uploads\/sites\/4\/2018\/04\/NRL-SQS-150x150.png 150w, https:\/\/cieh-chre.org\/forcedlabourinserbia\/wp-content\/uploads\/sites\/4\/2018\/04\/NRL-SQS-300x300.png 300w, https:\/\/cieh-chre.org\/forcedlabourinserbia\/wp-content\/uploads\/sites\/4\/2018\/04\/NRL-SQS.png 550w\" sizes=\"(max-width: 150px) 100vw, 150px\" \/><\/b><\/span><\/p>\n<p><em><strong>Nikola Radi\u0107 Lucati<\/strong><\/em><\/p>\n<p><a href=\"http:\/\/www.cieh-chre.org\" target=\"_blank\" rel=\"noopener noreferrer\"><span style=\"color: #993300;\"><em>Centar za istra\u017eivanje i edukaciju o Holokaustu<\/em><\/span><\/a><\/p>\n<p>Nikola Radi\u0107 Lucati, likovni umetnik, Bavi se istra\u017eivanjem preseka istorije, ljudskih prava i kulture kroz prizmu fotografije, teksta i instalacije. Suosniva\u010d beogradskog Centra za istra\u017eivanje i edukaciju o Holokaustu.<\/p>\n<p><span style=\"color: #993300;\"><em>Proizvo\u0111a\u010di, korisnici i posledice prinudnog rada, Srbija 1941-1944<\/em><\/span><\/p>\n<p>Tokom svog izlaganja\u00a0Radi\u0107 Lucati je predstavio rad udru\u017eenja na projektu \"<em>Proizvo\u0111a\u010di, korisnici i posledice prinudnog rada, Srbija 1941-1944\", <\/em>istoriografske, edukativne i politi\u010dke potrebe, kao i osnove za rad na ovoj temetici. Prikazane su metode analiza izvora, tok realizacije projekta, reakcije i u\u010de\u0161\u0107e javnosti, kao i perspektiva dugoro\u010dnog razvoja teme i uticaj na edukaciju.\u00a0\u00a0<\/p>\n<\/div>\n<\/div><\/div><\/div><\/div><div id=\"pg-426-1\"  class=\"panel-grid panel-no-style\" ><div id=\"pgc-426-1-0\"  class=\"panel-grid-cell\" ><div id=\"panel-426-1-0-0\" class=\"so-panel widget widget_sow-editor panel-first-child panel-last-child\" data-index=\"1\" ><div class=\"so-widget-sow-editor so-widget-sow-editor-base\">\n<div class=\"siteorigin-widget-tinymce textwidget\">\n\t<p><iframe loading=\"lazy\" src=\"https:\/\/www.youtube.com\/embed\/6gdmXl7F3Xg?rel=0&showinfo=0\" width=\"920\" height=\"560\" frameborder=\"0\" allowfullscreen=\"allowfullscreen\"><\/iframe><br \/> Izlaganje <em><strong>Nikole Radi\u0107a Lucatija<\/strong><\/em>\u00a0na\u00a0seminaru\u00a0\u201cProizvo\u0111a\u010di, korisnici i posledice prinudnog rada -\u00a0Srbija 1941-1944\u201du\u00a0<span style=\"color: #993300;\"><a style=\"color: #993300;\" href=\"https:\/\/museums.nuernberg.de\/documentation-center\/\" target=\"_blank\" rel=\"noopener noreferrer\">Documentation Center Nazi Party Rallying Grounds<\/a><\/span><\/p>\n<p class=\"p1\">\u00a0<\/p>\n<\/div>\n<\/div><\/div><\/div><\/div><div id=\"pg-426-2\"  class=\"panel-grid panel-no-style\" ><div id=\"pgc-426-2-0\"  class=\"panel-grid-cell\" ><div id=\"panel-426-2-0-0\" class=\"so-panel widget widget_sow-editor panel-first-child panel-last-child\" data-index=\"2\" ><div class=\"so-widget-sow-editor so-widget-sow-editor-base\">\n<div class=\"siteorigin-widget-tinymce textwidget\">\n\t<p><iframe loading=\"lazy\" src=\"https:\/\/www.youtube.com\/embed\/qoxkk_1k_Ok?rel=0&showinfo=0\" width=\"920\" height=\"560\" frameborder=\"0\" allowfullscreen=\"allowfullscreen\"><\/iframe>\u00a0Izlaganje <em><strong>Nikole Radi\u0107a Lucatija<\/strong><\/em>\u00a0na\u00a0seminaru \u201cPrinudni rad u Srbiji 1941-1944: Istorijska kontekstualizacija i topografija se\u0107anja\u201d u<span style=\"color: #993300;\">\u00a0<a style=\"color: #993300;\" href=\"https:\/\/jobeograd.org\/\" target=\"_blank\" rel=\"noopener noreferrer\">Jevrejskoj op\u0161tini Beograd<\/a><\/span><\/p>\n<p class=\"p1\">\u00a0<\/p>\n<\/div>\n<\/div><\/div><\/div><\/div><\/div>","protected":false},"excerpt":{"rendered":"<p>Nikola Radi\u0107 LucatiCentar za istra\u017eivanje i edukaciju o HolokaustuNikola Radi\u0107 Lucati, likovni umetnik, Bavi se istra\u017eivanjem preseka istorije, ljudskih prava i kulture kroz prizmu fotografije, teksta i instalacije. Suosniva\u010d beogradskog [&hellip;]<\/p>\n","protected":false},"author":2,"featured_media":0,"parent":0,"menu_order":0,"comment_status":"closed","ping_status":"closed","template":"","meta":[],"acf":[],"wps_subtitle":"","_links":{"self":[{"href":"https:\/\/cieh-chre.org\/forcedlabourinserbia\/wp-json\/wp\/v2\/pages\/426"}],"collection":[{"href":"https:\/\/cieh-chre.org\/forcedlabourinserbia\/wp-json\/wp\/v2\/pages"}],"about":[{"href":"https:\/\/cieh-chre.org\/forcedlabourinserbia\/wp-json\/wp\/v2\/types\/page"}],"author":[{"embeddable":true,"href":"https:\/\/cieh-chre.org\/forcedlabourinserbia\/wp-json\/wp\/v2\/users\/2"}],"replies":[{"embeddable":true,"href":"https:\/\/cieh-chre.org\/forcedlabourinserbia\/wp-json\/wp\/v2\/comments?post=426"}],"version-history":[{"count":8,"href":"https:\/\/cieh-chre.org\/forcedlabourinserbia\/wp-json\/wp\/v2\/pages\/426\/revisions"}],"predecessor-version":[{"id":435,"href":"https:\/\/cieh-chre.org\/forcedlabourinserbia\/wp-json\/wp\/v2\/pages\/426\/revisions\/435"}],"wp:attachment":[{"href":"https:\/\/cieh-chre.org\/forcedlabourinserbia\/wp-json\/wp\/v2\/media?parent=426"}],"curies":[{"name":"wp","href":"https:\/\/api.w.org\/{rel}","templated":true}]}}