{"id":438,"date":"2018-04-16T04:01:25","date_gmt":"2018-04-16T02:01:25","guid":{"rendered":"http:\/\/cieh-chre.org\/forcedlabourinserbia\/?page_id=438"},"modified":"2018-04-16T04:17:33","modified_gmt":"2018-04-16T02:17:33","slug":"241-2-2-3-3-2-4","status":"publish","type":"page","link":"https:\/\/cieh-chre.org\/forcedlabourinserbia\/241-2-2-3-3-2-4\/","title":{"rendered":"Milovan Pisarri"},"content":{"rendered":"<div id=\"pl-438\"  class=\"panel-layout\" ><div id=\"pg-438-0\"  class=\"panel-grid panel-no-style\" ><div id=\"pgc-438-0-0\"  class=\"panel-grid-cell\" ><div id=\"panel-438-0-0-0\" class=\"so-panel widget widget_sow-editor panel-first-child panel-last-child\" data-index=\"0\" ><div class=\"so-widget-sow-editor so-widget-sow-editor-base\">\n<div class=\"siteorigin-widget-tinymce textwidget\">\n\t<p class=\"p1\"><span class=\"s1\"><b><img loading=\"lazy\" class=\"alignleft wp-image-441 size-full\" src=\"http:\/\/cieh-chre.org\/forcedlabourinserbia\/wp-content\/uploads\/sites\/4\/2018\/04\/MILOVAN-PISARRI-SQS.png\" alt=\"\" width=\"150\" height=\"150\" \/><\/b><\/span><\/p>\n<p><em><strong>Milovan Pisarri<\/strong><\/em><\/p>\n<p><a href=\"http:\/\/cieh-chre.org\" target=\"_blank\" rel=\"noopener noreferrer\"><span style=\"color: #993300;\"><em>Centar za istra\u017eivanje i edukaciju o Holokaustu<\/em><\/span><\/a><\/p>\n<p>Milovan Pisarri je istori\u010dar i\u00a0suosniva\u010d Centra za istra\u017eivanje i edukaciju o Holokaustu.\u00a0Autor je i urednik vi\u0161e nau\u010dnih radova i publikacija, sa temama od zlo\u010dina okupatora u Srbiji i Hrvatskoj u prvom i drugom svetskom ratu, preko prinudnog rada, do genocida nad Romima u Srbiji i Holokausta.<\/p>\n<p>\u00a0<\/p>\n<\/div>\n<\/div><\/div><\/div><\/div><div id=\"pg-438-1\"  class=\"panel-grid panel-no-style\" ><div id=\"pgc-438-1-0\"  class=\"panel-grid-cell\" ><div id=\"panel-438-1-0-0\" class=\"so-panel widget widget_sow-editor panel-first-child panel-last-child\" data-index=\"1\" ><div class=\"so-widget-sow-editor so-widget-sow-editor-base\">\n<div class=\"siteorigin-widget-tinymce textwidget\">\n\t<p><iframe loading=\"lazy\" src=\"https:\/\/www.youtube.com\/embed\/AawGirhAguk?rel=0&showinfo=0\" width=\"920\" height=\"560\" frameborder=\"0\" allowfullscreen=\"allowfullscreen\"><\/iframe>\u00a0Izlaganje <em><strong>Milovana Pisarija<\/strong><\/em>\u00a0na\u00a0seminaru \u201cPrinudni rad u Srbiji 1941-1944: Istorijska kontekstualizacija i topografija se\u0107anja\u201d u<span style=\"color: #993300;\">\u00a0<a style=\"color: #993300;\" href=\"https:\/\/jobeograd.org\/\" target=\"_blank\" rel=\"noopener noreferrer\">Jevrejskoj op\u0161tini Beograd<\/a><\/span><\/p>\n<p class=\"p1\">\u00a0<\/p>\n<\/div>\n<\/div><\/div><\/div><\/div><\/div>","protected":false},"excerpt":{"rendered":"<p>Milovan PisarriCentar za istra\u017eivanje i edukaciju o HolokaustuMilovan Pisarri je istori\u010dar i\u00a0suosniva\u010d Centra za istra\u017eivanje i edukaciju o Holokaustu.\u00a0Autor je i urednik vi\u0161e nau\u010dnih radova i publikacija, sa temama od [&hellip;]<\/p>\n","protected":false},"author":2,"featured_media":0,"parent":0,"menu_order":0,"comment_status":"closed","ping_status":"closed","template":"","meta":[],"acf":[],"wps_subtitle":"","_links":{"self":[{"href":"https:\/\/cieh-chre.org\/forcedlabourinserbia\/wp-json\/wp\/v2\/pages\/438"}],"collection":[{"href":"https:\/\/cieh-chre.org\/forcedlabourinserbia\/wp-json\/wp\/v2\/pages"}],"about":[{"href":"https:\/\/cieh-chre.org\/forcedlabourinserbia\/wp-json\/wp\/v2\/types\/page"}],"author":[{"embeddable":true,"href":"https:\/\/cieh-chre.org\/forcedlabourinserbia\/wp-json\/wp\/v2\/users\/2"}],"replies":[{"embeddable":true,"href":"https:\/\/cieh-chre.org\/forcedlabourinserbia\/wp-json\/wp\/v2\/comments?post=438"}],"version-history":[{"count":6,"href":"https:\/\/cieh-chre.org\/forcedlabourinserbia\/wp-json\/wp\/v2\/pages\/438\/revisions"}],"predecessor-version":[{"id":445,"href":"https:\/\/cieh-chre.org\/forcedlabourinserbia\/wp-json\/wp\/v2\/pages\/438\/revisions\/445"}],"wp:attachment":[{"href":"https:\/\/cieh-chre.org\/forcedlabourinserbia\/wp-json\/wp\/v2\/media?parent=438"}],"curies":[{"name":"wp","href":"https:\/\/api.w.org\/{rel}","templated":true}]}}