{"id":58,"date":"2018-04-03T12:55:26","date_gmt":"2018-04-03T10:55:26","guid":{"rendered":"http:\/\/cieh-chre.org\/forcedlabourinserbia\/?page_id=58"},"modified":"2018-05-02T11:56:22","modified_gmt":"2018-05-02T09:56:22","slug":"partneri","status":"publish","type":"page","link":"https:\/\/cieh-chre.org\/forcedlabourinserbia\/partneri\/","title":{"rendered":"Partneri"},"content":{"rendered":"<div id=\"pl-58\"  class=\"panel-layout\" ><div id=\"pg-58-0\"  class=\"panel-grid panel-no-style\" ><div id=\"pgc-58-0-0\"  class=\"panel-grid-cell\" ><div id=\"panel-58-0-0-0\" class=\"so-panel widget widget_sow-editor panel-first-child panel-last-child\" data-index=\"0\" ><div class=\"so-widget-sow-editor so-widget-sow-editor-base\">\n<div class=\"siteorigin-widget-tinymce textwidget\">\n\t<hr \/>\n<p style=\"padding-left: 30px; text-align: justify;\"><em><strong>Partnerske organizacije<\/strong><\/em><\/p>\n<p style=\"padding-left: 30px; text-align: justify;\"><em><strong>Centar za istra\u017eivanje i edukaciju o Holokaustu (CIEH)<\/strong><\/em><br \/> CIEH je nezavisna organizacija, osnovana u Beogradu 2014. godine sa ciljem da aktivno doprinosi dru\u0161tvenoj, istorijskoj i \u010dinjeni\u010dnoj interpretaciji Holokausta, genocida nad Romima, i zlo\u010dina protiv \u010dove\u010dnosti po\u010dinjenim tokom Drugog svetskog rata u Srbiji i Jugoslaviji. CIEH se specijalizuje za analizu istorijskih narativa kroz arhivsko, narativno, interogativno i terensko istra\u017eivanje. Organizacija svojim aktivnostima pru\u017ea javnosti nezavisan uvid u doga\u0111aje Holokausta, genocida nad Romima i prinudnog rada; tako\u0111e, objavljuje dokumenta, mapira lokacije istorijskih doga\u0111aja, dokumentuje svedo\u010denja i promene u dru\u0161tvenim i topografskim strukturama koje uti\u010du na formiranje politike i kulture se\u0107anja. CIEH veruje da glasovi u\u010desnika i svedoka mogu biti preneseni ne samo svedo\u010denjima, ve\u0107 i klju\u010dnim dokumentima, i da porukama tih glasova treba dati mesto u javnom govoru, edukaciji i komemoraciji.<br \/> <span style=\"color: #993300;\"><a style=\"color: #993300;\" href=\"http:\/\/www.cieh-chre.org\" target=\"_blank\" rel=\"noopener noreferrer\">www.cieh-chre.org<\/a><\/span><\/p>\n<p style=\"padding-left: 30px; text-align: justify;\"><em><strong>Humbolt univerzitet<\/strong><\/em><br \/> Osnovan je u Berlinu pre vi\u0161e od 200 godina po ideji Vilhelma fon Humbolta o jedinstvu istra\u017eivanja i u\u010denja. Sa sto osamdeset devet nau\u010dnih studija i preko 35.000 studenata jedan je od najve\u0107ih i ujedno najboljih nema\u010dkih univerziteta. Godine 2012. je osvojio nagradu savezne vlade za izvrsnost. Na podru\u010dju istorije ima dvadeset katedri, izme\u0111u ostalog,i za istoriju isto\u010dne, te posebno jugoisto\u010dne Evrope. Na Katedri za istoriju 20. veka sa posebnim osvrtom na nacionalsocijalizam istra\u017euje se i predaje celi spektar istorije Nema\u010dke u 20. veku, od carstva do ujedinjenja 1990. godine. Posebno mesto zauzima istorija nacionalsocijalizma, za \u010dije istra\u017eivanje se koriste metode istorijske antropologije, kulturne istorije i istorije svakodnevnog \u017eivota.<br \/> <span style=\"color: #993300;\"><a style=\"color: #993300;\" href=\"https:\/\/www.hu-berlin.de\/en\/\" target=\"_blank\" rel=\"noopener noreferrer\">https:\/\/www.hu-berlin.de\/en\/<\/a><\/span><\/p>\n<p style=\"padding-left: 30px;\"><em><strong>Fondacija za se\u0107anje, odgovornost i budu\u0107nost<\/strong> <\/em><br \/> Kao odraz se\u0107anja na \u017ertve nacionalsocijalizma, Fondacija EVZ radi na promovisanju ljudskih prava i razumevanja me\u0111u narodima. U tom smislu Fondacija predstavlja odraz neprestane politi\u010dke i moralne odgovornosti dr\u017eave, privatnog sektora i dru\u0161tva uop\u0161te za nacisti\u010dke nepravde i nepravde prema \u017ertvama.<br \/> Fondacija pru\u017ea podr\u0161ku me\u0111unarodnim projektima u slede\u0107im oblastima:<\/p>\n<p style=\"padding-left: 30px;\">\u2022 Kriti\u010dko preispitivanje istorije<br \/> \u2022 Rad u oblasti ljudskih prava<br \/> \u2022 Privr\u017eenost \u017ertvama nacionalsocijalizma<\/p>\n<p style=\"padding-left: 30px;\">Fondacija EVZ je osnovana 2000. godine, prvenstveno u cilju isplate nadoknada biv\u0161im \u017ertvama prinudnog rada. Programi isplata nadoknada zavr\u0161eni su 2007. godine. Fondacija raspola\u017ee kapitalom u iznosu 5,2milijarde evra koji je obezbe\u0111en od strane vlade i industrije Republike Nema\u010dke. Ukupan iznos od 358 miliona evra je rezervisan za finansiranje projekata, a svoje dugoro\u010dne aktivnosti Fondacija finansira iz prihoda od kapitala.<\/p>\n<p style=\"padding-left: 30px;\"><span style=\"color: #993300;\"><a style=\"color: #993300;\" href=\"https:\/\/www.stiftung-evz.de\/eng\/home.html\" target=\"_blank\" rel=\"noopener noreferrer\">https:\/\/www.stiftung-evz.de\/eng\/home.html<\/a><\/span><\/p>\n<\/div>\n<\/div><\/div><\/div><\/div><\/div>","protected":false},"excerpt":{"rendered":"<p>Partnerske organizacijeCentar za istra\u017eivanje i edukaciju o Holokaustu (CIEH) CIEH je nezavisna organizacija, osnovana u Beogradu 2014. godine sa ciljem da aktivno doprinosi dru\u0161tvenoj, istorijskoj i \u010dinjeni\u010dnoj interpretaciji Holokausta, genocida [&hellip;]<\/p>\n","protected":false},"author":2,"featured_media":0,"parent":0,"menu_order":0,"comment_status":"closed","ping_status":"closed","template":"","meta":[],"acf":[],"wps_subtitle":"","_links":{"self":[{"href":"https:\/\/cieh-chre.org\/forcedlabourinserbia\/wp-json\/wp\/v2\/pages\/58"}],"collection":[{"href":"https:\/\/cieh-chre.org\/forcedlabourinserbia\/wp-json\/wp\/v2\/pages"}],"about":[{"href":"https:\/\/cieh-chre.org\/forcedlabourinserbia\/wp-json\/wp\/v2\/types\/page"}],"author":[{"embeddable":true,"href":"https:\/\/cieh-chre.org\/forcedlabourinserbia\/wp-json\/wp\/v2\/users\/2"}],"replies":[{"embeddable":true,"href":"https:\/\/cieh-chre.org\/forcedlabourinserbia\/wp-json\/wp\/v2\/comments?post=58"}],"version-history":[{"count":17,"href":"https:\/\/cieh-chre.org\/forcedlabourinserbia\/wp-json\/wp\/v2\/pages\/58\/revisions"}],"predecessor-version":[{"id":508,"href":"https:\/\/cieh-chre.org\/forcedlabourinserbia\/wp-json\/wp\/v2\/pages\/58\/revisions\/508"}],"wp:attachment":[{"href":"https:\/\/cieh-chre.org\/forcedlabourinserbia\/wp-json\/wp\/v2\/media?parent=58"}],"curies":[{"name":"wp","href":"https:\/\/api.w.org\/{rel}","templated":true}]}}