{"id":64,"date":"2018-04-03T13:02:48","date_gmt":"2018-04-03T11:02:48","guid":{"rendered":"http:\/\/cieh-chre.org\/forcedlabourinserbia\/?page_id=64"},"modified":"2018-04-16T06:01:56","modified_gmt":"2018-04-16T04:01:56","slug":"simpozijum-beograd","status":"publish","type":"page","link":"https:\/\/cieh-chre.org\/forcedlabourinserbia\/simpozijum-beograd\/","title":{"rendered":"Simpozijum Beograd"},"content":{"rendered":"<div id=\"pl-64\"  class=\"panel-layout\" ><div id=\"pg-64-0\"  class=\"panel-grid panel-no-style\" ><div id=\"pgc-64-0-0\"  class=\"panel-grid-cell\" ><div id=\"panel-64-0-0-0\" class=\"so-panel widget widget_master-slider-main-widget master-slider-main-widget panel-first-child panel-last-child\" data-index=\"0\" >\n\t\t<!-- MasterSlider -->\n\t\t<div id=\"P_MS69f3b7e52eae5\" class=\"master-slider-parent ms-parent-id-2\" style=\"\" >\n\n\t\t\t\n\t\t\t<!-- MasterSlider Main -->\n\t\t\t<div id=\"MS69f3b7e52eae5\" class=\"master-slider ms-skin-light-6 round-skin\" >\n\t\t\t\t \t\t\t\t \n\t\t\t<div  class=\"ms-slide\" data-delay=\"3\" data-fill-mode=\"fill\"   >\n\t\t\t\t\t<img src=\"https:\/\/cieh-chre.org\/forcedlabourinserbia\/wp-content\/plugins\/masterslider\/public\/assets\/css\/blank.gif\" alt=\"{{title}}\" title=\"{{title}}\" data-src=\"{{image}}\" \/>\n\n\n\t\t\t\t<\/div>\n\n\t\t\t<\/div>\n\t\t\t<!-- END MasterSlider Main -->\n\n\t\t\t \n\t\t<\/div>\n\t\t<!-- END MasterSlider -->\n\n\t\t<script>\n\t\t( window.MSReady = window.MSReady || [] ).push( function( $ ) {\n\n\t\t\t\"use strict\";\n\t\t\tvar masterslider_eae5 = new MasterSlider();\n\n\t\t\t\/\/ slider controls\n\t\t\tmasterslider_eae5.control('arrows'     ,{ autohide:true, overVideo:true  });\n\t\t\t\/\/ slider setup\n\t\t\tmasterslider_eae5.setup(\"MS69f3b7e52eae5\", {\n\t\t\t\twidth           : 1000,\n\t\t\t\theight          : 500,\n\t\t\t\tminHeight       : 0,\n\t\t\t\tspace           : 1,\n\t\t\t\tstart           : 10,\n\t\t\t\tgrabCursor      : true,\n\t\t\t\tswipe           : true,\n\t\t\t\tmouse           : true,\n\t\t\t\tkeyboard        : false,\n\t\t\t\tlayout          : \"fillwidth\",\n\t\t\t\twheel           : false,\n\t\t\t\tautoplay        : false,\n                instantStartLayers:false,\n\t\t\t\tmobileBGVideo:false,\n\t\t\t\tloop            : true,\n\t\t\t\tshuffle         : false,\n\t\t\t\tpreload         : 47,\n\t\t\t\theightLimit     : true,\n\t\t\t\tautoHeight      : false,\n\t\t\t\tsmoothHeight    : true,\n\t\t\t\tendPause        : false,\n\t\t\t\toverPause       : true,\n\t\t\t\tfillMode        : \"fill\",\n\t\t\t\tcenterControls  : true,\n\t\t\t\tstartOnAppear   : false,\n\t\t\t\tlayersMode      : \"center\",\n\t\t\t\tautofillTarget  : \"\",\n\t\t\t\thideLayers      : false,\n\t\t\t\tfullscreenMargin: 0,\n\t\t\t\tspeed           : 17,\n\t\t\t\tdir             : \"h\",\n\t\t\t\tresponsive      : true,\n\t\t\t\ttabletWidth     : 768,\n\t\t\t\ttabletHeight    : null,\n\t\t\t\tphoneWidth      : 480,\n\t\t\t\tphoneHeight    : null,\n\t\t\t\tsizingReference : window,\n\t\t\t\tparallaxMode    : 'swipe',\n\t\t\t\tdeepLink        : 'ms-1',\n\t\t\t\tdeepLinkType    : 'path',\n\t\t\t\tview            : \"fadeBasic\"\n\t\t\t});\n\n\t\t\tnew MSFlickrV2( masterslider_eae5, { key:'de2fab0e6d9076a905dd9158abb41612', id:'72157665554957428', count:935, thumbSize:'s',imgSize:'c', type:'photoset' });\n\t\t\twindow.masterslider_instances = window.masterslider_instances || [];\n\t\t\twindow.masterslider_instances.push( masterslider_eae5 );\n\t\t});\n\t\t<\/script>\n\n<\/div><\/div><\/div><div id=\"pg-64-1\"  class=\"panel-grid panel-no-style\" ><div id=\"pgc-64-1-0\"  class=\"panel-grid-cell\" ><div id=\"panel-64-1-0-0\" class=\"so-panel widget widget_sow-editor panel-first-child panel-last-child\" data-index=\"1\" ><div class=\"so-widget-sow-editor so-widget-sow-editor-base\">\n<div class=\"siteorigin-widget-tinymce textwidget\">\n\t<hr \/>\n<p style=\"padding-left: 30px; text-align: justify;\"><em><strong>Simpozijum \"Prinudni rad u Srbiji 1941\u20121944: istorijska kontekstualizacija i topografija se\u0107anja\", Beograd<\/strong><\/em><\/p>\n<p style=\"padding-left: 30px; text-align: justify;\">Me\u0111unarodni simpozijum <em><strong>\u201ePrinudni rad u Srbiji 1941\u20121944: istorijska kontekstualizacija i topografija se\u0107anja\u201c<\/strong><\/em> odr\u017ean je 20. oktobra 2017. godine u galeriji Jevrejske op\u0161tine Beograda, u Ulici kralja Petra 71. Na skupu suizlagali doma\u0107ii straniistori\u010dari i eksperti iz oblasti istorije i prinudnog rada tokom Drugog svetskog rata. Cilj ovog doga\u0111aja je bio da se rasvetli period u kojem je robovska eksploatacija radne snage, koja se \u010desto zavr\u0161avala smr\u0107u eksploatisanih, bila sastavni deo ekonomske politike Tre\u0107eg rajha i njegovih saveznika.<\/p>\n<p style=\"padding-left: 30px; text-align: justify;\">Osim op\u0161teg razmi\u0161ljanja o pitanju prinudnog rada u Srbiji izme\u0111u 1941. i 1944. godine, izlaga\u010di iz Srbije i inostranstva su govorili o ulozi kolaboracionista, Holokaustu, prinudnim radnicima iz Srbije i Jugoslavije u Nema\u010dkoj i Norve\u0161koj, kao i o njihovom povratku ku\u0107ama, logorima Sajmi\u0161te i organizaciji TOT u Beogradu. Predstavljen je i rad <span style=\"color: #993300;\"><a style=\"color: #993300;\" href=\"http:\/\/voestalpine.com\/zeitgeschichte\/en\/Museum\" target=\"_blank\" rel=\"noopener noreferrer\">Muzeja Vestalpin<\/a> <\/span>iz Linca, \u010dija je stalna postavka posve\u0107ena prinudnom radu, kao i projekat \u201e<span style=\"color: #993300;\"><a style=\"color: #993300;\" href=\"http:\/\/www.zwangsarbeit-archiv.de\/en\" target=\"_blank\" rel=\"noopener noreferrer\">Forced Labor 1939\u20121945. Memory and History<\/a><\/span>\u201c, koji, osim istorijskih podataka, sadr\u017ei bogatu arhivu intervjua sa pre\u017eivelima, kao i edukativne materijale za srednje \u0161kole.<\/p>\n<\/div>\n<\/div><\/div><\/div><div id=\"pgc-64-1-1\"  class=\"panel-grid-cell\" ><div id=\"panel-64-1-1-0\" class=\"so-panel widget widget_sow-editor panel-first-child panel-last-child\" data-index=\"2\" ><div class=\"so-widget-sow-editor so-widget-sow-editor-base\">\n<div class=\"siteorigin-widget-tinymce textwidget\">\n\t<hr \/>\n<p style=\"padding-left: 30px; text-align: left;\"><em><strong>Izlaga\u010di na simpozijumu:<\/strong><\/em><\/p>\n<p style=\"padding-left: 30px; text-align: left;\"><span style=\"color: #993300;\"><a style=\"color: #993300;\" href=\"http:\/\/cieh-chre.org\/forcedlabourinserbia\/241-2-2-3-3-2\/\"><strong><em>Milan Ristovi\u0107<\/em><\/strong><\/a><\/span><\/p>\n<p style=\"padding-left: 30px; text-align: left;\">(Univerzitet u Beogradu);<\/p>\n<p style=\"padding-left: 30px; text-align: left;\"><span style=\"color: #993300;\"><a style=\"color: #993300;\" href=\"http:\/\/cieh-chre.org\/forcedlabourinserbia\/241-2-2-3-3-2-3\/\"><em><strong>Marija Obradovi\u0107<\/strong><\/em><\/a><\/span><\/p>\n<p style=\"padding-left: 30px; text-align: left;\">(Institut za noviju istoriju Srbije);<\/p>\n<p style=\"padding-left: 30px; text-align: left;\"><span style=\"color: #993300;\"><a style=\"color: #993300;\" href=\"http:\/\/cieh-chre.org\/forcedlabourinserbia\/241-2\/\"><em><strong>Zoran Janjetovi\u0107<\/strong> <\/em><\/a><\/span><\/p>\n<p style=\"padding-left: 30px; text-align: left;\">(Institut za savremenu istoriju Srbije);<\/p>\n<p style=\"padding-left: 30px; text-align: left;\"><span style=\"color: #993300;\"><a style=\"color: #993300;\" href=\"http:\/\/cieh-chre.org\/forcedlabourinserbia\/241-2-2-3-2\/\"><em><strong>Christa Kochendorfer<\/strong><\/em><\/a><\/span><\/p>\n<p style=\"padding-left: 30px; text-align: left;\">(Vestalpin muzej, Linz);<\/p>\n<p style=\"padding-left: 30px; text-align: left;\"><span style=\"color: #993300;\"><a style=\"color: #993300;\" href=\"http:\/\/cieh-chre.org\/forcedlabourinserbia\/241-2-2-3-3\/\"><em><strong>Verena Lucia N\u00e4gel<\/strong><\/em><\/a><\/span><\/p>\n<p style=\"padding-left: 30px; text-align: left;\">(Slobodni univerzitet, Berlin);<\/p>\n<p style=\"padding-left: 30px; text-align: left;\"><span style=\"color: #993300;\"><a style=\"color: #993300;\" href=\"http:\/\/cieh-chre.org\/forcedlabourinserbia\/241-2-2\/\"><em><strong>Milan Koljanin<\/strong><\/em><\/a><\/span><\/p>\n<p style=\"padding-left: 30px; text-align: left;\">(Institut za savremenu istoriju Srbije);<\/p>\n<p style=\"padding-left: 30px; text-align: left;\"><span style=\"color: #993300;\"><a style=\"color: #993300;\" href=\"http:\/\/cieh-chre.org\/forcedlabourinserbia\/241-2-2-4\/\"><em><strong>Sanela Schmid<\/strong><\/em><\/a><\/span><\/p>\n<p style=\"padding-left: 30px; text-align: left;\">(Humbolt univerzitet, Berlin);<\/p>\n<p style=\"padding-left: 30px; text-align: left;\"><span style=\"color: #993300;\"><a style=\"color: #993300;\" href=\"http:\/\/cieh-chre.org\/forcedlabourinserbia\/241-2-2-3\/\"><em><strong>Tomislav Duli\u0107<\/strong><\/em><\/a><\/span><\/p>\n<p style=\"padding-left: 30px; text-align: left;\">(Institut Hugo Valentine, Univerzitet Upsala);<\/p>\n<p style=\"padding-left: 30px; text-align: left;\"><span style=\"color: #993300;\"><a style=\"color: #993300;\" href=\"http:\/\/cieh-chre.org\/forcedlabourinserbia\/241-2-2-3-3-2-2\/\"><em><strong>Thomas Porena<\/strong><\/em><\/a><\/span><\/p>\n<p style=\"padding-left: 30px; text-align: left;\">(Humbolt univerzitet, Berlin);<\/p>\n<p style=\"padding-left: 30px; text-align: left;\"><span style=\"color: #993300;\"><a style=\"color: #993300;\" href=\"http:\/\/cieh-chre.org\/forcedlabourinserbia\/241-2-2-3-3-2-4\/\"><em><strong>Milovan Pisarri<\/strong><\/em><\/a><\/span><\/p>\n<p style=\"padding-left: 30px; text-align: left;\">(CIEH);<\/p>\n<p style=\"padding-left: 30px; text-align: left;\"><span style=\"color: #993300;\"><a style=\"color: #993300;\" href=\"http:\/\/cieh-chre.org\/forcedlabourinserbia\/241-2-2-5\/\"><em><strong>Nikola Radi\u0107 Lucati<\/strong><\/em><\/a><\/span><\/p>\n<p style=\"padding-left: 30px; text-align: left;\">(CIEH).<\/p>\n<\/div>\n<\/div><\/div><\/div><\/div><\/div>","protected":false},"excerpt":{"rendered":"<p>Simpozijum &#8220;Prinudni rad u Srbiji 1941\u20121944: istorijska kontekstualizacija i topografija se\u0107anja&#8221;, BeogradMe\u0111unarodni simpozijum \u201ePrinudni rad u Srbiji 1941\u20121944: istorijska kontekstualizacija i topografija se\u0107anja\u201c odr\u017ean je 20. oktobra 2017. godine u [&hellip;]<\/p>\n","protected":false},"author":2,"featured_media":0,"parent":0,"menu_order":0,"comment_status":"closed","ping_status":"closed","template":"","meta":[],"acf":[],"wps_subtitle":"","_links":{"self":[{"href":"https:\/\/cieh-chre.org\/forcedlabourinserbia\/wp-json\/wp\/v2\/pages\/64"}],"collection":[{"href":"https:\/\/cieh-chre.org\/forcedlabourinserbia\/wp-json\/wp\/v2\/pages"}],"about":[{"href":"https:\/\/cieh-chre.org\/forcedlabourinserbia\/wp-json\/wp\/v2\/types\/page"}],"author":[{"embeddable":true,"href":"https:\/\/cieh-chre.org\/forcedlabourinserbia\/wp-json\/wp\/v2\/users\/2"}],"replies":[{"embeddable":true,"href":"https:\/\/cieh-chre.org\/forcedlabourinserbia\/wp-json\/wp\/v2\/comments?post=64"}],"version-history":[{"count":24,"href":"https:\/\/cieh-chre.org\/forcedlabourinserbia\/wp-json\/wp\/v2\/pages\/64\/revisions"}],"predecessor-version":[{"id":485,"href":"https:\/\/cieh-chre.org\/forcedlabourinserbia\/wp-json\/wp\/v2\/pages\/64\/revisions\/485"}],"wp:attachment":[{"href":"https:\/\/cieh-chre.org\/forcedlabourinserbia\/wp-json\/wp\/v2\/media?parent=64"}],"curies":[{"name":"wp","href":"https:\/\/api.w.org\/{rel}","templated":true}]}}