{"id":69,"date":"2018-04-03T13:30:11","date_gmt":"2018-04-03T11:30:11","guid":{"rendered":"http:\/\/cieh-chre.org\/forcedlabourinserbia\/?page_id=69"},"modified":"2018-04-16T06:03:16","modified_gmt":"2018-04-16T04:03:16","slug":"simpozijum-nirnberg","status":"publish","type":"page","link":"https:\/\/cieh-chre.org\/forcedlabourinserbia\/simpozijum-nirnberg\/","title":{"rendered":"Simpozijum Nirnberg"},"content":{"rendered":"<div id=\"pl-69\"  class=\"panel-layout\" ><div id=\"pg-69-0\"  class=\"panel-grid panel-no-style\" ><div id=\"pgc-69-0-0\"  class=\"panel-grid-cell\" ><div id=\"panel-69-0-0-0\" class=\"so-panel widget widget_master-slider-main-widget master-slider-main-widget panel-first-child panel-last-child\" data-index=\"0\" >\n\t\t<!-- MasterSlider -->\n\t\t<div id=\"P_MS69f3b819305d4\" class=\"master-slider-parent ms-parent-id-1\" style=\"\" >\n\n\t\t\t\n\t\t\t<!-- MasterSlider Main -->\n\t\t\t<div id=\"MS69f3b819305d4\" class=\"master-slider ms-skin-light-6 round-skin\" >\n\t\t\t\t \t\t\t\t \n\t\t\t<div  class=\"ms-slide\" data-delay=\"3\" data-fill-mode=\"fill\"   >\n\t\t\t\t\t<img src=\"https:\/\/cieh-chre.org\/forcedlabourinserbia\/wp-content\/plugins\/masterslider\/public\/assets\/css\/blank.gif\" alt=\"{{title}}\" title=\"{{title}}\" data-src=\"{{image}}\" \/>\n\n\n\t\t\t\t<\/div>\n\n\t\t\t<\/div>\n\t\t\t<!-- END MasterSlider Main -->\n\n\t\t\t \n\t\t<\/div>\n\t\t<!-- END MasterSlider -->\n\n\t\t<script>\n\t\t( window.MSReady = window.MSReady || [] ).push( function( $ ) {\n\n\t\t\t\"use strict\";\n\t\t\tvar masterslider_05d4 = new MasterSlider();\n\n\t\t\t\/\/ slider controls\n\t\t\tmasterslider_05d4.control('arrows'     ,{ autohide:true, overVideo:true  });\n\t\t\t\/\/ slider setup\n\t\t\tmasterslider_05d4.setup(\"MS69f3b819305d4\", {\n\t\t\t\twidth           : 1000,\n\t\t\t\theight          : 500,\n\t\t\t\tminHeight       : 0,\n\t\t\t\tspace           : 1,\n\t\t\t\tstart           : 891,\n\t\t\t\tgrabCursor      : true,\n\t\t\t\tswipe           : true,\n\t\t\t\tmouse           : true,\n\t\t\t\tkeyboard        : false,\n\t\t\t\tlayout          : \"fillwidth\",\n\t\t\t\twheel           : false,\n\t\t\t\tautoplay        : false,\n                instantStartLayers:false,\n\t\t\t\tmobileBGVideo:false,\n\t\t\t\tloop            : true,\n\t\t\t\tshuffle         : false,\n\t\t\t\tpreload         : 457,\n\t\t\t\theightLimit     : true,\n\t\t\t\tautoHeight      : false,\n\t\t\t\tsmoothHeight    : true,\n\t\t\t\tendPause        : false,\n\t\t\t\toverPause       : true,\n\t\t\t\tfillMode        : \"fill\",\n\t\t\t\tcenterControls  : true,\n\t\t\t\tstartOnAppear   : false,\n\t\t\t\tlayersMode      : \"center\",\n\t\t\t\tautofillTarget  : \"\",\n\t\t\t\thideLayers      : false,\n\t\t\t\tfullscreenMargin: 0,\n\t\t\t\tspeed           : 17,\n\t\t\t\tdir             : \"h\",\n\t\t\t\tresponsive      : true,\n\t\t\t\ttabletWidth     : 768,\n\t\t\t\ttabletHeight    : null,\n\t\t\t\tphoneWidth      : 480,\n\t\t\t\tphoneHeight    : null,\n\t\t\t\tsizingReference : window,\n\t\t\t\tparallaxMode    : 'swipe',\n\t\t\t\tdeepLink        : 'ms-1',\n\t\t\t\tdeepLinkType    : 'path',\n\t\t\t\tview            : \"fadeBasic\"\n\t\t\t});\n\n\t\t\tnew MSFlickrV2( masterslider_05d4, { key:'de2fab0e6d9076a905dd9158abb41612', id:'72157694551183944', count:84950, thumbSize:'s',imgSize:'c', type:'photoset' });\n\t\t\twindow.masterslider_instances = window.masterslider_instances || [];\n\t\t\twindow.masterslider_instances.push( masterslider_05d4 );\n\t\t});\n\t\t<\/script>\n\n<\/div><\/div><\/div><div id=\"pg-69-1\"  class=\"panel-grid panel-no-style\" ><div id=\"pgc-69-1-0\"  class=\"panel-grid-cell\" ><div id=\"panel-69-1-0-0\" class=\"so-panel widget widget_sow-editor panel-first-child panel-last-child\" data-index=\"1\" ><div class=\"so-widget-sow-editor so-widget-sow-editor-base\">\n<div class=\"siteorigin-widget-tinymce textwidget\">\n\t<hr \/>\n<p style=\"padding-left: 60px; text-align: justify;\"><em><strong>Simpozijum \"Prinudni rad, Srbija i Nema\u010dka od 1941. do 1945.\"<\/strong><\/em><\/p>\n<p style=\"padding-left: 60px; text-align: justify;\">Drugi Simpozijum <em><strong>\u201ePrinudni rad, Srbija i Nema\u010dka od 1941. do 1945.\u201c<\/strong><\/em>odr\u017ean je 15. marta 2018. godine u muzeju Documentation Center Nazi Party Rally Grounds u Nirnbergu i okupio je istori\u010dare iz Srbije i Nema\u010dke. Fokus izlaganja u toku skupa je bila \u0161iroka primena prinudnog rada u Srbiji i regionu severne Bavarske tokom nacisti\u010dkog re\u017eima. U Srbiji, koju je Rajh okupirao od 1941. do 1944. godine, radnici nisu samo regrutovani za prinudni rad u nema\u010dkom Rajhu, vec\u0301 su tako\u0111e radili za nema\u010dku ratnu industriju u svojoj rodnoj zemlji.<\/p>\n<p style=\"padding-left: 60px; text-align: justify;\">Na prvom panelu su predstavljeni doga\u0111aji u Srbiji: Milan Koljanin je govorio o koncentracionom logoru Sajmi\u0161te kao tranzitnom logoru za srpske prinudne radnike, dok se Sabine Rutar fokusirala na snabdevanje hranom prisilnih radnika u Borskom rudniku. U drugom panelu uspostavljena je veza izme\u0111u dve zemlje na primeru Nirnberga i okoline. Prezentacija Zorana Janjetovic\u0301a fokusirala se na regrutovanje civilnih radnika u Srbiji, dok je Sanela Schmidpratila sudbinu onih srpskih radnika koji su zavr\u0161ili u Nirnbergu. Hanne Lessau se osvrnula na Nazi Party Rally Grounds kao sredi\u0161te za raspodelu ratnih zarobljenika i civilnih prinudnih radnika u severnoj Bavarskoj. Nakon toga, tema je preba\u010dena na srpske zatvorenike i prinudne radnike u koncentracionom logoru Flosenburg i njegovom spoljnom logoru Hersbruk. Johannes Ibel je predstavio obimnu bazu Flosenburg Memorijala, dok se Ulrich Fritz fokusirao na logor u Hersbruku kao jedan od mnogih satelitskih logora Koncentracionog logora Flosenburg. Na kraju, Thomas Wrensch iz Dokumentacionog centra Koncentracioni logor Hersbruk je govorio\u00a0o radu udru\u017eenja sa u\u010denicima lokalnih \u0161kola i saradnji sa biv\u0161im srpskim zatvorenikom u logoru Hersbruk Ljubi\u0161om Letic\u0301em.<\/p>\n<\/div>\n<\/div><\/div><\/div><div id=\"pgc-69-1-1\"  class=\"panel-grid-cell\" ><div id=\"panel-69-1-1-0\" class=\"so-panel widget widget_sow-editor panel-first-child panel-last-child\" data-index=\"2\" ><div class=\"so-widget-sow-editor so-widget-sow-editor-base\">\n<div class=\"siteorigin-widget-tinymce textwidget\">\n\t<hr \/>\n<p style=\"padding-left: 60px; text-align: left;\"><em><strong>Izlaga\u010di na simpozijumu: <\/strong><\/em><\/p>\n<p style=\"padding-left: 60px; text-align: left;\"><span style=\"color: #993300;\"><a style=\"color: #993300;\" href=\"http:\/\/cieh-chre.org\/forcedlabourinserbia\/241-2\/\"><em><strong>Zoran Janjetovi\u0107<\/strong><\/em> <\/a><\/span><\/p>\n<p style=\"padding-left: 60px; text-align: left;\">(Institut za savremenu istoriju Srbije),<\/p>\n<p style=\"padding-left: 60px; text-align: left;\"><span style=\"color: #993300;\"><a style=\"color: #993300;\" href=\"http:\/\/cieh-chre.org\/forcedlabourinserbia\/241-2-2-4\/\"><em><strong>Sanela Schmid<\/strong><\/em> <\/a><\/span><\/p>\n<p style=\"padding-left: 60px; text-align: left;\">(Humbolt univerzitet, Berlin),<\/p>\n<p style=\"padding-left: 60px; text-align: left;\"><span style=\"color: #993300;\"><a style=\"color: #993300;\" href=\"http:\/\/cieh-chre.org\/forcedlabourinserbia\/241-2-2\/\"><em><strong>Milan Koljanin<\/strong><\/em> <\/a><\/span><\/p>\n<p style=\"padding-left: 60px; text-align: left;\">(Institut za savremenu istoriju Srbije),<\/p>\n<p style=\"padding-left: 60px; text-align: left;\"><span style=\"color: #993300;\"><a style=\"color: #993300;\" href=\"http:\/\/cieh-chre.org\/forcedlabourinserbia\/241-2-2-2\/\"><em><strong>Sabine Rutar<\/strong><\/em> <\/a><\/span><\/p>\n<p style=\"padding-left: 60px; text-align: left;\">(Lajbnic institut za studije isto\u010dne i jugoisto\u010dne Evrope, Regensburg),<\/p>\n<p style=\"padding-left: 60px; text-align: left;\"><span style=\"color: #993300;\"><a style=\"color: #993300;\" href=\"http:\/\/cieh-chre.org\/forcedlabourinserbia\/241-2-2-2-3\/\"><em><strong>Hane Lessau<\/strong><\/em> <\/a><\/span><\/p>\n<p style=\"padding-left: 60px; text-align: left;\">(Documentation Center Nazi Party Rally Grounds, Nirnberg),<\/p>\n<p style=\"padding-left: 60px; text-align: left;\"><span style=\"color: #993300;\"><a style=\"color: #993300;\" href=\"http:\/\/cieh-chre.org\/forcedlabourinserbia\/241-2-2-2-2-3\/\"><em><strong>Johannes Ibel<\/strong><\/em> <\/a><\/span><\/p>\n<p style=\"padding-left: 60px; text-align: left;\">(Memorijalni centar Flosenburg),<\/p>\n<p style=\"padding-left: 60px; text-align: left;\"><span style=\"color: #993300;\"><a style=\"color: #993300;\" href=\"http:\/\/cieh-chre.org\/forcedlabourinserbia\/241-2-2-2-2\/\"><em><strong>Urlich Fritz<\/strong><\/em> <\/a><\/span><\/p>\n<p style=\"padding-left: 60px; text-align: left;\">(Bavarian Memorial Fooundation, Minhen),<\/p>\n<p style=\"padding-left: 60px; text-align: left;\"><span style=\"color: #993300;\"><em><strong>Thomas Wrensch<\/strong><\/em> <\/span><\/p>\n<p style=\"padding-left: 60px; text-align: left;\">(Dokumentacioni centar Koncentracioni logor Hersbruk),<\/p>\n<p style=\"padding-left: 60px; text-align: left;\"><span style=\"color: #993300;\"><a style=\"color: #993300;\" href=\"http:\/\/cieh-chre.org\/forcedlabourinserbia\/241-2-2-5\/\"><em><strong>Nikola Radi\u0107 Lucati<\/strong><\/em> <\/a><\/span><\/p>\n<p style=\"padding-left: 60px; text-align: left;\">(CIEH).<\/p>\n<\/div>\n<\/div><\/div><\/div><\/div><\/div>","protected":false},"excerpt":{"rendered":"<p>Simpozijum &#8220;Prinudni rad, Srbija i Nema\u010dka od 1941. do 1945.&#8221;Drugi Simpozijum \u201ePrinudni rad, Srbija i Nema\u010dka od 1941. do 1945.\u201codr\u017ean je 15. marta 2018. godine u muzeju Documentation Center Nazi [&hellip;]<\/p>\n","protected":false},"author":2,"featured_media":0,"parent":0,"menu_order":0,"comment_status":"closed","ping_status":"closed","template":"","meta":[],"acf":[],"wps_subtitle":"","_links":{"self":[{"href":"https:\/\/cieh-chre.org\/forcedlabourinserbia\/wp-json\/wp\/v2\/pages\/69"}],"collection":[{"href":"https:\/\/cieh-chre.org\/forcedlabourinserbia\/wp-json\/wp\/v2\/pages"}],"about":[{"href":"https:\/\/cieh-chre.org\/forcedlabourinserbia\/wp-json\/wp\/v2\/types\/page"}],"author":[{"embeddable":true,"href":"https:\/\/cieh-chre.org\/forcedlabourinserbia\/wp-json\/wp\/v2\/users\/2"}],"replies":[{"embeddable":true,"href":"https:\/\/cieh-chre.org\/forcedlabourinserbia\/wp-json\/wp\/v2\/comments?post=69"}],"version-history":[{"count":29,"href":"https:\/\/cieh-chre.org\/forcedlabourinserbia\/wp-json\/wp\/v2\/pages\/69\/revisions"}],"predecessor-version":[{"id":487,"href":"https:\/\/cieh-chre.org\/forcedlabourinserbia\/wp-json\/wp\/v2\/pages\/69\/revisions\/487"}],"wp:attachment":[{"href":"https:\/\/cieh-chre.org\/forcedlabourinserbia\/wp-json\/wp\/v2\/media?parent=69"}],"curies":[{"name":"wp","href":"https:\/\/api.w.org\/{rel}","templated":true}]}}