{"id":77,"date":"2018-04-03T13:39:12","date_gmt":"2018-04-03T11:39:12","guid":{"rendered":"http:\/\/cieh-chre.org\/forcedlabourinserbia\/?page_id=77"},"modified":"2018-04-19T11:20:29","modified_gmt":"2018-04-19T09:20:29","slug":"bor","status":"publish","type":"page","link":"https:\/\/cieh-chre.org\/forcedlabourinserbia\/bor\/","title":{"rendered":"Bor"},"content":{"rendered":"<div id=\"pl-77\"  class=\"panel-layout\" ><div id=\"pg-77-0\"  class=\"panel-grid panel-no-style\" ><div id=\"pgc-77-0-0\"  class=\"panel-grid-cell\" ><div id=\"panel-77-0-0-0\" class=\"so-panel widget widget_master-slider-main-widget master-slider-main-widget panel-first-child\" data-index=\"0\" >\n\t\t<!-- MasterSlider -->\n\t\t<div id=\"P_MS69f3c92c7409c\" class=\"master-slider-parent ms-parent-id-6\" style=\"\" >\n\n\t\t\t\n\t\t\t<!-- MasterSlider Main -->\n\t\t\t<div id=\"MS69f3c92c7409c\" class=\"master-slider ms-skin-light-6 round-skin\" >\n\t\t\t\t \t\t\t\t \n\t\t\t<div  class=\"ms-slide\" data-delay=\"3\" data-fill-mode=\"fill\"   >\n\t\t\t\t\t<img src=\"https:\/\/cieh-chre.org\/forcedlabourinserbia\/wp-content\/plugins\/masterslider\/public\/assets\/css\/blank.gif\" alt=\"{{title}}\" title=\"{{title}}\" data-src=\"{{image}}\" \/>\n\n\n\t\t\t\t<\/div>\n\n\t\t\t<\/div>\n\t\t\t<!-- END MasterSlider Main -->\n\n\t\t\t \n\t\t<\/div>\n\t\t<!-- END MasterSlider -->\n\n\t\t<script>\n\t\t( window.MSReady = window.MSReady || [] ).push( function( $ ) {\n\n\t\t\t\"use strict\";\n\t\t\tvar masterslider_409c = new MasterSlider();\n\n\t\t\t\/\/ slider controls\n\t\t\tmasterslider_409c.control('arrows'     ,{ autohide:true, overVideo:true  });\n\t\t\t\/\/ slider setup\n\t\t\tmasterslider_409c.setup(\"MS69f3c92c7409c\", {\n\t\t\t\twidth           : 1000,\n\t\t\t\theight          : 500,\n\t\t\t\tminHeight       : 0,\n\t\t\t\tspace           : 1,\n\t\t\t\tstart           : 981,\n\t\t\t\tgrabCursor      : true,\n\t\t\t\tswipe           : true,\n\t\t\t\tmouse           : true,\n\t\t\t\tkeyboard        : false,\n\t\t\t\tlayout          : \"fillwidth\",\n\t\t\t\twheel           : false,\n\t\t\t\tautoplay        : false,\n                instantStartLayers:false,\n\t\t\t\tmobileBGVideo:false,\n\t\t\t\tloop            : true,\n\t\t\t\tshuffle         : false,\n\t\t\t\tpreload         : 4557,\n\t\t\t\theightLimit     : true,\n\t\t\t\tautoHeight      : false,\n\t\t\t\tsmoothHeight    : true,\n\t\t\t\tendPause        : false,\n\t\t\t\toverPause       : true,\n\t\t\t\tfillMode        : \"fill\",\n\t\t\t\tcenterControls  : true,\n\t\t\t\tstartOnAppear   : false,\n\t\t\t\tlayersMode      : \"center\",\n\t\t\t\tautofillTarget  : \"\",\n\t\t\t\thideLayers      : false,\n\t\t\t\tfullscreenMargin: 0,\n\t\t\t\tspeed           : 17,\n\t\t\t\tdir             : \"h\",\n\t\t\t\tresponsive      : true,\n\t\t\t\ttabletWidth     : 768,\n\t\t\t\ttabletHeight    : null,\n\t\t\t\tphoneWidth      : 480,\n\t\t\t\tphoneHeight    : null,\n\t\t\t\tsizingReference : window,\n\t\t\t\tparallaxMode    : 'swipe',\n\t\t\t\tdeepLink        : 'ms-1',\n\t\t\t\tdeepLinkType    : 'path',\n\t\t\t\tview            : \"fadeBasic\"\n\t\t\t});\n\n\t\t\tnew MSFlickrV2( masterslider_409c, { key:'de2fab0e6d9076a905dd9158abb41612', id:'72157669345677369', count:13218243330, thumbSize:'s',imgSize:'c', type:'photoset' });\n\t\t\twindow.masterslider_instances = window.masterslider_instances || [];\n\t\t\twindow.masterslider_instances.push( masterslider_409c );\n\t\t});\n\t\t<\/script>\n\n<\/div><div id=\"panel-77-0-0-1\" class=\"so-panel widget widget_sow-editor\" data-index=\"1\" ><div class=\"so-widget-sow-editor so-widget-sow-editor-base\"><h3 class=\"widget-title\">Bor<\/h3>\n<div class=\"siteorigin-widget-tinymce textwidget\">\n\t<hr \/>\n<p style=\"padding-left: 30px; text-align: justify;\">Nakon Me\u0111unarodnog simpozijuma u Beogradu, 21. oktobra 2017. godine organizovana je studijska poseta Borskom rudniku u kojoj su u\u010destvovali izlaga\u010di simpozijuma, istori\u010dari, stru\u010dna javnost, kao i u\u010denici srednje \u017delezni\u010dke \u0161kole u Beogradu.<\/p>\n<p style=\"padding-left: 30px; text-align: justify;\">Borski rudnik je tokom Drugog svetskog rata \u010dinio kompleks logora za prirudni rad u kojem su zarobljenici prisilno radili na eksploataciji bakra, na povr\u0161inskom kopu i u rudnicima ispod zemlje. Radni logor \u201eBorski rudnik\u201csu \u010dinila 33 podlogora kroz koje je pro\u0161lo nekoliko desetina hiljada zatvorenika. Me\u0111u zatvorenicima Borskog rudnika su bili Jevreji, ratni zarobljenici, Grci, Poljaci, Italijani, pripadnici otpora i drugi.<br \/> U\u010desnici studijske posete su imali priliku da obi\u0111u povr\u0161inski kop, kao i rudnik ispod zemlje, uz prisustvo lokalnih stru\u010dnjaka. Sa lokalnim vodi\u010dem i jednim od autora \u201eIzgubljene mape Borskih logora\u201c Dragoslavom Veljkovi\u0107em pose\u0107en je grad Bor i mesta gde su se nalazili neki od podlogora, kao i spomenik pesniku i logora\u0161u Miklo\u0161u Radnotiju. Na kraju ovog obilaska, u Narodnoj biblioteci u Boru odr\u017eano je predavanje Dragana Stojmenovi\u0107a i prikazan je dokumentarni film sa svedo\u010denjima pre\u017eivelih iz Borskog logora.<\/p>\n<\/div>\n<\/div><\/div><div id=\"panel-77-0-0-2\" class=\"so-panel widget widget_sow-editor panel-last-child\" data-index=\"2\" ><div class=\"so-widget-sow-editor so-widget-sow-editor-base\">\n<div class=\"siteorigin-widget-tinymce textwidget\">\n\t<p><iframe loading=\"lazy\" src=\"https:\/\/www.youtube.com\/embed\/_1xhWnPPiYc?rel=0&showinfo=0\" width=\"920\" height=\"560\" frameborder=\"0\" allowfullscreen=\"allowfullscreen\"><\/iframe> Sa\u0161a Srbulovi\u0107, rukovodilac tehni\u010dke pripreme, rudnik Bor<\/p>\n<\/div>\n<\/div><\/div><\/div><\/div><\/div>","protected":false},"excerpt":{"rendered":"<p>Nakon Me\u0111unarodnog simpozijuma u Beogradu, 21. oktobra 2017. godine organizovana je studijska poseta Borskom rudniku u kojoj su u\u010destvovali izlaga\u010di simpozijuma, istori\u010dari, stru\u010dna javnost, kao i u\u010denici srednje \u017delezni\u010dke \u0161kole [&hellip;]<\/p>\n","protected":false},"author":2,"featured_media":0,"parent":0,"menu_order":0,"comment_status":"closed","ping_status":"closed","template":"","meta":[],"acf":[],"wps_subtitle":"","_links":{"self":[{"href":"https:\/\/cieh-chre.org\/forcedlabourinserbia\/wp-json\/wp\/v2\/pages\/77"}],"collection":[{"href":"https:\/\/cieh-chre.org\/forcedlabourinserbia\/wp-json\/wp\/v2\/pages"}],"about":[{"href":"https:\/\/cieh-chre.org\/forcedlabourinserbia\/wp-json\/wp\/v2\/types\/page"}],"author":[{"embeddable":true,"href":"https:\/\/cieh-chre.org\/forcedlabourinserbia\/wp-json\/wp\/v2\/users\/2"}],"replies":[{"embeddable":true,"href":"https:\/\/cieh-chre.org\/forcedlabourinserbia\/wp-json\/wp\/v2\/comments?post=77"}],"version-history":[{"count":15,"href":"https:\/\/cieh-chre.org\/forcedlabourinserbia\/wp-json\/wp\/v2\/pages\/77\/revisions"}],"predecessor-version":[{"id":492,"href":"https:\/\/cieh-chre.org\/forcedlabourinserbia\/wp-json\/wp\/v2\/pages\/77\/revisions\/492"}],"wp:attachment":[{"href":"https:\/\/cieh-chre.org\/forcedlabourinserbia\/wp-json\/wp\/v2\/media?parent=77"}],"curies":[{"name":"wp","href":"https:\/\/api.w.org\/{rel}","templated":true}]}}