{"id":80,"date":"2018-04-03T13:41:06","date_gmt":"2018-04-03T11:41:06","guid":{"rendered":"http:\/\/cieh-chre.org\/forcedlabourinserbia\/?page_id=80"},"modified":"2018-04-19T11:28:48","modified_gmt":"2018-04-19T09:28:48","slug":"jasenovac","status":"publish","type":"page","link":"https:\/\/cieh-chre.org\/forcedlabourinserbia\/jasenovac\/","title":{"rendered":"Jasenovac"},"content":{"rendered":"<div id=\"pl-80\"  class=\"panel-layout\" ><div id=\"pg-80-0\"  class=\"panel-grid panel-no-style\" ><div id=\"pgc-80-0-0\"  class=\"panel-grid-cell\" ><div id=\"panel-80-0-0-0\" class=\"so-panel widget widget_master-slider-main-widget master-slider-main-widget panel-first-child\" data-index=\"0\" >\n\t\t<!-- MasterSlider -->\n\t\t<div id=\"P_MS69f3c941a0cb0\" class=\"master-slider-parent ms-parent-id-3\" style=\"\" >\n\n\t\t\t\n\t\t\t<!-- MasterSlider Main -->\n\t\t\t<div id=\"MS69f3c941a0cb0\" class=\"master-slider ms-skin-light-6 round-skin\" >\n\t\t\t\t \t\t\t\t \n\t\t\t<div  class=\"ms-slide\" data-delay=\"3\" data-fill-mode=\"fill\"   >\n\t\t\t\t\t<img src=\"https:\/\/cieh-chre.org\/forcedlabourinserbia\/wp-content\/plugins\/masterslider\/public\/assets\/css\/blank.gif\" alt=\"{{title}}\" title=\"{{title}}\" data-src=\"{{image}}\" \/>\n\n\n\t\t\t\t<\/div>\n\n\t\t\t<\/div>\n\t\t\t<!-- END MasterSlider Main -->\n\n\t\t\t \n\t\t<\/div>\n\t\t<!-- END MasterSlider -->\n\n\t\t<script>\n\t\t( window.MSReady = window.MSReady || [] ).push( function( $ ) {\n\n\t\t\t\"use strict\";\n\t\t\tvar masterslider_0cb0 = new MasterSlider();\n\n\t\t\t\/\/ slider controls\n\t\t\tmasterslider_0cb0.control('arrows'     ,{ autohide:true, overVideo:true  });\n\t\t\t\/\/ slider setup\n\t\t\tmasterslider_0cb0.setup(\"MS69f3c941a0cb0\", {\n\t\t\t\twidth           : 1000,\n\t\t\t\theight          : 500,\n\t\t\t\tminHeight       : 0,\n\t\t\t\tspace           : 1,\n\t\t\t\tstart           : 1,\n\t\t\t\tgrabCursor      : true,\n\t\t\t\tswipe           : true,\n\t\t\t\tmouse           : true,\n\t\t\t\tkeyboard        : false,\n\t\t\t\tlayout          : \"fillwidth\",\n\t\t\t\twheel           : false,\n\t\t\t\tautoplay        : false,\n                instantStartLayers:false,\n\t\t\t\tmobileBGVideo:false,\n\t\t\t\tloop            : true,\n\t\t\t\tshuffle         : false,\n\t\t\t\tpreload         : 6,\n\t\t\t\theightLimit     : true,\n\t\t\t\tautoHeight      : false,\n\t\t\t\tsmoothHeight    : true,\n\t\t\t\tendPause        : false,\n\t\t\t\toverPause       : true,\n\t\t\t\tfillMode        : \"fill\",\n\t\t\t\tcenterControls  : true,\n\t\t\t\tstartOnAppear   : false,\n\t\t\t\tlayersMode      : \"center\",\n\t\t\t\tautofillTarget  : \"\",\n\t\t\t\thideLayers      : false,\n\t\t\t\tfullscreenMargin: 0,\n\t\t\t\tspeed           : 17,\n\t\t\t\tdir             : \"h\",\n\t\t\t\tresponsive      : true,\n\t\t\t\ttabletWidth     : 768,\n\t\t\t\ttabletHeight    : null,\n\t\t\t\tphoneWidth      : 480,\n\t\t\t\tphoneHeight    : null,\n\t\t\t\tsizingReference : window,\n\t\t\t\tparallaxMode    : 'swipe',\n\t\t\t\tdeepLink        : 'ms-1',\n\t\t\t\tdeepLinkType    : 'path',\n\t\t\t\tview            : \"fadeBasic\"\n\t\t\t});\n\n\t\t\tnew MSFlickrV2( masterslider_0cb0, { key:'de2fab0e6d9076a905dd9158abb41612', id:'72157694552170204', count:1321934, thumbSize:'s',imgSize:'c', type:'photoset' });\n\t\t\twindow.masterslider_instances = window.masterslider_instances || [];\n\t\t\twindow.masterslider_instances.push( masterslider_0cb0 );\n\t\t});\n\t\t<\/script>\n\n<\/div><div id=\"panel-80-0-0-1\" class=\"so-panel widget widget_sow-editor\" data-index=\"1\" ><div class=\"so-widget-sow-editor so-widget-sow-editor-base\"><h3 class=\"widget-title\">Jasenovac<\/h3>\n<div class=\"siteorigin-widget-tinymce textwidget\">\n\t<hr \/>\n<p style=\"padding-left: 30px; text-align: justify;\">Druga studijska poseta je ovaj put bila posve\u0107ena kompleksu jasenova\u010dkih logora, odnosno logoru Jasenovac 25. novembra 2017. godine.<\/p>\n<p style=\"padding-left: 30px; text-align: justify;\">Logor, koji je bio u funkciji od avgusta 1941. do aprila 1945. godine, slu\u017eio je usta\u0161ama (hrvatskim fa\u0161istima na \u010delu Nezavisne dr\u017eave Hrvatske) kao mesto masovnog ubijanja Srba, Jevreja, Roma i antifa\u0161ista. Po najverodostojnijim procenama, tu je ubijeno izme\u0111u 120.000 i 130.000 ljudi. Ipak, tada\u0161njoj hrvatskoj javnosti predstavljen je kao radni logor, u koji su upu\u0107ivani ljudi na prinudni rad. Iako je deo zato\u010denika stvarno kori\u0161\u0107en kao radna snaga za proizvodnju cigala, na poljoprivredim radovima i na izgradnji nasipa na reci Savi, pitanje prinudnog rada kao kazna za odre\u0111ene kategorije stanovni\u0161tva postalo je glavni narativ za prikrivanje realne funkcije logora. Upravo taj narativ je i danas kori\u0161\u0107en od strane onih koji negiraju postojanje logora Jasenovac kao logora smrti.<\/p>\n<p style=\"padding-left: 30px; text-align: justify;\">Sa druge strane, u kasno prole\u0107e 1942. godine, na zahtev nema\u010dkih snaga, iz logora je preba\u010deno nekoliko hiljada zato\u010denika u logor na Sajmi\u0161te, odakle je trebalo da budu upu\u0107eni na prinudni rad u Tre\u0107em rajhu. Ipak, ve\u0107ina pristiglih zato\u010denika je bila u veoma lo\u0161em stanju, pa su vra\u0107eni u Jasenovac i tu ubijeni. Nekoliko meseci kasnije svi \u017eitelji mesta Mlaka pored Jasenovca preba\u010deni su na Sajmi\u0161te i kasnije u Nema\u010dku. U njihovim ku\u0107ama su leta 1942. prinudno sme\u0161teni Romi koje su usta\u0161ke vlasti pokupile u celoj zemlji, a kasnije na tom mestu i pobile.<\/p>\n<p style=\"padding-left: 30px; text-align: justify;\">Tokom posete, grupa od oko 70 ljudi je obi\u0161la Spomen-podru\u010dje Jasenovac, gde ih je sa\u010dekao direktor te ustanove i vodio kroz lokaciju biv\u0161eg logora i stalnu postavku u muzeju. Nakon toga, grupa se uputila u samo mesto Jasenovac, gde su stru\u010dnjaci organizacije Odbora za Jasenovac govorili o sada\u0161njem stanju ovog mesta i o se\u0107anju na stradanje u njemu. Kraj posete je bio posve\u0107en Spomen-podru\u010dju Gradina, u Bosni i Hercegovini, mestu koje je od 1941. do 1945. godine slu\u017eilo za masovno ubijanje zato\u010denika.<\/p>\n<\/div>\n<\/div><\/div><div id=\"panel-80-0-0-2\" class=\"so-panel widget widget_sow-editor panel-last-child\" data-index=\"2\" ><div class=\"so-widget-sow-editor so-widget-sow-editor-base\">\n<div class=\"siteorigin-widget-tinymce textwidget\">\n\t<p><iframe loading=\"lazy\" src=\"https:\/\/www.youtube.com\/embed\/PYtmH9THRDg?rel=0&showinfo=0\" width=\"920\" height=\"560\" frameborder=\"0\" allowfullscreen=\"allowfullscreen\"><\/iframe>Poseta Spomen podru\u010dju Jasenovac, delovi razgovora sa Ivom Pejakovi\u0107em i Dragoslavom Ili\u0107em<\/p>\n<\/div>\n<\/div><\/div><\/div><\/div><\/div>","protected":false},"excerpt":{"rendered":"<p>Druga studijska poseta je ovaj put bila posve\u0107ena kompleksu jasenova\u010dkih logora, odnosno logoru Jasenovac 25. novembra 2017. godine.Logor, koji je bio u funkciji od avgusta 1941. do aprila 1945. godine, [&hellip;]<\/p>\n","protected":false},"author":2,"featured_media":0,"parent":0,"menu_order":0,"comment_status":"closed","ping_status":"closed","template":"","meta":[],"acf":[],"wps_subtitle":"","_links":{"self":[{"href":"https:\/\/cieh-chre.org\/forcedlabourinserbia\/wp-json\/wp\/v2\/pages\/80"}],"collection":[{"href":"https:\/\/cieh-chre.org\/forcedlabourinserbia\/wp-json\/wp\/v2\/pages"}],"about":[{"href":"https:\/\/cieh-chre.org\/forcedlabourinserbia\/wp-json\/wp\/v2\/types\/page"}],"author":[{"embeddable":true,"href":"https:\/\/cieh-chre.org\/forcedlabourinserbia\/wp-json\/wp\/v2\/users\/2"}],"replies":[{"embeddable":true,"href":"https:\/\/cieh-chre.org\/forcedlabourinserbia\/wp-json\/wp\/v2\/comments?post=80"}],"version-history":[{"count":15,"href":"https:\/\/cieh-chre.org\/forcedlabourinserbia\/wp-json\/wp\/v2\/pages\/80\/revisions"}],"predecessor-version":[{"id":495,"href":"https:\/\/cieh-chre.org\/forcedlabourinserbia\/wp-json\/wp\/v2\/pages\/80\/revisions\/495"}],"wp:attachment":[{"href":"https:\/\/cieh-chre.org\/forcedlabourinserbia\/wp-json\/wp\/v2\/media?parent=80"}],"curies":[{"name":"wp","href":"https:\/\/api.w.org\/{rel}","templated":true}]}}