{"id":1,"date":"2018-11-16T19:49:51","date_gmt":"2018-11-16T19:49:51","guid":{"rendered":"http:\/\/cieh-chre.org\/porajmosusrbiji\/?p=1"},"modified":"2021-07-19T02:31:08","modified_gmt":"2021-07-19T00:31:08","slug":"hello-world","status":"publish","type":"page","link":"https:\/\/cieh-chre.org\/porajmosusrbiji\/","title":{"rendered":"O projektu"},"content":{"rendered":"<div id=\"pl-1\"  class=\"panel-layout\" ><div id=\"pg-1-0\"  class=\"panel-grid panel-no-style\" ><div id=\"pgc-1-0-0\"  class=\"panel-grid-cell\" ><div id=\"panel-1-0-0-1\" class=\"so-panel widget widget_sow-editor\" data-index=\"1\" ><div class=\"so-widget-sow-editor so-widget-sow-editor-base\"><h3 class=\"widget-title\">O projektu<\/h3>\n<div class=\"siteorigin-widget-tinymce textwidget\">\n\t<hr \/>\n<p><span style=\"color: #003366;\">U savremenim ratovima, gde su u pravilu \u017ertve civili a genocid prihva\u0107en deo politi\u010dke metodologije, \u00a0mesto Drugog svetskog rata, Holokausta i genocida nad Romima ima ulogu mesta porekla modernog ultranacionalizma i rasizma. Medju \u017ertvama tog rata, istoriografije zemalja Balkana uglavnom izdvajaju one koje pripadaju sopstvenim, ve\u0107inskim narodima. Narativni re-fokus na Holokaust i stradanje manjina koji je usledio posle ratova 90-tih je, osim uvi\u0111anja sli\u010dnosti iskustava civila ve\u0107ine i manjine, uveo i promenu u metodologiji i sagledavanju istorije. Civilna perspektiva, re\u010d svedoka i privatni, li\u010dni narativi su ne samo uticali na evoluciju javnog, kolektvnog se\u0107anja, ve\u0107 su i \u00a0izmenili ulogu zvani\u010dne istoriografije. Nau\u010dni radovi zasnovani na arhivskom istra\u017eivanju, su u mnogome proizvod dostupnosti arhivske gra\u0111e, i prioriteta institucija i dr\u017eave. U mnogim slu\u010dajevima, li\u010dna svedo\u010denja su iza\u0161la iz istih arhiva koje su istori\u010dari decenijama koristili. Privatni narativi, postali su vi\u0161e od arhivske gradje i potvrda teza.\u00a0<\/span><\/p>\n<p><span style=\"color: #003366;\">Na ovom sajtu, pomo\u0107u mapiranja svedo\u010denja, baze podataka svedoka\/\u017ertava, kao i u edukativnoj publikaciji <em>\"D\u017eanes ko sem? (Kako zna\u0161 ko sam?)\"<\/em> u okviru projekta <em>\"Porajmos u Srbiji - mapiranje pro\u0161losti, za druga\u010diju sada\u0161njost\" <\/em>smo poku\u0161ali da arhivska svedo\u010denja spojimo sa lokacijama gde su Romi \u017eiveli, sa kojih su odvedeni, i na kojima su zlo\u010dini nacista i kolaboracionista po\u010dinjeni. Verujemo\u00a0 da ta mesta, iako ve\u0107inom izbrisana i podlo\u017ena stalnoj promeni, i dalje nose istoriju, koja danas mo\u017ee ponovo postati osnov za upoznavanje Romskog naroda, njegove kulture, kao i sredstvo za borbu protiv jo\u0161 uvek prisutnih predrasuda i diskriminacije. Nadamo se da \u0107e istorija zlo\u010dina Porajmosa\/Samudaripena postati ne samo priznati deo op\u0161teg istorijskog konsenzusa, ve\u0107 i stalne i obavezne edukacije na na\u0161im prostorima. Tako\u0111e, verujemo da je pravo manjina na sopstvenu interpretaciju istorije jednako sa pravom na sopstvenu kulturu i jezik, i da smo materijalima i alatima koji se nalaze na ovom sajtu doprineli tom cilju.<\/span><\/p>\n<blockquote>\n<p style=\"padding-left: 30px;\"><strong><span style=\"color: #003366;\">Na sajtu mo\u017eete na\u0107i: <\/span><\/strong><\/p>\n<p style=\"padding-left: 30px;\"><span style=\"color: #003366;\">Prvu baza svedo\u010denja o \u017ertvama Porajmosa u Srbiji, za gradove Beograd, Kragujevac i Leskovac, zasnovana na nadjenoj i obra\u0111enoj gra\u0111i fonda AJ 110 \u2013 Dr\u017eavna komisija za utvr\u0111ivanje zlo\u010dina okupatora i njihovih pomaga\u010da, Arhiva Jugoslavije u Beogradu.<\/span><\/p>\n<p style=\"padding-left: 30px;\"><span style=\"color: #003366;\">Interaktivne, geo-referencirane mape Beograda, Kragujevca i Leskovca na sajtu pokazuju lokacije sa\u010duvane u zapisnicima komisije, i prikazuju ih po ulicama i delovima gradova na kako na savremenim, tako i na istorijskim mapama. Mesta od posebnog zna\u010daja za doga\u0111aje, i sudbinu \u017etrava, kao \u0161to su logori i strati\u0161ta su posebno obele\u017eena. Ovi sadr\u017eaji, na kojima se stalno radi, i koji se redovno dopunjuju povezani su sa na\u0161im prethodnim radom na projektu \"Mesta stradanja\", kao i sa radom ranijih inicijativa, posebno vezanih za logore u Beogradu.<\/span><\/p>\n<p style=\"padding-left: 30px;\"><span style=\"color: #003366;\">Publikacija <em>\"D\u017eanes ko sem? (Kako zna\u0161 ko sam?)\"<\/em> je namenjena srednje\u0161kolskoj nastavi i predstavlja vrstu \"dopunskog ud\u017ebenika\" koji nije ograni\u010den na nastavu o istoriji diskriminacije i progona romske manjine, ve\u0107 je i sredstvo upoznavanja ve\u0107ine sa osnovama romske kulture, umetnosti i op\u0161te istorije. Ipak, tragedija stradanja tokom ratne okupacije i kolaborcionisti\u010dke uprave, zauzima centralno mesto, kao osnov za razumevanje predrasuda i diskriminacije, kojima se ova publikacija tako\u0111e bavi. U ovoj publikaciji primenjeni su i adaptirani metodi konfrontiranja antisemitizma primenjeni od strane Anti Defamacione Lige (ADL) i USC Shoah Foundation. U publiakciji su kori\u0161\u0107eni aktivni linkovi i QR kod za upotrebu u radu sa u\u010denicima. Publikacija ima 72 strane i na sajtu je dostupna na Romskom, Srpskom i Engleskom jeziku, a \u0161tampana izdanja na Srpskom i Romskom.\u00a0\u00a0<\/span><\/p>\n<\/blockquote>\n<\/div>\n<\/div><\/div><div id=\"panel-1-0-0-2\" class=\"so-panel widget widget_sow-editor panel-last-child\" data-index=\"2\" ><div class=\"so-widget-sow-editor so-widget-sow-editor-base\"><h3 class=\"widget-title\">Partneri na projektu<\/h3>\n<div class=\"siteorigin-widget-tinymce textwidget\">\n\t<hr \/>\n<p><span style=\"color: #003366;\">Centar za istra\u017eivanje i edukaciju o Holokaustu je koncipirao i u saradnji sa udru\u017eenjem Romanipen iz Kragujevca i organizacijom forumZfD izveo projekat, a sa podr\u0161kom organizacije International Holocaust Remembrance Alliance - IHRA, foruma ZfD i Ministarstva kulture i informisanja republike Srbije. Projektu su svojim nesebi\u010dnim i stru\u010dnim radom doprineli: Tehnolo\u0161ki partneri - Geospatial i Team CAD, Vojno-geografski institut, Muzej grada Beograda, Istorijski arhiv Beograda, Arhiv Jugoslavije, Dina dizajn, Contrateam.<\/span><\/p>\n<hr \/>\n<div id=\"gtx-trans\" style=\"position: absolute; left: 1356px; top: 25px;\">\u00a0<\/div>\n<\/div>\n<\/div><\/div><\/div><\/div><div id=\"pg-1-1\"  class=\"panel-grid panel-no-style\" ><div id=\"pgc-1-1-0\"  class=\"panel-grid-cell\" ><div id=\"panel-1-1-0-0\" class=\"so-panel widget widget_sow-editor panel-first-child panel-last-child\" data-index=\"3\" ><div class=\"so-widget-sow-editor so-widget-sow-editor-base\">\n<div class=\"siteorigin-widget-tinymce textwidget\">\n\t<p><span style=\"color: #003366;\">Partneri na projektu:<\/span><\/p>\n<hr \/>\n\t\t\t<style>\r\n                #foogallery-gallery-725.fg-justified .fg-item {\r\n                    margin-right: 1px;\r\n                    margin-bottom: 1px;\r\n                }\r\n\r\n                #foogallery-gallery-725.fg-justified .fg-image {\r\n                    height: 70px;\r\n                }\r\n\t\t\t<\/style>\r\n\t\t\t<div class=\"foogallery foogallery-container foogallery-justified foogallery-lightbox-none fg-justified fg-light fg-loaded-fade-in fg-hover-fade fg-ready\" id=\"foogallery-gallery-725\" data-foogallery=\"{&quot;item&quot;:{&quot;showCaptionTitle&quot;:true,&quot;showCaptionDescription&quot;:true},&quot;lazy&quot;:true,&quot;template&quot;:{&quot;rowHeight&quot;:70,&quot;maxRowHeight&quot;:140,&quot;margins&quot;:1,&quot;align&quot;:&quot;center&quot;,&quot;lastRow&quot;:&quot;smart&quot;}}\" >\r\n\t<div class=\"fg-item fg-type-image fg-idle\"><figure class=\"fg-item-inner\"><a href=\"http:\/\/www.cieh-chre.org\" target=\"_blank\" data-attachment-id=\"717\" class=\"fg-thumb\"><span class=\"fg-image-wrap\"><img height=\"140\" width=\"339.11111111111\" class=\"skip-lazy fg-image\" data-src-fg=\"https:\/\/cieh-chre.org\/porajmosusrbiji\/wp-content\/uploads\/sites\/6\/2018\/12\/CHRE-logo-e-e1544266420249.png\" src=\"data:image\/svg+xml,%3Csvg%20xmlns%3D%22http%3A%2F%2Fwww.w3.org%2F2000%2Fsvg%22%20width%3D%22339.11111111111%22%20height%3D%22140%22%20viewBox%3D%220%200%20339.11111111111%20140%22%3E%3C%2Fsvg%3E\"><\/span><span class=\"fg-image-overlay\"><\/span><\/a><figcaption class=\"fg-caption\"><div class=\"fg-caption-inner\"><\/div><\/figcaption><\/figure><div class=\"fg-loader\"><\/div><\/div><div class=\"fg-item fg-type-image fg-idle\"><figure class=\"fg-item-inner\"><a href=\"http:\/\/www.romanipen.org.rs\/\" target=\"_blank\" data-attachment-id=\"936\" class=\"fg-thumb\"><span class=\"fg-image-wrap\"><img height=\"140\" width=\"450\" class=\"skip-lazy fg-image\" data-src-fg=\"https:\/\/cieh-chre.org\/porajmosusrbiji\/wp-content\/uploads\/sites\/6\/2018\/12\/rromanipen-logo-copy-H70.png\" src=\"data:image\/svg+xml,%3Csvg%20xmlns%3D%22http%3A%2F%2Fwww.w3.org%2F2000%2Fsvg%22%20width%3D%22450%22%20height%3D%22140%22%20viewBox%3D%220%200%20450%20140%22%3E%3C%2Fsvg%3E\"><\/span><span class=\"fg-image-overlay\"><\/span><\/a><figcaption class=\"fg-caption\"><div class=\"fg-caption-inner\"><\/div><\/figcaption><\/figure><div class=\"fg-loader\"><\/div><\/div><div class=\"fg-item fg-type-image fg-idle\"><figure class=\"fg-item-inner\"><a href=\"https:\/\/www.geogis.org\/\" data-attachment-id=\"1135\" class=\"fg-thumb\"><span class=\"fg-image-wrap\"><img height=\"140\" width=\"140\" class=\"skip-lazy fg-image\" data-src-fg=\"https:\/\/cieh-chre.org\/porajmosusrbiji\/wp-content\/uploads\/sites\/6\/2021\/07\/logo-light-bg.jpg\" src=\"data:image\/svg+xml,%3Csvg%20xmlns%3D%22http%3A%2F%2Fwww.w3.org%2F2000%2Fsvg%22%20width%3D%22140%22%20height%3D%22140%22%20viewBox%3D%220%200%20140%20140%22%3E%3C%2Fsvg%3E\"><\/span><span class=\"fg-image-overlay\"><\/span><\/a><figcaption class=\"fg-caption\"><div class=\"fg-caption-inner\"><\/div><\/figcaption><\/figure><div class=\"fg-loader\"><\/div><\/div><div class=\"fg-item fg-type-image fg-idle\"><figure class=\"fg-item-inner\"><a href=\"https:\/\/www.teamcad.rs\/index.php\/srb\/\" data-attachment-id=\"1136\" class=\"fg-thumb\"><span class=\"fg-image-wrap\"><img height=\"140\" width=\"359.33333333333\" class=\"skip-lazy fg-image\" data-src-fg=\"https:\/\/cieh-chre.org\/porajmosusrbiji\/wp-content\/uploads\/sites\/6\/2021\/07\/LOGO_TeamCAD_logo.png\" src=\"data:image\/svg+xml,%3Csvg%20xmlns%3D%22http%3A%2F%2Fwww.w3.org%2F2000%2Fsvg%22%20width%3D%22359.33333333333%22%20height%3D%22140%22%20viewBox%3D%220%200%20359.33333333333%20140%22%3E%3C%2Fsvg%3E\"><\/span><span class=\"fg-image-overlay\"><\/span><\/a><figcaption class=\"fg-caption\"><div class=\"fg-caption-inner\"><\/div><\/figcaption><\/figure><div class=\"fg-loader\"><\/div><\/div><\/div>\r\n\n<\/div>\n<\/div><\/div><\/div><div id=\"pgc-1-1-1\"  class=\"panel-grid-cell\" ><div id=\"panel-1-1-1-0\" class=\"so-panel widget widget_sow-editor panel-first-child panel-last-child\" data-index=\"4\" ><div class=\"so-widget-sow-editor so-widget-sow-editor-base\">\n<div class=\"siteorigin-widget-tinymce textwidget\">\n\t<p><span style=\"color: #003366;\">Projekat su podr\u017eali:<\/span><\/p>\n<hr \/>\n\t\t\t<style>\r\n                #foogallery-gallery-722.fg-justified .fg-item {\r\n                    margin-right: 1px;\r\n                    margin-bottom: 1px;\r\n                }\r\n\r\n                #foogallery-gallery-722.fg-justified .fg-image {\r\n                    height: 70px;\r\n                }\r\n\t\t\t<\/style>\r\n\t\t\t<div class=\"foogallery foogallery-container foogallery-justified foogallery-lightbox-none fg-justified fg-light fg-hover-scale fg-hover-instant fg-ready\" id=\"foogallery-gallery-722\" data-foogallery=\"{&quot;item&quot;:{&quot;showCaptionTitle&quot;:false,&quot;showCaptionDescription&quot;:false},&quot;lazy&quot;:true,&quot;template&quot;:{&quot;rowHeight&quot;:70,&quot;maxRowHeight&quot;:140,&quot;margins&quot;:1,&quot;align&quot;:&quot;center&quot;,&quot;lastRow&quot;:&quot;smart&quot;}}\" >\r\n\t<div class=\"fg-item fg-type-image fg-idle\"><figure class=\"fg-item-inner\"><a href=\"https:\/\/holocaustremembrance.com\/\" target=\"_blank\" data-attachment-id=\"721\" class=\"fg-thumb\"><span class=\"fg-image-wrap\"><img height=\"140\" width=\"144\" class=\"skip-lazy fg-image\" data-src-fg=\"https:\/\/cieh-chre.org\/porajmosusrbiji\/wp-content\/uploads\/sites\/6\/cache\/2018\/12\/IHRA-LOGO-e1544235284936\/3065705875.png\" src=\"data:image\/svg+xml,%3Csvg%20xmlns%3D%22http%3A%2F%2Fwww.w3.org%2F2000%2Fsvg%22%20width%3D%22144%22%20height%3D%22140%22%20viewBox%3D%220%200%20144%20140%22%3E%3C%2Fsvg%3E\"><\/span><span class=\"fg-image-overlay\"><\/span><\/a><figcaption class=\"fg-caption\"><div class=\"fg-caption-inner\"><\/div><\/figcaption><\/figure><div class=\"fg-loader\"><\/div><\/div><div class=\"fg-item fg-type-image fg-idle\"><figure class=\"fg-item-inner\"><a href=\"http:\/\/www.kultura.gov.rs\/\" target=\"_blank\" data-attachment-id=\"755\" class=\"fg-thumb\"><span class=\"fg-image-wrap\"><img height=\"140\" width=\"249.2\" class=\"skip-lazy fg-image\" data-src-fg=\"https:\/\/cieh-chre.org\/porajmosusrbiji\/wp-content\/uploads\/sites\/6\/2018\/12\/ministarstvo_kulture-i-informisanja.png\" src=\"data:image\/svg+xml,%3Csvg%20xmlns%3D%22http%3A%2F%2Fwww.w3.org%2F2000%2Fsvg%22%20width%3D%22249.2%22%20height%3D%22140%22%20viewBox%3D%220%200%20249.2%20140%22%3E%3C%2Fsvg%3E\"><\/span><span class=\"fg-image-overlay\"><\/span><\/a><figcaption class=\"fg-caption\"><div class=\"fg-caption-inner\"><\/div><\/figcaption><\/figure><div class=\"fg-loader\"><\/div><\/div><div class=\"fg-item fg-type-image fg-idle\"><figure class=\"fg-item-inner\"><a href=\"https:\/\/www.forumzfd.de\/en\/western-balkans\" target=\"_blank\" data-attachment-id=\"933\" class=\"fg-thumb\"><span class=\"fg-image-wrap\"><img height=\"140\" width=\"106\" class=\"skip-lazy fg-image\" data-src-fg=\"https:\/\/cieh-chre.org\/porajmosusrbiji\/wp-content\/uploads\/sites\/6\/2018\/12\/forumZFD-blue-H70.png\" src=\"data:image\/svg+xml,%3Csvg%20xmlns%3D%22http%3A%2F%2Fwww.w3.org%2F2000%2Fsvg%22%20width%3D%22106%22%20height%3D%22140%22%20viewBox%3D%220%200%20106%20140%22%3E%3C%2Fsvg%3E\"><\/span><span class=\"fg-image-overlay\"><\/span><\/a><figcaption class=\"fg-caption\"><div class=\"fg-caption-inner\"><\/div><\/figcaption><\/figure><div class=\"fg-loader\"><\/div><\/div><\/div>\r\n\n<\/div>\n<\/div><\/div><\/div><\/div><div id=\"pg-1-2\"  class=\"panel-grid panel-no-style\" ><div id=\"pgc-1-2-0\"  class=\"panel-grid-cell\" ><div id=\"panel-1-2-0-0\" class=\"so-panel widget widget_sow-editor panel-first-child\" data-index=\"5\" ><div class=\"so-widget-sow-editor so-widget-sow-editor-base\">\n<div class=\"siteorigin-widget-tinymce textwidget\">\n\t<hr \/>\n<p style=\"text-align: center;\"><span style=\"color: #003366;\">Kontakt: Centar za istra\u017eivanje i edukaciju\u00a0o Holokaustu - CIEH, <\/span><span style=\"color: #003366;\">tel: <span style=\"color: #993300;\">+38163247856<\/span>, e-mail: <span style=\"color: #993300;\"><a style=\"color: #993300;\" href=\"mailto:\/\/cieh1chre@gmail.com\" target=\"_blank\" rel=\"noopener noreferrer\">cieh1chre@gmail.com<\/a><\/span> web: <span style=\"color: #993300;\"><a style=\"color: #993300;\" href=\"www.cieh-chre.org\" target=\"_blank\" rel=\"noopener noreferrer\">www.cieh-chre.org<\/a><\/span><\/span><\/p>\n<hr \/>\n<\/div>\n<\/div><\/div><div id=\"panel-1-2-0-1\" class=\"so-panel widget widget_sow-editor panel-last-child\" data-index=\"6\" ><div class=\"so-widget-sow-editor so-widget-sow-editor-base\">\n<div class=\"siteorigin-widget-tinymce textwidget\">\n\t<p style=\"text-align: center;\"><span style=\"font-size: 8pt;\">*\u00a0Svi delovi ovog web-sajta i projekta predstavljaju autorsko delo i intelektualnu svojinu autora, partnerskih organizacija i kompanija \u010diji se\u00a0programi i licence koriste na sajtu, i kao takvi u\u017eivaju zakonsku za\u0161titu te ih niko tre\u0107i ne mo\u017ee koristiti u bilo kojoj formi ili obliku bez izri\u010dite saglasnosti autora. (To se posebno odnosi na koncepte, metode i elemente strukture web sajta, baze podataka, mape, izlo\u017ebi, tekstova i vizuelnih materijala ali ne isklju\u010duje i sve ostale derivate i autorska prava koji iz njih proisti\u010du.)\u00a0Upotreba publikacije je regulisana Creative Commons licencom navedenom na publikaciji, \u010diji je preuzimanje dozvoljeno.<\/span><\/p>\n<hr \/>\n<\/div>\n<\/div><\/div><\/div><\/div><\/div>","protected":false},"excerpt":{"rendered":"<p>U savremenim ratovima, gde su u pravilu \u017ertve civili a genocid prihva\u0107en deo politi\u010dke metodologije, \u00a0mesto Drugog svetskog rata, Holokausta i genocida nad Romima ima ulogu mesta porekla modernog ultranacionalizma [&hellip;]<\/p>\n","protected":false},"author":2,"featured_media":0,"parent":0,"menu_order":0,"comment_status":"closed","ping_status":"closed","template":"page-fullwidth.php","meta":[],"acf":[],"wps_subtitle":"","_links":{"self":[{"href":"https:\/\/cieh-chre.org\/porajmosusrbiji\/wp-json\/wp\/v2\/pages\/1"}],"collection":[{"href":"https:\/\/cieh-chre.org\/porajmosusrbiji\/wp-json\/wp\/v2\/pages"}],"about":[{"href":"https:\/\/cieh-chre.org\/porajmosusrbiji\/wp-json\/wp\/v2\/types\/page"}],"author":[{"embeddable":true,"href":"https:\/\/cieh-chre.org\/porajmosusrbiji\/wp-json\/wp\/v2\/users\/2"}],"replies":[{"embeddable":true,"href":"https:\/\/cieh-chre.org\/porajmosusrbiji\/wp-json\/wp\/v2\/comments?post=1"}],"version-history":[{"count":96,"href":"https:\/\/cieh-chre.org\/porajmosusrbiji\/wp-json\/wp\/v2\/pages\/1\/revisions"}],"predecessor-version":[{"id":1142,"href":"https:\/\/cieh-chre.org\/porajmosusrbiji\/wp-json\/wp\/v2\/pages\/1\/revisions\/1142"}],"wp:attachment":[{"href":"https:\/\/cieh-chre.org\/porajmosusrbiji\/wp-json\/wp\/v2\/media?parent=1"}],"curies":[{"name":"wp","href":"https:\/\/api.w.org\/{rel}","templated":true}]}}