{"id":845,"date":"2018-12-10T22:20:26","date_gmt":"2018-12-10T21:20:26","guid":{"rendered":"http:\/\/cieh-chre.org\/porajmosusrbiji\/?page_id=845"},"modified":"2021-07-19T02:46:44","modified_gmt":"2021-07-19T00:46:44","slug":"dusan-jovanovic","status":"publish","type":"page","link":"https:\/\/cieh-chre.org\/porajmosusrbiji\/dusan-jovanovic\/","title":{"rendered":"Du\u0161an Jovanovi\u0107"},"content":{"rendered":"<div id=\"pl-845\"  class=\"panel-layout\" ><div id=\"pg-845-0\"  class=\"panel-grid panel-no-style\" ><div id=\"pgc-845-0-0\"  class=\"panel-grid-cell\" ><div id=\"panel-845-0-0-0\" class=\"so-panel widget widget_sow-editor panel-first-child\" data-index=\"0\" ><div class=\"so-widget-sow-editor so-widget-sow-editor-base\"><h3 class=\"widget-title\">Du\u0161an Jovanovi\u0107<\/h3>\n<div class=\"siteorigin-widget-tinymce textwidget\">\n\t<hr \/>\n<p><span style=\"color: #003366;\">Trinaestogodi\u0161nji de\u010dak romske nacionalnosti Du\u0161an Jovanovi\u0107 na smrt je pretu\u010den\u00a018. oktobra 1997. u strogom centru Beograda, u Beogradskoj ulici kod broja 33, pored ku\u0107e u kojoj je \u017eiveo sa porodicom. Ubili su ga skinhedsi, tada maloletnici, Milan \u010cuji\u0107 i I\u0161tvan Fendrik iz Zemuna. Svoje poslednje ve\u010deri Du\u0161an Jovanovi\u0107 je oti\u0161ao u dragstor da kupi sok, a pri povratku su ga \u010detvorica razjarenih nasilnika obrijanih glava tukli pesnicama i odvaljenim olukom, potom \u0161utirali dok je le\u017eao na zemlji. Pravosudni epilog su maksimalne zatvorske kazne za starije maloletnike \u010cuji\u0107a i Fendrika od deset godina zatvora, od kojih su izdr\u017eali po \u0161est. Kazna im je umanjena posebnim re\u0161enjem o amnestiji Okru\u017enog suda u Beogradu. Dvojica od \u010detvorice nasilnika nisu nikad procesuirana.<\/span><\/p>\n<hr \/>\n<\/div>\n<\/div><\/div><div id=\"panel-845-0-0-1\" class=\"so-panel widget widget_foogallery_widget foogallery_widget\" data-index=\"1\" ><style type=\"text\/css\">\r\n\t#foogallery-gallery-844 .fg-image {\r\n        width: 370px;\r\n    }\r\n<\/style>\r\n\t\t\t\t<div class=\"foogallery foogallery-container foogallery-default foogallery-lightbox-foobox fg-gutter-10 fg-center fg-default fg-light fg-border-thin fg-loaded-fade-in fg-hover-fade fg-ready\" id=\"foogallery-gallery-844\" data-foogallery=\"{&quot;item&quot;:{&quot;showCaptionTitle&quot;:false,&quot;showCaptionDescription&quot;:false},&quot;lazy&quot;:true}\" >\r\n\t<div class=\"fg-item fg-type-image fg-idle\"><figure class=\"fg-item-inner\"><a href=\"https:\/\/cieh-chre.org\/porajmosusrbiji\/wp-content\/uploads\/sites\/6\/2018\/12\/MG_1226.jpg\" data-attachment-id=\"841\" class=\"fg-thumb\"><span class=\"fg-image-wrap\"><img width=\"370\" height=\"250\" class=\"skip-lazy fg-image\" data-src-fg=\"https:\/\/cieh-chre.org\/porajmosusrbiji\/wp-content\/uploads\/sites\/6\/cache\/2018\/12\/MG_1226\/1230782551.jpg\" src=\"data:image\/svg+xml,%3Csvg%20xmlns%3D%22http%3A%2F%2Fwww.w3.org%2F2000%2Fsvg%22%20width%3D%22370%22%20height%3D%22250%22%20viewBox%3D%220%200%20370%20250%22%3E%3C%2Fsvg%3E\"><\/span><span class=\"fg-image-overlay\"><\/span><\/a><figcaption class=\"fg-caption\"><div class=\"fg-caption-inner\"><\/div><\/figcaption><\/figure><div class=\"fg-loader\"><\/div><\/div><div class=\"fg-item fg-type-image fg-idle\"><figure class=\"fg-item-inner\"><a href=\"https:\/\/cieh-chre.org\/porajmosusrbiji\/wp-content\/uploads\/sites\/6\/2018\/12\/MG_1242.jpg\" data-attachment-id=\"843\" class=\"fg-thumb\"><span class=\"fg-image-wrap\"><img width=\"370\" height=\"250\" class=\"skip-lazy fg-image\" data-src-fg=\"https:\/\/cieh-chre.org\/porajmosusrbiji\/wp-content\/uploads\/sites\/6\/cache\/2018\/12\/MG_1242\/1667570179.jpg\" src=\"data:image\/svg+xml,%3Csvg%20xmlns%3D%22http%3A%2F%2Fwww.w3.org%2F2000%2Fsvg%22%20width%3D%22370%22%20height%3D%22250%22%20viewBox%3D%220%200%20370%20250%22%3E%3C%2Fsvg%3E\"><\/span><span class=\"fg-image-overlay\"><\/span><\/a><figcaption class=\"fg-caption\"><div class=\"fg-caption-inner\"><\/div><\/figcaption><\/figure><div class=\"fg-loader\"><\/div><\/div><div class=\"fg-item fg-type-image fg-idle\"><figure class=\"fg-item-inner\"><a href=\"https:\/\/cieh-chre.org\/porajmosusrbiji\/wp-content\/uploads\/sites\/6\/2018\/12\/MG_1229.jpg\" data-attachment-id=\"842\" class=\"fg-thumb\"><span class=\"fg-image-wrap\"><img width=\"370\" height=\"250\" class=\"skip-lazy fg-image\" data-src-fg=\"https:\/\/cieh-chre.org\/porajmosusrbiji\/wp-content\/uploads\/sites\/6\/cache\/2018\/12\/MG_1229\/597813581.jpg\" src=\"data:image\/svg+xml,%3Csvg%20xmlns%3D%22http%3A%2F%2Fwww.w3.org%2F2000%2Fsvg%22%20width%3D%22370%22%20height%3D%22250%22%20viewBox%3D%220%200%20370%20250%22%3E%3C%2Fsvg%3E\"><\/span><span class=\"fg-image-overlay\"><\/span><\/a><figcaption class=\"fg-caption\"><div class=\"fg-caption-inner\"><\/div><\/figcaption><\/figure><div class=\"fg-loader\"><\/div><\/div><\/div>\r\n<\/div><div id=\"panel-845-0-0-2\" class=\"so-panel widget widget_sow-editor panel-last-child\" data-index=\"2\" ><div class=\"so-widget-sow-editor so-widget-sow-editor-base\">\n<div class=\"siteorigin-widget-tinymce textwidget\">\n\t<hr \/>\n<blockquote>\n<p><span style=\"color: #003366;\">Tragi\u010dno ubistvo Du\u0161ana Jovanovi\u0107a ukazalo je na povezanost ideologije neonacizma sa praksom skinhedsa. O tome govori i knjiga <em>\u201eOni su ubili njegove o\u010di\u201c<\/em> Dragoljuba Ackovi\u0107a. \u201ePedesetak godina unazad na ovim prostorima nije se dogodilo ubistvo na rasnoj osnovi, rekao je neko tokom proteklih mesec dana koji su potresali Rome. Ta\u010dno je to, samo je taj koji je to rekao zaboravio (verovatno namerno) da ovoj konstataciji doda i re\u010d javno. Jer ubistva na rasnoj osnovi, i to ba\u0161 na ovim prostorima, mislimo na Beograd i Srbiju, bilo je i te kako. Bilo ih je, ali su sva okarakterisana na sve druge na\u010dine, samo ne kao ubistva na rasnoj osnovi\u201c, navodi se u ovoj knjizi.<\/span><\/p>\n<\/blockquote>\n<p><span style=\"color: #003366;\">Na desetogodi\u0161njicu ovog zlo\u010dina, na mestu gde je de\u010dak ubijen, postavljena je spomen-plo\u010da. O godi\u0161njici ubistva i jednom od mnogih velikih razloga zbog kojih bi na\u0161e dru\u0161tvo trebalo da se bavi dubokim problemom rasizma, mr\u017enje i nasilja, pogotovo me\u0111u mladima, vremenom je prestalo da se govori. Godi\u0161njica je u ve\u0107ini medija poslednji put \u201eprotokolarno\u201c obele\u017eena 2013. godine, a od tada se sve re\u0111e pominje.<\/span><\/p>\n<blockquote>\n<p><span style=\"color: #003366;\"><span style=\"color: #993300;\">Vojin Dimitrijevi\u0107<\/span> (direktor Beogradskog centra za ljudska prava) u intervjuu datom novembra 2010. je ukazao: \u201ePripadnici manjinskih grupa su \u017ertve kulture nasilja koja je ustoli\u010dena devedesetih godina. Podseti\u0107u na mladog Du\u0161ana Jovanovi\u0107a, koji je 1997. ubijen samo zato \u0161to je Rom, na poznatog glumca Dragana Maksimovi\u0107a, koga su 2000. na smrt isprebijali jer su mislili da je Rom, na Dejana Nebrigi\u0107a, stradalog 1999. u Pan\u010devu posle niza pretnji koje je dobijao kao gej i mirovni aktivista, na \u017divorada \u0160i\u0161kovi\u0107a, \u0161ezdesetogodi\u0161njeg bokserskog trenera, koji je 2002. izgubio \u017eivot pri poku\u0161aju da nekog Kineza za\u0161titi od navija\u010dke rulje kojoj je smetao kao rasno razli\u010dit.\u201d<\/span><\/p>\n<\/blockquote>\n<p><span style=\"color: #003366;\">Prodavnica religijskih predmeta i knjiga ispred koje je Du\u0161an ubijen i danas prodaje nacionalisti\u010dku i antisemitsku literaturu. Otac i sestra Du\u0161ana Jovanovi\u0107a su se odselili u Orlovsko naselje gde i danas \u017eive i gde jedna od ulica nosi Du\u0161anovo ime i gde porodice Jovanovi\u0107 i Deki\u0107 \u010duvaju se\u0107anje na Du\u0161ana i njegovu majku.<\/span><\/p>\n<hr \/>\n<\/div>\n<\/div><\/div><\/div><\/div><div id=\"pg-845-1\"  class=\"panel-grid panel-no-style\" ><div id=\"pgc-845-1-0\"  class=\"panel-grid-cell\" ><div id=\"panel-845-1-0-0\" class=\"so-panel widget widget_sow-editor panel-first-child panel-last-child\" data-index=\"3\" ><div class=\"so-widget-sow-editor so-widget-sow-editor-base\">\n<div class=\"siteorigin-widget-tinymce textwidget\">\n\t<p><span style=\"color: #003366;\">Partneri na projektu:<\/span><\/p>\n<hr \/>\n\t\t\t<style>\r\n                #foogallery-gallery-725.fg-justified .fg-item {\r\n                    margin-right: 1px;\r\n                    margin-bottom: 1px;\r\n                }\r\n\r\n                #foogallery-gallery-725.fg-justified .fg-image {\r\n                    height: 70px;\r\n                }\r\n\t\t\t<\/style>\r\n\t\t\t<div class=\"foogallery foogallery-container foogallery-justified foogallery-lightbox-none fg-justified fg-light fg-loaded-fade-in fg-hover-fade fg-ready\" id=\"foogallery-gallery-725\" data-foogallery=\"{&quot;item&quot;:{&quot;showCaptionTitle&quot;:true,&quot;showCaptionDescription&quot;:true},&quot;lazy&quot;:true,&quot;template&quot;:{&quot;rowHeight&quot;:70,&quot;maxRowHeight&quot;:140,&quot;margins&quot;:1,&quot;align&quot;:&quot;center&quot;,&quot;lastRow&quot;:&quot;smart&quot;}}\" >\r\n\t<div class=\"fg-item fg-type-image fg-idle\"><figure class=\"fg-item-inner\"><a href=\"http:\/\/www.cieh-chre.org\" target=\"_blank\" data-attachment-id=\"717\" class=\"fg-thumb\"><span class=\"fg-image-wrap\"><img height=\"140\" width=\"339.11111111111\" class=\"skip-lazy fg-image\" data-src-fg=\"https:\/\/cieh-chre.org\/porajmosusrbiji\/wp-content\/uploads\/sites\/6\/2018\/12\/CHRE-logo-e-e1544266420249.png\" src=\"data:image\/svg+xml,%3Csvg%20xmlns%3D%22http%3A%2F%2Fwww.w3.org%2F2000%2Fsvg%22%20width%3D%22339.11111111111%22%20height%3D%22140%22%20viewBox%3D%220%200%20339.11111111111%20140%22%3E%3C%2Fsvg%3E\"><\/span><span class=\"fg-image-overlay\"><\/span><\/a><figcaption class=\"fg-caption\"><div class=\"fg-caption-inner\"><\/div><\/figcaption><\/figure><div class=\"fg-loader\"><\/div><\/div><div class=\"fg-item fg-type-image fg-idle\"><figure class=\"fg-item-inner\"><a href=\"http:\/\/www.romanipen.org.rs\/\" target=\"_blank\" data-attachment-id=\"936\" class=\"fg-thumb\"><span class=\"fg-image-wrap\"><img height=\"140\" width=\"450\" class=\"skip-lazy fg-image\" data-src-fg=\"https:\/\/cieh-chre.org\/porajmosusrbiji\/wp-content\/uploads\/sites\/6\/2018\/12\/rromanipen-logo-copy-H70.png\" src=\"data:image\/svg+xml,%3Csvg%20xmlns%3D%22http%3A%2F%2Fwww.w3.org%2F2000%2Fsvg%22%20width%3D%22450%22%20height%3D%22140%22%20viewBox%3D%220%200%20450%20140%22%3E%3C%2Fsvg%3E\"><\/span><span class=\"fg-image-overlay\"><\/span><\/a><figcaption class=\"fg-caption\"><div class=\"fg-caption-inner\"><\/div><\/figcaption><\/figure><div class=\"fg-loader\"><\/div><\/div><div class=\"fg-item fg-type-image fg-idle\"><figure class=\"fg-item-inner\"><a href=\"https:\/\/www.geogis.org\/\" data-attachment-id=\"1135\" class=\"fg-thumb\"><span class=\"fg-image-wrap\"><img height=\"140\" width=\"140\" class=\"skip-lazy fg-image\" data-src-fg=\"https:\/\/cieh-chre.org\/porajmosusrbiji\/wp-content\/uploads\/sites\/6\/2021\/07\/logo-light-bg.jpg\" src=\"data:image\/svg+xml,%3Csvg%20xmlns%3D%22http%3A%2F%2Fwww.w3.org%2F2000%2Fsvg%22%20width%3D%22140%22%20height%3D%22140%22%20viewBox%3D%220%200%20140%20140%22%3E%3C%2Fsvg%3E\"><\/span><span class=\"fg-image-overlay\"><\/span><\/a><figcaption class=\"fg-caption\"><div class=\"fg-caption-inner\"><\/div><\/figcaption><\/figure><div class=\"fg-loader\"><\/div><\/div><div class=\"fg-item fg-type-image fg-idle\"><figure class=\"fg-item-inner\"><a href=\"https:\/\/www.teamcad.rs\/index.php\/srb\/\" data-attachment-id=\"1136\" class=\"fg-thumb\"><span class=\"fg-image-wrap\"><img height=\"140\" width=\"359.33333333333\" class=\"skip-lazy fg-image\" data-src-fg=\"https:\/\/cieh-chre.org\/porajmosusrbiji\/wp-content\/uploads\/sites\/6\/2021\/07\/LOGO_TeamCAD_logo.png\" src=\"data:image\/svg+xml,%3Csvg%20xmlns%3D%22http%3A%2F%2Fwww.w3.org%2F2000%2Fsvg%22%20width%3D%22359.33333333333%22%20height%3D%22140%22%20viewBox%3D%220%200%20359.33333333333%20140%22%3E%3C%2Fsvg%3E\"><\/span><span class=\"fg-image-overlay\"><\/span><\/a><figcaption class=\"fg-caption\"><div class=\"fg-caption-inner\"><\/div><\/figcaption><\/figure><div class=\"fg-loader\"><\/div><\/div><\/div>\r\n\n<\/div>\n<\/div><\/div><\/div><div id=\"pgc-845-1-1\"  class=\"panel-grid-cell\" ><div id=\"panel-845-1-1-0\" class=\"so-panel widget widget_sow-editor panel-first-child panel-last-child\" data-index=\"4\" ><div class=\"so-widget-sow-editor so-widget-sow-editor-base\">\n<div class=\"siteorigin-widget-tinymce textwidget\">\n\t<p><span style=\"color: #003366;\">Projekat su\u00a0podr\u017eali:<\/span><\/p>\n<hr \/>\n\t\t\t<style>\r\n                #foogallery-gallery-722.fg-justified .fg-item {\r\n                    margin-right: 1px;\r\n                    margin-bottom: 1px;\r\n                }\r\n\r\n                #foogallery-gallery-722.fg-justified .fg-image {\r\n                    height: 70px;\r\n                }\r\n\t\t\t<\/style>\r\n\t\t\t<div class=\"foogallery foogallery-container foogallery-justified foogallery-lightbox-none fg-justified fg-light fg-hover-scale fg-hover-instant fg-ready\" id=\"foogallery-gallery-722\" data-foogallery=\"{&quot;item&quot;:{&quot;showCaptionTitle&quot;:false,&quot;showCaptionDescription&quot;:false},&quot;lazy&quot;:true,&quot;template&quot;:{&quot;rowHeight&quot;:70,&quot;maxRowHeight&quot;:140,&quot;margins&quot;:1,&quot;align&quot;:&quot;center&quot;,&quot;lastRow&quot;:&quot;smart&quot;}}\" >\r\n\t<div class=\"fg-item fg-type-image fg-idle\"><figure class=\"fg-item-inner\"><a href=\"https:\/\/holocaustremembrance.com\/\" target=\"_blank\" data-attachment-id=\"721\" class=\"fg-thumb\"><span class=\"fg-image-wrap\"><img height=\"140\" width=\"144\" class=\"skip-lazy fg-image\" data-src-fg=\"https:\/\/cieh-chre.org\/porajmosusrbiji\/wp-content\/uploads\/sites\/6\/cache\/2018\/12\/IHRA-LOGO-e1544235284936\/3065705875.png\" src=\"data:image\/svg+xml,%3Csvg%20xmlns%3D%22http%3A%2F%2Fwww.w3.org%2F2000%2Fsvg%22%20width%3D%22144%22%20height%3D%22140%22%20viewBox%3D%220%200%20144%20140%22%3E%3C%2Fsvg%3E\"><\/span><span class=\"fg-image-overlay\"><\/span><\/a><figcaption class=\"fg-caption\"><div class=\"fg-caption-inner\"><\/div><\/figcaption><\/figure><div class=\"fg-loader\"><\/div><\/div><div class=\"fg-item fg-type-image fg-idle\"><figure class=\"fg-item-inner\"><a href=\"http:\/\/www.kultura.gov.rs\/\" target=\"_blank\" data-attachment-id=\"755\" class=\"fg-thumb\"><span class=\"fg-image-wrap\"><img height=\"140\" width=\"249.2\" class=\"skip-lazy fg-image\" data-src-fg=\"https:\/\/cieh-chre.org\/porajmosusrbiji\/wp-content\/uploads\/sites\/6\/2018\/12\/ministarstvo_kulture-i-informisanja.png\" src=\"data:image\/svg+xml,%3Csvg%20xmlns%3D%22http%3A%2F%2Fwww.w3.org%2F2000%2Fsvg%22%20width%3D%22249.2%22%20height%3D%22140%22%20viewBox%3D%220%200%20249.2%20140%22%3E%3C%2Fsvg%3E\"><\/span><span class=\"fg-image-overlay\"><\/span><\/a><figcaption class=\"fg-caption\"><div class=\"fg-caption-inner\"><\/div><\/figcaption><\/figure><div class=\"fg-loader\"><\/div><\/div><div class=\"fg-item fg-type-image fg-idle\"><figure class=\"fg-item-inner\"><a href=\"https:\/\/www.forumzfd.de\/en\/western-balkans\" target=\"_blank\" data-attachment-id=\"933\" class=\"fg-thumb\"><span class=\"fg-image-wrap\"><img height=\"140\" width=\"106\" class=\"skip-lazy fg-image\" data-src-fg=\"https:\/\/cieh-chre.org\/porajmosusrbiji\/wp-content\/uploads\/sites\/6\/2018\/12\/forumZFD-blue-H70.png\" src=\"data:image\/svg+xml,%3Csvg%20xmlns%3D%22http%3A%2F%2Fwww.w3.org%2F2000%2Fsvg%22%20width%3D%22106%22%20height%3D%22140%22%20viewBox%3D%220%200%20106%20140%22%3E%3C%2Fsvg%3E\"><\/span><span class=\"fg-image-overlay\"><\/span><\/a><figcaption class=\"fg-caption\"><div class=\"fg-caption-inner\"><\/div><\/figcaption><\/figure><div class=\"fg-loader\"><\/div><\/div><\/div>\r\n\n<\/div>\n<\/div><\/div><\/div><\/div><div id=\"pg-845-2\"  class=\"panel-grid panel-no-style\" ><div id=\"pgc-845-2-0\"  class=\"panel-grid-cell\" ><div id=\"panel-845-2-0-0\" class=\"so-panel widget widget_sow-editor panel-first-child\" data-index=\"5\" ><div class=\"so-widget-sow-editor so-widget-sow-editor-base\">\n<div class=\"siteorigin-widget-tinymce textwidget\">\n\t<hr \/>\n<p style=\"text-align: center;\"><span style=\"color: #003366;\">Kontakt: Centar za istra\u017eivanje i edukaciju\u00a0o Holokaustu - CIEH, <\/span><span style=\"color: #003366;\">tel: <span style=\"color: #993300;\">+38163247856<\/span>, e-mail: <span style=\"color: #993300;\"><a style=\"color: #993300;\" href=\"mailto:\/\/cieh1chre@gmail.com\" target=\"_blank\" rel=\"noopener noreferrer\">cieh1chre@gmail.com<\/a><\/span> web: <span style=\"color: #993300;\"><a style=\"color: #993300;\" href=\"www.cieh-chre.org\" target=\"_blank\" rel=\"noopener noreferrer\">www.cieh-chre.org<\/a><\/span><\/span><\/p>\n<hr \/>\n<\/div>\n<\/div><\/div><div id=\"panel-845-2-0-1\" class=\"so-panel widget widget_sow-editor panel-last-child\" data-index=\"6\" ><div class=\"so-widget-sow-editor so-widget-sow-editor-base\">\n<div class=\"siteorigin-widget-tinymce textwidget\">\n\t<p style=\"text-align: center;\"><span style=\"font-size: 8pt; color: #003366;\">* Svi delovi ovog web-sajta i projekta predstavljaju autorsko delo i intelektualnu svojinu autora, partnerskih organizacija i kompanija \u010diji se programi i licence koriste na sajtu, i kao takvi u\u017eivaju zakonsku za\u0161titu te ih niko tre\u0107i ne mo\u017ee koristiti u bilo kojoj formi ili obliku bez izri\u010dite saglasnosti autora. (To se posebno odnosi na koncepte, metode i elemente strukture web sajta, baze podataka, mape, izlo\u017ebi, tekstova i vizuelnih materijala ali ne isklju\u010duje i sve ostale derivate i autorska prava koji iz njih proisti\u010du.) Upotreba publikacije je regulisana Creative Commons licencom navedenom na publikaciji, \u010diji je preuzimanje dozvoljeno.<\/span><\/p>\n<hr \/>\n<p style=\"text-align: center;\">\n<\/div>\n<\/div><\/div><\/div><\/div><\/div>","protected":false},"excerpt":{"rendered":"<p>Trinaestogodi\u0161nji de\u010dak romske nacionalnosti Du\u0161an Jovanovi\u0107 na smrt je pretu\u010den\u00a018. oktobra 1997. u strogom centru Beograda, u Beogradskoj ulici kod broja 33, pored ku\u0107e u kojoj je \u017eiveo sa porodicom. [&hellip;]<\/p>\n","protected":false},"author":2,"featured_media":0,"parent":0,"menu_order":0,"comment_status":"closed","ping_status":"closed","template":"page-fullwidth.php","meta":[],"acf":[],"wps_subtitle":"","_links":{"self":[{"href":"https:\/\/cieh-chre.org\/porajmosusrbiji\/wp-json\/wp\/v2\/pages\/845"}],"collection":[{"href":"https:\/\/cieh-chre.org\/porajmosusrbiji\/wp-json\/wp\/v2\/pages"}],"about":[{"href":"https:\/\/cieh-chre.org\/porajmosusrbiji\/wp-json\/wp\/v2\/types\/page"}],"author":[{"embeddable":true,"href":"https:\/\/cieh-chre.org\/porajmosusrbiji\/wp-json\/wp\/v2\/users\/2"}],"replies":[{"embeddable":true,"href":"https:\/\/cieh-chre.org\/porajmosusrbiji\/wp-json\/wp\/v2\/comments?post=845"}],"version-history":[{"count":26,"href":"https:\/\/cieh-chre.org\/porajmosusrbiji\/wp-json\/wp\/v2\/pages\/845\/revisions"}],"predecessor-version":[{"id":1162,"href":"https:\/\/cieh-chre.org\/porajmosusrbiji\/wp-json\/wp\/v2\/pages\/845\/revisions\/1162"}],"wp:attachment":[{"href":"https:\/\/cieh-chre.org\/porajmosusrbiji\/wp-json\/wp\/v2\/media?parent=845"}],"curies":[{"name":"wp","href":"https:\/\/api.w.org\/{rel}","templated":true}]}}